{"id":254866,"date":"2020-12-03T12:16:15","date_gmt":"2020-12-03T11:16:15","guid":{"rendered":"https:\/\/www.cufmilano.com\/made-in-italy\/"},"modified":"2022-10-21T18:25:37","modified_gmt":"2022-10-21T16:25:37","slug":"made-in-italy","status":"publish","type":"page","link":"https:\/\/www.cufmilano.com\/fr\/made-in-italy\/","title":{"rendered":"Made in Italy"},"content":{"rendered":"<p>[et_pb_section fb_built=\u00a0\u00bb1&Prime; admin_label=\u00a0\u00bbHero\u00a0\u00bb _builder_version=\u00a0\u00bb4.16&Prime; use_background_color_gradient=\u00a0\u00bbon\u00a0\u00bb background_color_gradient_direction=\u00a0\u00bb360deg\u00a0\u00bb background_color_gradient_stops=\u00a0\u00bbrgba(0,0,0,0) 0%|rgba(0,0,0,0) 100%\u00a0\u00bb background_color_gradient_overlays_image=\u00a0\u00bbon\u00a0\u00bb background_color_gradient_start=\u00a0\u00bbrgba(0,0,0,0)\u00a0\u00bb background_color_gradient_end=\u00a0\u00bbrgba(0,0,0,0)\u00a0\u00bb background_image=\u00a0\u00bbhttps:\/\/www.cufmilano.com\/wp-content\/uploads\/2020\/12\/made-in-italy.jpg\u00a0\u00bb height=\u00a0\u00bb75vh\u00a0\u00bb custom_margin=\u00a0\u00bb0px||||false|false\u00a0\u00bb custom_padding=\u00a0\u00bb15vh|||10vw|false|false\u00a0\u00bb global_colors_info=\u00a0\u00bb{}\u00a0\u00bb][et_pb_row use_custom_gutter=\u00a0\u00bbon\u00a0\u00bb gutter_width=\u00a0\u00bb1&Prime; module_class=\u00a0\u00bb et_pb_row_fullwidth\u00a0\u00bb _builder_version=\u00a0\u00bb4.16&Prime; width=\u00a0\u00bb100%\u00a0\u00bb width_tablet=\u00a0\u00bb100%\u00a0\u00bb width_phone=\u00a0\u00bb\u00a0\u00bb width_last_edited=\u00a0\u00bbon|desktop\u00a0\u00bb max_width=\u00a0\u00bb100%\u00a0\u00bb max_width_tablet=\u00a0\u00bb100%\u00a0\u00bb max_width_phone=\u00a0\u00bb\u00a0\u00bb max_width_last_edited=\u00a0\u00bbon|desktop\u00a0\u00bb custom_margin=\u00a0\u00bb|||\u00a0\u00bb custom_padding=\u00a0\u00bb|||\u00a0\u00bb make_fullwidth=\u00a0\u00bbon\u00a0\u00bb global_colors_info=\u00a0\u00bb{}\u00a0\u00bb][et_pb_column type=\u00a0\u00bb4_4&Prime; _builder_version=\u00a0\u00bb4.16&Prime; background_position=\u00a0\u00bbtop_left\u00a0\u00bb custom_padding=\u00a0\u00bb|||\u00a0\u00bb global_colors_info=\u00a0\u00bb{}\u00a0\u00bb custom_padding__hover=\u00a0\u00bb|||\u00a0\u00bb][et_pb_text admin_label=\u00a0\u00bbHero Title\u00a0\u00bb _builder_version=\u00a0\u00bb4.18.0&Prime; text_font=\u00a0\u00bb||||\u00a0\u00bb text_text_color=\u00a0\u00bb#1a1a1a\u00a0\u00bb header_font=\u00a0\u00bbOswald|on||on|\u00a0\u00bb header_text_align=\u00a0\u00bbleft\u00a0\u00bb header_font_size=\u00a0\u00bb60px\u00a0\u00bb header_line_height=\u00a0\u00bb1.3em\u00a0\u00bb header_2_font=\u00a0\u00bbLimelight||||||||\u00a0\u00bb header_2_font_size=\u00a0\u00bb80px\u00a0\u00bb header_2_letter_spacing=\u00a0\u00bb-4px\u00a0\u00bb header_3_font_size=\u00a0\u00bb30px\u00a0\u00bb background_layout=\u00a0\u00bbdark\u00a0\u00bb custom_margin=\u00a0\u00bb0px||0px||false|false\u00a0\u00bb custom_padding=\u00a0\u00bb0px|0px|0px|0px|false|false\u00a0\u00bb animation_style=\u00a0\u00bbslide\u00a0\u00bb animation_direction=\u00a0\u00bbtop\u00a0\u00bb animation_intensity_slide=\u00a0\u00bb10%\u00a0\u00bb hover_enabled=\u00a0\u00bb0&Prime; locked=\u00a0\u00bboff\u00a0\u00bb global_colors_info=\u00a0\u00bb{}\u00a0\u00bb sticky_enabled=\u00a0\u00bb0&Prime;]<\/p>\n<h2>Made in Italy<\/h2>\n<h3>Un choix d\u2019histoire et de qualit\u00e9<\/h3>\n<p>[\/et_pb_text][\/et_pb_column][\/et_pb_row][\/et_pb_section][et_pb_section fb_built=\u00a0\u00bb1&Prime; _builder_version=\u00a0\u00bb4.16&Prime; module_alignment=\u00a0\u00bbcenter\u00a0\u00bb custom_padding=\u00a0\u00bb4vw||2vw||false|false\u00a0\u00bb global_colors_info=\u00a0\u00bb{}\u00a0\u00bb][et_pb_row _builder_version=\u00a0\u00bb4.16&Prime; custom_margin=\u00a0\u00bb||0px||false|false\u00a0\u00bb custom_padding=\u00a0\u00bb||0px||false|false\u00a0\u00bb locked=\u00a0\u00bboff\u00a0\u00bb global_colors_info=\u00a0\u00bb{}\u00a0\u00bb][et_pb_column type=\u00a0\u00bb4_4&Prime; _builder_version=\u00a0\u00bb4.16&Prime; custom_padding=\u00a0\u00bb|||\u00a0\u00bb global_colors_info=\u00a0\u00bb{}\u00a0\u00bb custom_padding__hover=\u00a0\u00bb|||\u00a0\u00bb][et_pb_text admin_label=\u00a0\u00bbTitle\u00a0\u00bb _builder_version=\u00a0\u00bb4.18.0&Prime; text_font=\u00a0\u00bb||||\u00a0\u00bb text_text_color=\u00a0\u00bb#1a1a1a\u00a0\u00bb header_font=\u00a0\u00bb|700|||||||\u00a0\u00bb header_text_align=\u00a0\u00bbleft\u00a0\u00bb header_font_size=\u00a0\u00bb50px\u00a0\u00bb header_line_height=\u00a0\u00bb1.3em\u00a0\u00bb header_2_font=\u00a0\u00bb|700|||||||\u00a0\u00bb header_2_text_align=\u00a0\u00bbcenter\u00a0\u00bb header_2_font_size=\u00a0\u00bb50px\u00a0\u00bb header_2_line_height=\u00a0\u00bb1.3em\u00a0\u00bb custom_margin=\u00a0\u00bb0px||0px||false|false\u00a0\u00bb custom_padding=\u00a0\u00bb0px||0px||false|false\u00a0\u00bb animation_style=\u00a0\u00bbslide\u00a0\u00bb animation_direction=\u00a0\u00bbtop\u00a0\u00bb animation_intensity_slide=\u00a0\u00bb10%\u00a0\u00bb hover_enabled=\u00a0\u00bb0&Prime; locked=\u00a0\u00bboff\u00a0\u00bb global_colors_info=\u00a0\u00bb{}\u00a0\u00bb sticky_enabled=\u00a0\u00bb0&Prime;]<\/p>\n<h2>Pourquoi choisir un produit Made in Italy ?<\/h2>\n<p>[\/et_pb_text][et_pb_divider color=\u00a0\u00bb#ed4441&Prime; divider_position=\u00a0\u00bbcenter\u00a0\u00bb divider_weight=\u00a0\u00bb1px\u00a0\u00bb disabled_on=\u00a0\u00bbon|on|off%22&Prime; _builder_version=\u00a0\u00bb4.16&Prime; max_width=\u00a0\u00bb150px\u00a0\u00bb module_alignment=\u00a0\u00bbcenter\u00a0\u00bb height=\u00a0\u00bbfalse\u00a0\u00bb custom_margin=\u00a0\u00bb0px||0px||false|false\u00a0\u00bb custom_padding=\u00a0\u00bb0px||0px||false|false\u00a0\u00bb animation_style=\u00a0\u00bbslide\u00a0\u00bb animation_direction=\u00a0\u00bbtop\u00a0\u00bb animation_delay=\u00a0\u00bb100ms\u00a0\u00bb animation_intensity_slide=\u00a0\u00bb10%\u00a0\u00bb locked=\u00a0\u00bboff\u00a0\u00bb global_colors_info=\u00a0\u00bb{}\u00a0\u00bb][\/et_pb_divider][\/et_pb_column][\/et_pb_row][et_pb_row _builder_version=\u00a0\u00bb4.16&Prime; max_width=\u00a0\u00bb980px\u00a0\u00bb custom_margin=\u00a0\u00bb||0px||false|false\u00a0\u00bb custom_padding=\u00a0\u00bb||0px||false|false\u00a0\u00bb global_colors_info=\u00a0\u00bb{}\u00a0\u00bb][et_pb_column type=\u00a0\u00bb4_4&Prime; _builder_version=\u00a0\u00bb4.16&Prime; custom_padding=\u00a0\u00bb|||\u00a0\u00bb global_colors_info=\u00a0\u00bb{}\u00a0\u00bb custom_padding__hover=\u00a0\u00bb|||\u00a0\u00bb][et_pb_image src=\u00a0\u00bbhttps:\/\/www.cufmilano.com\/wp-content\/uploads\/2020\/12\/made-in-italy-certificato.jpg\u00a0\u00bb alt=\u00a0\u00bbCUF Milano Made in Italy\u00a0\u00bb title_text=\u00a0\u00bbCUF Milano Made in Italy\u00a0\u00bb align=\u00a0\u00bbcenter\u00a0\u00bb _builder_version=\u00a0\u00bb4.16&Prime; _module_preset=\u00a0\u00bbdefault\u00a0\u00bb transform_scale=\u00a0\u00bb90%|90%\u00a0\u00bb custom_margin=\u00a0\u00bb||||false|false\u00a0\u00bb global_colors_info=\u00a0\u00bb{}\u00a0\u00bb][\/et_pb_image][\/et_pb_column][\/et_pb_row][\/et_pb_section][et_pb_section fb_built=\u00a0\u00bb1&Prime; _builder_version=\u00a0\u00bb4.16&Prime; parallax=\u00a0\u00bbon\u00a0\u00bb custom_margin=\u00a0\u00bb||0px||false|false\u00a0\u00bb custom_padding=\u00a0\u00bb0px||0px||false|false\u00a0\u00bb global_colors_info=\u00a0\u00bb{}\u00a0\u00bb][et_pb_row custom_padding_last_edited=\u00a0\u00bbon|desktop\u00a0\u00bb _builder_version=\u00a0\u00bb4.16&Prime; background_enable_color=\u00a0\u00bboff\u00a0\u00bb custom_padding=\u00a0\u00bb0px|60px|7vw|60px|false|true\u00a0\u00bb custom_padding_tablet=\u00a0\u00bb|40px||40px|true|true\u00a0\u00bb custom_padding_phone=\u00a0\u00bb40px|20px|40px|20px|true|true\u00a0\u00bb locked=\u00a0\u00bboff\u00a0\u00bb global_colors_info=\u00a0\u00bb{}\u00a0\u00bb][et_pb_column type=\u00a0\u00bb4_4&Prime; _builder_version=\u00a0\u00bb4.16&Prime; global_colors_info=\u00a0\u00bb{}\u00a0\u00bb][et_pb_text admin_label=\u00a0\u00bbLook Inside Sub Title\u00a0\u00bb _builder_version=\u00a0\u00bb4.18.0&Prime; text_font=\u00a0\u00bb||||||||\u00a0\u00bb text_text_color=\u00a0\u00bb#666666&Prime; text_line_height=\u00a0\u00bb2em\u00a0\u00bb header_3_font=\u00a0\u00bb|600|||||||\u00a0\u00bb header_3_font_size=\u00a0\u00bb20px\u00a0\u00bb header_3_line_height=\u00a0\u00bb1.5em\u00a0\u00bb background_size=\u00a0\u00bbinitial\u00a0\u00bb background_position=\u00a0\u00bbtop_left\u00a0\u00bb background_repeat=\u00a0\u00bbrepeat\u00a0\u00bb module_alignment=\u00a0\u00bbright\u00a0\u00bb custom_margin=\u00a0\u00bb||5px||false|false\u00a0\u00bb custom_padding=\u00a0\u00bb20px||0px||false|false\u00a0\u00bb animation_style=\u00a0\u00bbslide\u00a0\u00bb animation_direction=\u00a0\u00bbtop\u00a0\u00bb animation_delay=\u00a0\u00bb200ms\u00a0\u00bb animation_intensity_slide=\u00a0\u00bb10%\u00a0\u00bb hover_enabled=\u00a0\u00bb0&Prime; locked=\u00a0\u00bboff\u00a0\u00bb global_colors_info=\u00a0\u00bb{}\u00a0\u00bb sticky_enabled=\u00a0\u00bb0&Prime;]<\/p>\n<h3>1. Certifications structurelles.<\/h3>\n<p>La plupart de nos meubles sont certifi\u00e9s par CATAS selon les derni\u00e8res r\u00e9glementations UNI en mati\u00e8re de s\u00e9curit\u00e9, de stabilit\u00e9 et de solidit\u00e9. Vous pouvez t\u00e9l\u00e9charger les certifications dans <a href=\"https:\/\/www.cufmilano.com\/fr\/download-product-certifications-fr\/\" target=\"_blank\" rel=\"noopener\">l\u2019espace r\u00e9serv\u00e9.<\/a><\/p>\n<p>[\/et_pb_text][et_pb_text admin_label=\u00a0\u00bbLook Inside Sub Title\u00a0\u00bb _builder_version=\u00a0\u00bb4.18.0&Prime; text_font=\u00a0\u00bb||||||||\u00a0\u00bb text_text_color=\u00a0\u00bb#666666&Prime; text_line_height=\u00a0\u00bb2em\u00a0\u00bb header_3_font=\u00a0\u00bb|600|||||||\u00a0\u00bb header_3_font_size=\u00a0\u00bb20px\u00a0\u00bb header_3_line_height=\u00a0\u00bb1.5em\u00a0\u00bb background_size=\u00a0\u00bbinitial\u00a0\u00bb background_position=\u00a0\u00bbtop_left\u00a0\u00bb background_repeat=\u00a0\u00bbrepeat\u00a0\u00bb module_alignment=\u00a0\u00bbright\u00a0\u00bb custom_margin=\u00a0\u00bb||5px||false|false\u00a0\u00bb custom_padding=\u00a0\u00bb30px||0px||false|false\u00a0\u00bb animation_style=\u00a0\u00bbslide\u00a0\u00bb animation_direction=\u00a0\u00bbtop\u00a0\u00bb animation_delay=\u00a0\u00bb200ms\u00a0\u00bb animation_intensity_slide=\u00a0\u00bb10%\u00a0\u00bb hover_enabled=\u00a0\u00bb0&Prime; locked=\u00a0\u00bboff\u00a0\u00bb global_colors_info=\u00a0\u00bb{}\u00a0\u00bb sticky_enabled=\u00a0\u00bb0&Prime;]<\/p>\n<h3>2. Certifications environnementales.\u00a0<\/h3>\n<p>Les panneaux que nous utilisons pour la construction de nos meubles poss\u00e8dent les certifications environnementales FSC, PEFC, ainsi que la certification E1 pour les faibles \u00e9missions de formald\u00e9hyde.<br \/>Les si\u00e8ges peuvent \u00eatre r\u00e9alis\u00e9s avec des tissus ignifuges, avec certification de r\u00e9action au feu de classe 1. De plus, de nombreux si\u00e8ges ont un certificat suppl\u00e9mentaire de classe 1IM, issu par le minist\u00e8re de l&rsquo;Int\u00e9rieur.<\/p>\n<p>[\/et_pb_text][et_pb_text admin_label=\u00a0\u00bbLook Inside Sub Title\u00a0\u00bb _builder_version=\u00a0\u00bb4.18.0&Prime; text_font=\u00a0\u00bb||||||||\u00a0\u00bb text_text_color=\u00a0\u00bb#666666&Prime; text_line_height=\u00a0\u00bb2em\u00a0\u00bb header_3_font=\u00a0\u00bb|600|||||||\u00a0\u00bb header_3_font_size=\u00a0\u00bb20px\u00a0\u00bb header_3_line_height=\u00a0\u00bb1.5em\u00a0\u00bb background_size=\u00a0\u00bbinitial\u00a0\u00bb background_position=\u00a0\u00bbtop_left\u00a0\u00bb background_repeat=\u00a0\u00bbrepeat\u00a0\u00bb module_alignment=\u00a0\u00bbright\u00a0\u00bb custom_margin=\u00a0\u00bb||5px||false|false\u00a0\u00bb custom_padding=\u00a0\u00bb30px||0px||false|false\u00a0\u00bb animation_style=\u00a0\u00bbslide\u00a0\u00bb animation_direction=\u00a0\u00bbtop\u00a0\u00bb animation_delay=\u00a0\u00bb200ms\u00a0\u00bb animation_intensity_slide=\u00a0\u00bb10%\u00a0\u00bb hover_enabled=\u00a0\u00bb0&Prime; locked=\u00a0\u00bboff\u00a0\u00bb global_colors_info=\u00a0\u00bb{}\u00a0\u00bb sticky_enabled=\u00a0\u00bb0&Prime;]<\/p>\n<h3>3. Le design.<\/h3>\n<p>Nos produits sont con\u00e7us et dessin\u00e9s par un Bureau d&rsquo;Etudes interne et un Bureau Interne de Recherche &amp; D\u00e9veloppement, compos\u00e9 de 3 designers d\u00e9di\u00e9s \u00e0 la cr\u00e9ation de nouvelles lignes et d&rsquo;un designer d\u00e9di\u00e9 \u00e0 la conception de mobilier sur-mesure.<br \/>La conception de mobilier de bureau est une excellence enti\u00e8rement italienne, et inclu non seulement l&rsquo;aspect esth\u00e9tique des produits et des projets, mais aussi la composition technique des \u00e9l\u00e9ments structurels, de la plus haute qualit\u00e9 et technologie.<\/p>\n<p>[\/et_pb_text][et_pb_text admin_label=\u00a0\u00bbLook Inside Sub Title\u00a0\u00bb _builder_version=\u00a0\u00bb4.18.0&Prime; text_font=\u00a0\u00bb||||||||\u00a0\u00bb text_text_color=\u00a0\u00bb#666666&Prime; text_line_height=\u00a0\u00bb2em\u00a0\u00bb header_3_font=\u00a0\u00bb|600|||||||\u00a0\u00bb header_3_font_size=\u00a0\u00bb20px\u00a0\u00bb header_3_line_height=\u00a0\u00bb1.5em\u00a0\u00bb background_size=\u00a0\u00bbinitial\u00a0\u00bb background_position=\u00a0\u00bbtop_left\u00a0\u00bb background_repeat=\u00a0\u00bbrepeat\u00a0\u00bb module_alignment=\u00a0\u00bbright\u00a0\u00bb custom_margin=\u00a0\u00bb||5px||false|false\u00a0\u00bb custom_padding=\u00a0\u00bb30px||0px||false|false\u00a0\u00bb animation_style=\u00a0\u00bbslide\u00a0\u00bb animation_direction=\u00a0\u00bbtop\u00a0\u00bb animation_delay=\u00a0\u00bb200ms\u00a0\u00bb animation_intensity_slide=\u00a0\u00bb10%\u00a0\u00bb hover_enabled=\u00a0\u00bb0&Prime; locked=\u00a0\u00bboff\u00a0\u00bb global_colors_info=\u00a0\u00bb{}\u00a0\u00bb sticky_enabled=\u00a0\u00bb0&Prime;]<\/p>\n<h3>4. Le prix. .<\/h3>\n<p>On pense qu&rsquo;un produit Made in Italy co\u00fbte plus cher qu&rsquo;un produit import\u00e9.<br \/>Cela n&rsquo;est pas vrai: avec les m\u00eames caract\u00e9ristiques techniques, le produit italien a le m\u00eame prix, voire un prix inf\u00e9rieur, \u00e0 celui import\u00e9.<br \/>En effet, ces derni\u00e8res ann\u00e9es, le dollar a gagn\u00e9 du terrain par rapport \u00e0 l&rsquo;euro, en annulant progressivement l&rsquo;avantage \u00e9conomique qu&rsquo;il garantissait aux achats effectu\u00e9s en dollars.<\/p>\n<p>[\/et_pb_text][et_pb_text admin_label=\u00a0\u00bbLook Inside Sub Title\u00a0\u00bb _builder_version=\u00a0\u00bb4.18.0&Prime; text_font=\u00a0\u00bb||||||||\u00a0\u00bb text_text_color=\u00a0\u00bb#666666&Prime; text_line_height=\u00a0\u00bb2em\u00a0\u00bb header_3_font=\u00a0\u00bb|600|||||||\u00a0\u00bb header_3_font_size=\u00a0\u00bb20px\u00a0\u00bb header_3_line_height=\u00a0\u00bb1.5em\u00a0\u00bb background_size=\u00a0\u00bbinitial\u00a0\u00bb background_position=\u00a0\u00bbtop_left\u00a0\u00bb background_repeat=\u00a0\u00bbrepeat\u00a0\u00bb module_alignment=\u00a0\u00bbright\u00a0\u00bb custom_margin=\u00a0\u00bb||5px||false|false\u00a0\u00bb custom_padding=\u00a0\u00bb30px||0px||false|false\u00a0\u00bb animation_style=\u00a0\u00bbslide\u00a0\u00bb animation_direction=\u00a0\u00bbtop\u00a0\u00bb animation_delay=\u00a0\u00bb200ms\u00a0\u00bb animation_intensity_slide=\u00a0\u00bb10%\u00a0\u00bb hover_enabled=\u00a0\u00bb0&Prime; locked=\u00a0\u00bboff\u00a0\u00bb global_colors_info=\u00a0\u00bb{}\u00a0\u00bb sticky_enabled=\u00a0\u00bb0&Prime;]<\/p>\n<h3>5. La garantie de continuit\u00e9 de production et de disponibilit\u00e9 des composants.<\/h3>\n<p>Centrufficio S.p.A. offre une garantie de continuit\u00e9 pour la plupart du mobilier : ainsi, dans 10 ans, vous aurez la possibilit\u00e9 d&rsquo;int\u00e9grer vos bureaux avec le m\u00eame mobilier achet\u00e9 aujourd&rsquo;hui.<br \/>De plus, si vous n\u00e9cessitez de remplacer un composant, cela peut se faire tr\u00e8s rapidement, contrairement aux meubles d\u2019importation, dont les composants \u2013 si disponibles &#8211; mettent des mois \u00e0 arriver \u00e0 destination.<\/p>\n<p>[\/et_pb_text][\/et_pb_column][\/et_pb_row][\/et_pb_section]<\/p>\n","protected":false},"excerpt":{"rendered":"<p>Made in Italy Un choix d\u2019histoire et de qualit\u00e9Pourquoi choisir un produit Made in Italy ?1. Certifications structurelles. La plupart de nos meubles sont certifi\u00e9s par CATAS selon les derni\u00e8res r\u00e9glementations UNI en mati\u00e8re de s\u00e9curit\u00e9, de stabilit\u00e9 et de solidit\u00e9. Vous pouvez t\u00e9l\u00e9charger les certifications dans l\u2019espace r\u00e9serv\u00e9.2. Certifications environnementales.\u00a0 Les panneaux que nous [&hellip;]<\/p>\n","protected":false},"author":1,"featured_media":0,"parent":0,"menu_order":0,"comment_status":"closed","ping_status":"closed","template":"","meta":{"_et_pb_use_builder":"on","_et_pb_old_content":"","_et_gb_content_width":"","footnotes":""},"class_list":["post-254866","page","type-page","status-publish","hentry"],"yoast_head":"<!-- This site is optimized with the Yoast SEO plugin v27.4 - https:\/\/yoast.com\/product\/yoast-seo-wordpress\/ -->\n<title>Production Made in Italy | CUF Milano<\/title>\n<meta name=\"description\" content=\"Why choose a Made in Italy product? Certifications, design, ergonomics, warranty and price are the elements that characterize the products by CUF Milano.\" \/>\n<meta name=\"robots\" content=\"index, follow, max-snippet:-1, max-image-preview:large, max-video-preview:-1\" \/>\n<link rel=\"canonical\" href=\"https:\/\/www.cufmilano.com\/fr\/made-in-italy\/\" \/>\n<meta property=\"og:locale\" content=\"fr_FR\" \/>\n<meta property=\"og:type\" content=\"article\" \/>\n<meta property=\"og:title\" content=\"Production Made in Italy | CUF Milano\" \/>\n<meta property=\"og:description\" content=\"Why choose a Made in Italy product? Certifications, design, ergonomics, warranty and price are the elements that characterize the products by CUF Milano.\" \/>\n<meta property=\"og:url\" content=\"https:\/\/www.cufmilano.com\/fr\/made-in-italy\/\" \/>\n<meta property=\"og:site_name\" content=\"CUF Milano | Furnishing and Design Office Furniture\" \/>\n<meta property=\"article:modified_time\" content=\"2022-10-21T16:25:37+00:00\" \/>\n<meta name=\"twitter:card\" content=\"summary_large_image\" \/>\n<meta name=\"twitter:label1\" content=\"Dur\u00e9e de lecture estim\u00e9e\" \/>\n\t<meta name=\"twitter:data1\" content=\"4 minutes\" \/>\n<script type=\"application\/ld+json\" class=\"yoast-schema-graph\">{\"@context\":\"https:\\\/\\\/schema.org\",\"@graph\":[{\"@type\":\"WebPage\",\"@id\":\"https:\\\/\\\/www.cufmilano.com\\\/fr\\\/made-in-italy\\\/\",\"url\":\"https:\\\/\\\/www.cufmilano.com\\\/fr\\\/made-in-italy\\\/\",\"name\":\"Production Made in Italy | CUF Milano\",\"isPartOf\":{\"@id\":\"https:\\\/\\\/www.cufmilano.com\\\/fr\\\/#website\"},\"datePublished\":\"2020-12-03T11:16:15+00:00\",\"dateModified\":\"2022-10-21T16:25:37+00:00\",\"description\":\"Why choose a Made in Italy product? Certifications, design, ergonomics, warranty and price are the elements that characterize the products by CUF Milano.\",\"breadcrumb\":{\"@id\":\"https:\\\/\\\/www.cufmilano.com\\\/fr\\\/made-in-italy\\\/#breadcrumb\"},\"inLanguage\":\"fr-FR\",\"potentialAction\":[{\"@type\":\"ReadAction\",\"target\":[\"https:\\\/\\\/www.cufmilano.com\\\/fr\\\/made-in-italy\\\/\"]}]},{\"@type\":\"BreadcrumbList\",\"@id\":\"https:\\\/\\\/www.cufmilano.com\\\/fr\\\/made-in-italy\\\/#breadcrumb\",\"itemListElement\":[{\"@type\":\"ListItem\",\"position\":1,\"name\":\"Home\",\"item\":\"https:\\\/\\\/www.cufmilano.com\\\/fr\\\/\"},{\"@type\":\"ListItem\",\"position\":2,\"name\":\"Made in Italy\"}]},{\"@type\":\"WebSite\",\"@id\":\"https:\\\/\\\/www.cufmilano.com\\\/fr\\\/#website\",\"url\":\"https:\\\/\\\/www.cufmilano.com\\\/fr\\\/\",\"name\":\"CUF Milano | Furnishing and Design Office Furniture\",\"description\":\"CUF Milano is specialized in the sale and production of design office furniture, chairs, armchairs, cabinets and partitions.\",\"potentialAction\":[{\"@type\":\"SearchAction\",\"target\":{\"@type\":\"EntryPoint\",\"urlTemplate\":\"https:\\\/\\\/www.cufmilano.com\\\/fr\\\/?s={search_term_string}\"},\"query-input\":{\"@type\":\"PropertyValueSpecification\",\"valueRequired\":true,\"valueName\":\"search_term_string\"}}],\"inLanguage\":\"fr-FR\"}]}<\/script>\n<!-- \/ Yoast SEO plugin. -->","yoast_head_json":{"title":"Production Made in Italy | CUF Milano","description":"Why choose a Made in Italy product? Certifications, design, ergonomics, warranty and price are the elements that characterize the products by CUF Milano.","robots":{"index":"index","follow":"follow","max-snippet":"max-snippet:-1","max-image-preview":"max-image-preview:large","max-video-preview":"max-video-preview:-1"},"canonical":"https:\/\/www.cufmilano.com\/fr\/made-in-italy\/","og_locale":"fr_FR","og_type":"article","og_title":"Production Made in Italy | CUF Milano","og_description":"Why choose a Made in Italy product? Certifications, design, ergonomics, warranty and price are the elements that characterize the products by CUF Milano.","og_url":"https:\/\/www.cufmilano.com\/fr\/made-in-italy\/","og_site_name":"CUF Milano | Furnishing and Design Office Furniture","article_modified_time":"2022-10-21T16:25:37+00:00","twitter_card":"summary_large_image","twitter_misc":{"Dur\u00e9e de lecture estim\u00e9e":"4 minutes"},"schema":{"@context":"https:\/\/schema.org","@graph":[{"@type":"WebPage","@id":"https:\/\/www.cufmilano.com\/fr\/made-in-italy\/","url":"https:\/\/www.cufmilano.com\/fr\/made-in-italy\/","name":"Production Made in Italy | CUF Milano","isPartOf":{"@id":"https:\/\/www.cufmilano.com\/fr\/#website"},"datePublished":"2020-12-03T11:16:15+00:00","dateModified":"2022-10-21T16:25:37+00:00","description":"Why choose a Made in Italy product? Certifications, design, ergonomics, warranty and price are the elements that characterize the products by CUF Milano.","breadcrumb":{"@id":"https:\/\/www.cufmilano.com\/fr\/made-in-italy\/#breadcrumb"},"inLanguage":"fr-FR","potentialAction":[{"@type":"ReadAction","target":["https:\/\/www.cufmilano.com\/fr\/made-in-italy\/"]}]},{"@type":"BreadcrumbList","@id":"https:\/\/www.cufmilano.com\/fr\/made-in-italy\/#breadcrumb","itemListElement":[{"@type":"ListItem","position":1,"name":"Home","item":"https:\/\/www.cufmilano.com\/fr\/"},{"@type":"ListItem","position":2,"name":"Made in Italy"}]},{"@type":"WebSite","@id":"https:\/\/www.cufmilano.com\/fr\/#website","url":"https:\/\/www.cufmilano.com\/fr\/","name":"CUF Milano | Furnishing and Design Office Furniture","description":"CUF Milano is specialized in the sale and production of design office furniture, chairs, armchairs, cabinets and partitions.","potentialAction":[{"@type":"SearchAction","target":{"@type":"EntryPoint","urlTemplate":"https:\/\/www.cufmilano.com\/fr\/?s={search_term_string}"},"query-input":{"@type":"PropertyValueSpecification","valueRequired":true,"valueName":"search_term_string"}}],"inLanguage":"fr-FR"}]}},"_links":{"self":[{"href":"https:\/\/www.cufmilano.com\/fr\/wp-json\/wp\/v2\/pages\/254866","targetHints":{"allow":["GET"]}}],"collection":[{"href":"https:\/\/www.cufmilano.com\/fr\/wp-json\/wp\/v2\/pages"}],"about":[{"href":"https:\/\/www.cufmilano.com\/fr\/wp-json\/wp\/v2\/types\/page"}],"author":[{"embeddable":true,"href":"https:\/\/www.cufmilano.com\/fr\/wp-json\/wp\/v2\/users\/1"}],"replies":[{"embeddable":true,"href":"https:\/\/www.cufmilano.com\/fr\/wp-json\/wp\/v2\/comments?post=254866"}],"version-history":[{"count":0,"href":"https:\/\/www.cufmilano.com\/fr\/wp-json\/wp\/v2\/pages\/254866\/revisions"}],"wp:attachment":[{"href":"https:\/\/www.cufmilano.com\/fr\/wp-json\/wp\/v2\/media?parent=254866"}],"curies":[{"name":"wp","href":"https:\/\/api.w.org\/{rel}","templated":true}]}}