{"id":257693,"date":"2021-07-10T23:20:07","date_gmt":"2021-07-10T21:20:07","guid":{"rendered":"https:\/\/www.cufmilano.com\/prodotto\/ennepi\/"},"modified":"2024-01-30T10:49:55","modified_gmt":"2024-01-30T09:49:55","slug":"ennepi","status":"publish","type":"product","link":"https:\/\/www.cufmilano.com\/fr\/produit\/ennepi\/","title":{"rendered":"Ennepi"},"content":{"rendered":"<p>[et_pb_section fb_built=\u00a0\u00bb1&Prime; admin_label=\u00a0\u00bbSezione briciole di pane\u00a0\u00bb _builder_version=\u00a0\u00bb4.16&Prime; use_background_color_gradient=\u00a0\u00bbon\u00a0\u00bb background_color_gradient_direction=\u00a0\u00bb90deg\u00a0\u00bb background_color_gradient_stops=\u00a0\u00bb#ffffff 77%|#a4a4a4 77%\u00a0\u00bb background_color_gradient_start=\u00a0\u00bb#ffffff\u00a0\u00bb background_color_gradient_start_position=\u00a0\u00bb77%\u00a0\u00bb background_color_gradient_end=\u00a0\u00bb#a4a4a4&Prime; background_color_gradient_end_position=\u00a0\u00bb77%\u00a0\u00bb max_height=\u00a0\u00bb201px\u00a0\u00bb custom_padding=\u00a0\u00bb0px||0px|||\u00a0\u00bb global_module=\u00a0\u00bb230691&Prime; saved_tabs=\u00a0\u00bball\u00a0\u00bb locked=\u00a0\u00bboff\u00a0\u00bb global_colors_info=\u00a0\u00bb{}\u00a0\u00bb][et_pb_row column_structure=\u00a0\u00bb3_5,2_5&Prime; _builder_version=\u00a0\u00bb4.16&Prime; background_color=\u00a0\u00bb#a4a4a4&Prime; width_tablet=\u00a0\u00bb90%\u00a0\u00bb width_phone=\u00a0\u00bb\u00a0\u00bb width_last_edited=\u00a0\u00bbon|tablet\u00a0\u00bb module_alignment=\u00a0\u00bbcenter\u00a0\u00bb max_height=\u00a0\u00bb40px\u00a0\u00bb max_height_tablet=\u00a0\u00bb\u00a0\u00bb max_height_phone=\u00a0\u00bb\u00a0\u00bb max_height_last_edited=\u00a0\u00bbon|desktop\u00a0\u00bb custom_padding=\u00a0\u00bb0px||0px|16px|true|false\u00a0\u00bb animation_style=\u00a0\u00bbslide\u00a0\u00bb animation_direction=\u00a0\u00bbright\u00a0\u00bb animation_duration=\u00a0\u00bb700ms\u00a0\u00bb animation_starting_opacity=\u00a0\u00bb100%\u00a0\u00bb global_colors_info=\u00a0\u00bb{}\u00a0\u00bb][et_pb_column type=\u00a0\u00bb3_5&Prime; _builder_version=\u00a0\u00bb4.16&Prime; custom_css_main_element=\u00a0\u00bbmargin-bottom: 0;\u00a0\u00bb global_colors_info=\u00a0\u00bb{}\u00a0\u00bb][et_pb_wc_breadcrumb admin_label=\u00a0\u00bbWoo Briciole di Pane\u00a0\u00bb _builder_version=\u00a0\u00bb4.16&Prime; body_font=\u00a0\u00bbJosefin Sans||||||||\u00a0\u00bb body_text_color=\u00a0\u00bb#ffffff\u00a0\u00bb body_font_size=\u00a0\u00bb14px\u00a0\u00bb body_line_height=\u00a0\u00bb40px\u00a0\u00bb height=\u00a0\u00bb40px\u00a0\u00bb custom_margin=\u00a0\u00bb0em|0em|0px||false|false\u00a0\u00bb locked=\u00a0\u00bboff\u00a0\u00bb global_colors_info=\u00a0\u00bb{}\u00a0\u00bb][\/et_pb_wc_breadcrumb][\/et_pb_column][et_pb_column type=\u00a0\u00bb2_5&Prime; _builder_version=\u00a0\u00bb4.16&Prime; global_colors_info=\u00a0\u00bb{}\u00a0\u00bb][\/et_pb_column][\/et_pb_row][\/et_pb_section][et_pb_section fb_built=\u00a0\u00bb1&Prime; admin_label=\u00a0\u00bbImmagine principale tutta pagina\u00a0\u00bb _builder_version=\u00a0\u00bb4.16&Prime; _dynamic_attributes=\u00a0\u00bbbackground_image\u00a0\u00bb use_background_color_gradient=\u00a0\u00bbon\u00a0\u00bb background_color_gradient_direction=\u00a0\u00bb90deg\u00a0\u00bb background_color_gradient_stops=\u00a0\u00bbrgba(0,0,0,0.41) 0%|rgba(197,192,188,0) 100%\u00a0\u00bb background_color_gradient_overlays_image=\u00a0\u00bbon\u00a0\u00bb background_color_gradient_start=\u00a0\u00bbrgba(0,0,0,0.41)\u00a0\u00bb background_color_gradient_end=\u00a0\u00bbrgba(197,192,188,0)\u00a0\u00bb background_image=\u00a0\u00bb@ET-DC@eyJkeW5hbWljIjp0cnVlLCJjb250ZW50IjoicG9zdF9mZWF0dXJlZF9pbWFnZSIsInNldHRpbmdzIjp7fX0=@\u00a0\u00bb custom_padding=\u00a0\u00bb8vw||0px||false|false\u00a0\u00bb background_last_edited=\u00a0\u00bbon|desktop\u00a0\u00bb use_background_color_gradient_tablet=\u00a0\u00bbon\u00a0\u00bb background_color_gradient_stops_tablet=\u00a0\u00bbrgba(0,0,0,0.41) 0%|rgba(197,192,188,0) 100%\u00a0\u00bb background_color_gradient_stops_phone=\u00a0\u00bbrgba(0,0,0,0.41) 0%|rgba(197,192,188,0) 100%\u00a0\u00bb background_color_gradient_overlays_image_tablet=\u00a0\u00bbon\u00a0\u00bb background_color_gradient_start_tablet=\u00a0\u00bbrgba(0,0,0,0.41)\u00a0\u00bb background_color_gradient_end_tablet=\u00a0\u00bbrgba(197,192,188,0)\u00a0\u00bb parallax_tablet=\u00a0\u00bboff\u00a0\u00bb global_module=\u00a0\u00bb232518&Prime; saved_tabs=\u00a0\u00bball\u00a0\u00bb locked=\u00a0\u00bboff\u00a0\u00bb global_colors_info=\u00a0\u00bb{}\u00a0\u00bb background_color_gradient_start_tablet_preview_tablet=\u00a0\u00bb#c5c0bc\u00a0\u00bb background_color_gradient_end_tablet_preview_tablet=\u00a0\u00bb#c5c0bc\u00a0\u00bb][et_pb_row column_structure=\u00a0\u00bb3_5,2_5&Prime; _builder_version=\u00a0\u00bb4.16&Prime; custom_padding=\u00a0\u00bb||9vw||false|false\u00a0\u00bb global_colors_info=\u00a0\u00bb{}\u00a0\u00bb][et_pb_column type=\u00a0\u00bb3_5&Prime; _builder_version=\u00a0\u00bb4.16&Prime; global_colors_info=\u00a0\u00bb{}\u00a0\u00bb][et_pb_wc_title admin_label=\u00a0\u00bbWoo Titolo\u00a0\u00bb _builder_version=\u00a0\u00bb4.16&Prime; header_font=\u00a0\u00bb|600|||||||\u00a0\u00bb header_font_size=\u00a0\u00bb4.7vw\u00a0\u00bb header_line_height=\u00a0\u00bb0.9em\u00a0\u00bb background_layout=\u00a0\u00bbdark\u00a0\u00bb custom_margin=\u00a0\u00bb||15px|0px|false|false\u00a0\u00bb custom_padding=\u00a0\u00bb|||0px|false|false\u00a0\u00bb animation_style=\u00a0\u00bbfade\u00a0\u00bb header_text_color_tablet=\u00a0\u00bb\u00a0\u00bb header_text_color_phone=\u00a0\u00bb\u00a0\u00bb header_text_color_last_edited=\u00a0\u00bbon|desktop\u00a0\u00bb header_font_size_tablet=\u00a0\u00bb8vw\u00a0\u00bb header_font_size_phone=\u00a0\u00bb10vw\u00a0\u00bb header_font_size_last_edited=\u00a0\u00bbon|desktop\u00a0\u00bb locked=\u00a0\u00bboff\u00a0\u00bb global_colors_info=\u00a0\u00bb{}\u00a0\u00bb][\/et_pb_wc_title][et_pb_wc_description admin_label=\u00a0\u00bbWoo Descrizione breve tutta pagina\u00a0\u00bb _builder_version=\u00a0\u00bb4.16&Prime; body_font=\u00a0\u00bbJosefin Sans||||||||\u00a0\u00bb body_text_color=\u00a0\u00bb#ffffff\u00a0\u00bb body_font_size=\u00a0\u00bb15px\u00a0\u00bb body_line_height=\u00a0\u00bb2em\u00a0\u00bb background_layout=\u00a0\u00bbdark\u00a0\u00bb max_width=\u00a0\u00bb500px\u00a0\u00bb custom_margin=\u00a0\u00bb||||false|false\u00a0\u00bb custom_margin_tablet=\u00a0\u00bb0px||0px||false|false\u00a0\u00bb custom_margin_phone=\u00a0\u00bb\u00a0\u00bb custom_margin_last_edited=\u00a0\u00bbon|tablet\u00a0\u00bb custom_padding=\u00a0\u00bb0px||0px||false|false\u00a0\u00bb animation_style=\u00a0\u00bbfade\u00a0\u00bb animation_delay=\u00a0\u00bb100ms\u00a0\u00bb custom_css_main_element=\u00a0\u00bbfont-weight: 400;\u00a0\u00bb saved_tabs=\u00a0\u00bball\u00a0\u00bb global_colors_info=\u00a0\u00bb{}\u00a0\u00bb][\/et_pb_wc_description][et_pb_button button_url=\u00a0\u00bb&lt;p&gt;#footer&lt;\/p&gt;\u00a0\u00bb button_text=\u00a0\u00bb&lt;p&gt;Richiesta Informazioni&lt;\/p&gt;\u00a0\u00bb admin_label=\u00a0\u00bbPulsante Richiesta Informazioni tutta pagina\u00a0\u00bb _builder_version=\u00a0\u00bb4.16&Prime; custom_button=\u00a0\u00bbon\u00a0\u00bb button_text_size=\u00a0\u00bb13px\u00a0\u00bb button_text_color=\u00a0\u00bb#666666&Prime; button_bg_color=\u00a0\u00bb#ffffff\u00a0\u00bb button_border_width=\u00a0\u00bb1px\u00a0\u00bb button_border_color=\u00a0\u00bb#ffffff\u00a0\u00bb button_border_radius=\u00a0\u00bb0px\u00a0\u00bb button_letter_spacing=\u00a0\u00bb1px\u00a0\u00bb button_font=\u00a0\u00bb|700||on|||||\u00a0\u00bb button_icon=\u00a0\u00bb&#x33;||divi||400&Prime; custom_margin=\u00a0\u00bb||||false|false\u00a0\u00bb custom_padding=\u00a0\u00bb18px|40px|18px|40px|true|true\u00a0\u00bb animation_style=\u00a0\u00bbfade\u00a0\u00bb animation_delay=\u00a0\u00bb100ms\u00a0\u00bb locked=\u00a0\u00bboff\u00a0\u00bb global_colors_info=\u00a0\u00bb{}\u00a0\u00bb][\/et_pb_button][\/et_pb_column][et_pb_column type=\u00a0\u00bb2_5&Prime; _builder_version=\u00a0\u00bb4.16&Prime; global_colors_info=\u00a0\u00bb{}\u00a0\u00bb][\/et_pb_column][\/et_pb_row][\/et_pb_section][et_pb_section fb_built=\u00a0\u00bb1&Prime; specialty=\u00a0\u00bbon\u00a0\u00bb padding_right_1=\u00a0\u00bb0px\u00a0\u00bb padding_right_2=\u00a0\u00bb0px\u00a0\u00bb padding_left_1=\u00a0\u00bb0px\u00a0\u00bb padding_left_2=\u00a0\u00bb0px\u00a0\u00bb padding_top_bottom_link_1=\u00a0\u00bbfalse\u00a0\u00bb padding_top_bottom_link_2=\u00a0\u00bbfalse\u00a0\u00bb padding_left_right_link_1=\u00a0\u00bbfalse\u00a0\u00bb padding_left_right_link_2=\u00a0\u00bbfalse\u00a0\u00bb admin_label=\u00a0\u00bbSezione descrizione + gallery\u00a0\u00bb _builder_version=\u00a0\u00bb4.6.2&Prime; _module_preset=\u00a0\u00bbdefault\u00a0\u00bb background_enable_color=\u00a0\u00bboff\u00a0\u00bb inner_width=\u00a0\u00bb80%\u00a0\u00bb inner_max_width=\u00a0\u00bb1241px\u00a0\u00bb inner_module_alignment=\u00a0\u00bbcenter\u00a0\u00bb custom_margin=\u00a0\u00bb|0px||0px|false|false\u00a0\u00bb custom_padding=\u00a0\u00bb|0px|0px|0px|false|false\u00a0\u00bb global_module=\u00a0\u00bb232535&Prime; collapsed=\u00a0\u00bboff\u00a0\u00bb global_colors_info=\u00a0\u00bb{}\u00a0\u00bb][et_pb_column type=\u00a0\u00bb1_2&Prime; _builder_version=\u00a0\u00bb4.16&Prime; custom_padding=\u00a0\u00bb|||\u00a0\u00bb global_colors_info=\u00a0\u00bb{}\u00a0\u00bb custom_padding__hover=\u00a0\u00bb|||\u00a0\u00bb][et_pb_wc_description description_type=\u00a0\u00bbdescription\u00a0\u00bb _builder_version=\u00a0\u00bb4.16&Prime; body_font=\u00a0\u00bb||||||||\u00a0\u00bb body_line_height=\u00a0\u00bb1.8em\u00a0\u00bb text_orientation=\u00a0\u00bbjustified\u00a0\u00bb custom_margin=\u00a0\u00bb|0px||0px|false|false\u00a0\u00bb custom_padding=\u00a0\u00bb|0px||0px|false|false\u00a0\u00bb global_colors_info=\u00a0\u00bb{}\u00a0\u00bb][\/et_pb_wc_description][\/et_pb_column][et_pb_column type=\u00a0\u00bb1_2&Prime; specialty_columns=\u00a0\u00bb2&Prime; _builder_version=\u00a0\u00bb4.16&Prime; custom_padding=\u00a0\u00bb|||\u00a0\u00bb global_colors_info=\u00a0\u00bb{}\u00a0\u00bb custom_padding__hover=\u00a0\u00bb|||\u00a0\u00bb][et_pb_row_inner _builder_version=\u00a0\u00bb4.16&Prime; _module_preset=\u00a0\u00bbdefault\u00a0\u00bb custom_margin=\u00a0\u00bb||0px||false|false\u00a0\u00bb custom_padding=\u00a0\u00bb||30px||false|false\u00a0\u00bb global_colors_info=\u00a0\u00bb{}\u00a0\u00bb][et_pb_column_inner saved_specialty_column_type=\u00a0\u00bb1_2&Prime; _builder_version=\u00a0\u00bb4.16&Prime; _module_preset=\u00a0\u00bbdefault\u00a0\u00bb global_colors_info=\u00a0\u00bb{}\u00a0\u00bb][et_pb_wc_gallery _builder_version=\u00a0\u00bb4.16&Prime; module_alignment=\u00a0\u00bbcenter\u00a0\u00bb custom_margin=\u00a0\u00bb0px||0px||false|false\u00a0\u00bb auto=\u00a0\u00bbon\u00a0\u00bb global_colors_info=\u00a0\u00bb{}\u00a0\u00bb][\/et_pb_wc_gallery][\/et_pb_column_inner][\/et_pb_row_inner][et_pb_row_inner _builder_version=\u00a0\u00bb4.16&Prime; _module_preset=\u00a0\u00bbdefault\u00a0\u00bb custom_margin=\u00a0\u00bb0px||||false|false\u00a0\u00bb custom_padding=\u00a0\u00bb0px||||false|false\u00a0\u00bb global_colors_info=\u00a0\u00bb{}\u00a0\u00bb][et_pb_column_inner saved_specialty_column_type=\u00a0\u00bb1_2&Prime; _builder_version=\u00a0\u00bb4.16&Prime; _module_preset=\u00a0\u00bbdefault\u00a0\u00bb custom_css_main_element=\u00a0\u00bbdisplay: flex;\u00a0\u00bb global_colors_info=\u00a0\u00bb{}\u00a0\u00bb][et_pb_button button_url=\u00a0\u00bbhttps:\/\/www.cufmilano.com\/fr\/demander-un-devis\/\u00a0\u00bb button_text=\u00a0\u00bb&lt;p&gt;Richiesta Preventivo&lt;\/p&gt;\u00a0\u00bb admin_label=\u00a0\u00bbRichiedi preventivo\u00a0\u00bb _builder_version=\u00a0\u00bb4.16&Prime; custom_button=\u00a0\u00bbon\u00a0\u00bb button_text_size=\u00a0\u00bb13px\u00a0\u00bb button_text_color=\u00a0\u00bb#FFFFFF\u00a0\u00bb button_bg_color=\u00a0\u00bb#666666&Prime; button_border_width=\u00a0\u00bb1px\u00a0\u00bb button_border_color=\u00a0\u00bb#666666&Prime; button_border_radius=\u00a0\u00bb0px\u00a0\u00bb button_letter_spacing=\u00a0\u00bb1px\u00a0\u00bb button_font=\u00a0\u00bb|700||on|||||\u00a0\u00bb button_icon=\u00a0\u00bb&#x35;||divi||400&Prime; button_icon_color=\u00a0\u00bb#FFFFFF\u00a0\u00bb custom_margin=\u00a0\u00bb0px|20px|||false|false\u00a0\u00bb custom_padding=\u00a0\u00bb14px|31px|14px|31px|true|true\u00a0\u00bb locked=\u00a0\u00bboff\u00a0\u00bb global_colors_info=\u00a0\u00bb{}\u00a0\u00bb][\/et_pb_button][et_pb_button button_url=\u00a0\u00bb&lt;p&gt;#footer&lt;\/p&gt;\u00a0\u00bb button_text=\u00a0\u00bb&lt;p&gt;Richiesta Informazioni&lt;\/p&gt;\u00a0\u00bb admin_label=\u00a0\u00bbPulsante Richiesta Informazioni 2&Prime; _builder_version=\u00a0\u00bb4.16&Prime; custom_button=\u00a0\u00bbon\u00a0\u00bb button_text_size=\u00a0\u00bb13px\u00a0\u00bb button_text_color=\u00a0\u00bb#666666&Prime; button_bg_color=\u00a0\u00bb#ffffff\u00a0\u00bb button_border_width=\u00a0\u00bb1px\u00a0\u00bb button_border_color=\u00a0\u00bb#666666&Prime; button_border_radius=\u00a0\u00bb0px\u00a0\u00bb button_letter_spacing=\u00a0\u00bb1px\u00a0\u00bb button_font=\u00a0\u00bb|700||on|||||\u00a0\u00bb button_icon=\u00a0\u00bb&#x33;||divi||400&Prime; button_icon_color=\u00a0\u00bb#666666&Prime; custom_margin=\u00a0\u00bb0px||||false|false\u00a0\u00bb custom_padding=\u00a0\u00bb14px|31px|14px|31px|true|true\u00a0\u00bb locked=\u00a0\u00bboff\u00a0\u00bb global_colors_info=\u00a0\u00bb{}\u00a0\u00bb][\/et_pb_button][\/et_pb_column_inner][\/et_pb_row_inner][\/et_pb_column][\/et_pb_section][et_pb_section fb_built=\u00a0\u00bb1&Prime; admin_label=\u00a0\u00bbDesigner\u00a0\u00bb _builder_version=\u00a0\u00bb4.16&Prime; _module_preset=\u00a0\u00bbdefault\u00a0\u00bb custom_margin=\u00a0\u00bb20px||||false|false\u00a0\u00bb custom_padding=\u00a0\u00bb0px||||false|false\u00a0\u00bb animation_style=\u00a0\u00bbslide\u00a0\u00bb animation_direction=\u00a0\u00bbbottom\u00a0\u00bb saved_tabs=\u00a0\u00bball\u00a0\u00bb locked=\u00a0\u00bboff\u00a0\u00bb collapsed=\u00a0\u00bboff\u00a0\u00bb global_colors_info=\u00a0\u00bb{}\u00a0\u00bb][et_pb_row admin_label=\u00a0\u00bb&lt;p&gt;Riga titolo Designer&lt;\/p&gt;\u00a0\u00bb _builder_version=\u00a0\u00bb4.6.2&Prime; _module_preset=\u00a0\u00bbdefault\u00a0\u00bb custom_margin=\u00a0\u00bb0px||0px||false|false\u00a0\u00bb custom_padding=\u00a0\u00bb0px||0px||false|false\u00a0\u00bb border_color_bottom=\u00a0\u00bb#999999&Prime; global_module=\u00a0\u00bb232537&Prime; saved_tabs=\u00a0\u00bball\u00a0\u00bb global_colors_info=\u00a0\u00bb{}\u00a0\u00bb][et_pb_column type=\u00a0\u00bb4_4&Prime; _builder_version=\u00a0\u00bb4.16&Prime; _module_preset=\u00a0\u00bbdefault\u00a0\u00bb global_colors_info=\u00a0\u00bb{}\u00a0\u00bb][et_pb_text admin_label=\u00a0\u00bbTitolo\u00a0\u00bb _builder_version=\u00a0\u00bb4.16&Prime; _module_preset=\u00a0\u00bbdefault\u00a0\u00bb text_font=\u00a0\u00bb||||||||\u00a0\u00bb text_font_size=\u00a0\u00bb42px\u00a0\u00bb custom_margin=\u00a0\u00bb5px||||false|false\u00a0\u00bb global_colors_info=\u00a0\u00bb{}\u00a0\u00bb]<\/p>\n<p>Designer<\/p>\n<p>[\/et_pb_text][\/et_pb_column][\/et_pb_row][et_pb_row column_structure=\u00a0\u00bb1_4,3_4&Prime; use_custom_gutter=\u00a0\u00bbon\u00a0\u00bb gutter_width=\u00a0\u00bb2&Prime; admin_label=\u00a0\u00bbLuigi Glorini &#8211; R&#038;S CUF MILANO\u00a0\u00bb _builder_version=\u00a0\u00bb4.6.2&Prime; _module_preset=\u00a0\u00bbdefault\u00a0\u00bb background_enable_color=\u00a0\u00bboff\u00a0\u00bb module_alignment=\u00a0\u00bbcenter\u00a0\u00bb custom_margin=\u00a0\u00bb20px||||false|false\u00a0\u00bb custom_padding=\u00a0\u00bb||10px||false|false\u00a0\u00bb global_module=\u00a0\u00bb232538&Prime; saved_tabs=\u00a0\u00bball\u00a0\u00bb global_colors_info=\u00a0\u00bb{}\u00a0\u00bb][et_pb_column type=\u00a0\u00bb1_4&Prime; _builder_version=\u00a0\u00bb4.16&Prime; _module_preset=\u00a0\u00bbdefault\u00a0\u00bb custom_padding=\u00a0\u00bb|0px||0px|false|false\u00a0\u00bb global_colors_info=\u00a0\u00bb{}\u00a0\u00bb][et_pb_image src=\u00a0\u00bbhttps:\/\/www.cufmilano.com\/wp-content\/uploads\/2020\/10\/resized_Luigi_Glorini_ok-340&#215;340-1.jpg\u00a0\u00bb alt=\u00a0\u00bbLuigi Glorini &#8211; R&#038;S CUF MILANO\u00a0\u00bb title_text=\u00a0\u00bbLuigi Glorini &#8211; R&#038;S CUF MILANO\u00a0\u00bb _builder_version=\u00a0\u00bb4.16&Prime; _module_preset=\u00a0\u00bbdefault\u00a0\u00bb z_index=\u00a0\u00bb200&Prime; max_width=\u00a0\u00bb280px\u00a0\u00bb custom_margin=\u00a0\u00bb||||false|false\u00a0\u00bb global_colors_info=\u00a0\u00bb{}\u00a0\u00bb][\/et_pb_image][\/et_pb_column][et_pb_column type=\u00a0\u00bb3_4&Prime; _builder_version=\u00a0\u00bb4.16&Prime; _module_preset=\u00a0\u00bbdefault\u00a0\u00bb global_colors_info=\u00a0\u00bb{}\u00a0\u00bb][et_pb_text _builder_version=\u00a0\u00bb4.16&Prime; _module_preset=\u00a0\u00bbdefault\u00a0\u00bb text_font=\u00a0\u00bb||||||||\u00a0\u00bb text_font_size=\u00a0\u00bb23px\u00a0\u00bb custom_margin=\u00a0\u00bb0px||10px||false|false\u00a0\u00bb global_colors_info=\u00a0\u00bb{}\u00a0\u00bb]<\/p>\n<p>Luigi Glorini |\u00a0R&amp;S CUF MILANO<\/p>\n<p>[\/et_pb_text][et_pb_text _builder_version=\u00a0\u00bb4.16&Prime; text_font=\u00a0\u00bb||||||||\u00a0\u00bb text_text_color=\u00a0\u00bbrgba(5,20,45,0.55)\u00a0\u00bb text_line_height=\u00a0\u00bb1.8em\u00a0\u00bb max_width_tablet=\u00a0\u00bb100%\u00a0\u00bb max_width_phone=\u00a0\u00bb\u00a0\u00bb max_width_last_edited=\u00a0\u00bbon|phone\u00a0\u00bb custom_margin=\u00a0\u00bb0px||||false|false\u00a0\u00bb locked=\u00a0\u00bboff\u00a0\u00bb global_colors_info=\u00a0\u00bb{}\u00a0\u00bb]<\/p>\n<p>Il comparto Ricerca &amp; Sviluppo di CUF Milano, avente come team leader il designer Luigi Glorini, si occupa di ricerca constante sui migliori materiali, ipotesi costruttive e progettuali e dettagli inerenti il mobile per ufficio. Il team R&amp;S \u00e8 impegnato costantemente su molteplici fronti: sviluppo di nuove linee d\u2019arredo sulla base di breef progettuali specifici e che siano all\u2019insegna di una crescente sostenibilit\u00e0 ambientale, supporto ai designer esterni sullo sviluppo dei nuovi prodotti, rivisitazione e restyling delle linee d\u2019arredo esistenti e progettazione sulla base delle norme fisiche di prodotto e chimiche sui materiali, con esecuzione di prove di laboratorio ai fini dell\u2019ottenimento di certificazioni specifiche da enti.<\/p>\n<p>Luigi Glorini \u00e8 un progettista poliedrico, con esperienza maturata nella progettualit\u00e0 di linee d\u2019arredo complete, a cui fare riferimento quando le esigenze progettuali sono tali da richiedere esperienze e conoscenze specifiche dell\u2019arredamento su misura e nei lavori di falegnameria di precisione.<\/p>\n<p>[\/et_pb_text][\/et_pb_column][\/et_pb_row][\/et_pb_section][et_pb_section fb_built=\u00a0\u00bb1&Prime; admin_label=\u00a0\u00bbFiniture\u00a0\u00bb _builder_version=\u00a0\u00bb4.16&Prime; _module_preset=\u00a0\u00bbdefault\u00a0\u00bb custom_margin=\u00a0\u00bb20px||||false|false\u00a0\u00bb custom_padding=\u00a0\u00bb0px||||false|false\u00a0\u00bb animation_style=\u00a0\u00bbslide\u00a0\u00bb animation_direction=\u00a0\u00bbbottom\u00a0\u00bb saved_tabs=\u00a0\u00bball\u00a0\u00bb locked=\u00a0\u00bboff\u00a0\u00bb collapsed=\u00a0\u00bboff\u00a0\u00bb global_colors_info=\u00a0\u00bb{}\u00a0\u00bb][et_pb_row admin_label=\u00a0\u00bb&lt;p&gt;Riga titolo Finiture&lt;\/p&gt;\u00a0\u00bb _builder_version=\u00a0\u00bb4.6.2&Prime; _module_preset=\u00a0\u00bbdefault\u00a0\u00bb custom_padding=\u00a0\u00bb||20px||false|false\u00a0\u00bb global_module=\u00a0\u00bb232541&Prime; saved_tabs=\u00a0\u00bball\u00a0\u00bb locked=\u00a0\u00bboff\u00a0\u00bb global_colors_info=\u00a0\u00bb{}\u00a0\u00bb][et_pb_column type=\u00a0\u00bb4_4&Prime; _builder_version=\u00a0\u00bb4.16&Prime; _module_preset=\u00a0\u00bbdefault\u00a0\u00bb global_colors_info=\u00a0\u00bb{}\u00a0\u00bb][et_pb_text _builder_version=\u00a0\u00bb4.16&Prime; _module_preset=\u00a0\u00bbdefault\u00a0\u00bb text_font_size=\u00a0\u00bb42px\u00a0\u00bb custom_padding=\u00a0\u00bb||0px||false|false\u00a0\u00bb global_colors_info=\u00a0\u00bb{}\u00a0\u00bb]<\/p>\n<p>Finiture<\/p>\n<p>[\/et_pb_text][\/et_pb_column][\/et_pb_row][et_pb_row _builder_version=\u00a0\u00bb4.16&Prime; _module_preset=\u00a0\u00bbdefault\u00a0\u00bb custom_padding=\u00a0\u00bb||0px||false|false\u00a0\u00bb locked=\u00a0\u00bboff\u00a0\u00bb global_colors_info=\u00a0\u00bb{}\u00a0\u00bb][et_pb_column type=\u00a0\u00bb4_4&Prime; _builder_version=\u00a0\u00bb4.16&Prime; _module_preset=\u00a0\u00bbdefault\u00a0\u00bb global_colors_info=\u00a0\u00bb{}\u00a0\u00bb][et_pb_text admin_label=\u00a0\u00bbsottotitolo consegne finiture\u00a0\u00bb _builder_version=\u00a0\u00bb4.16&Prime; _module_preset=\u00a0\u00bbdefault\u00a0\u00bb text_font=\u00a0\u00bb|600|||||||\u00a0\u00bb text_text_color=\u00a0\u00bb#666666&Prime; text_font_size=\u00a0\u00bb18px\u00a0\u00bb text_line_height=\u00a0\u00bb1em\u00a0\u00bb global_colors_info=\u00a0\u00bb{}\u00a0\u00bb]<strong>Finitions plateaux &#8211; standard<\/strong>[\/et_pb_text][\/et_pb_column][\/et_pb_row][et_pb_row column_structure=\u00a0\u00bb1_5,1_5,1_5,1_5,1_5&Prime; use_custom_gutter=\u00a0\u00bbon\u00a0\u00bb gutter_width=\u00a0\u00bb2&Prime; admin_label=\u00a0\u00bbmateriali delta &#8211; doria &#8211; ring\u00a0\u00bb _builder_version=\u00a0\u00bb4.16&Prime; _module_preset=\u00a0\u00bbdefault\u00a0\u00bb background_enable_color=\u00a0\u00bboff\u00a0\u00bb module_alignment=\u00a0\u00bbcenter\u00a0\u00bb custom_margin=\u00a0\u00bb0px||||false|false\u00a0\u00bb custom_padding=\u00a0\u00bb||10px||false|false\u00a0\u00bb saved_tabs=\u00a0\u00bball\u00a0\u00bb locked=\u00a0\u00bboff\u00a0\u00bb global_colors_info=\u00a0\u00bb{}\u00a0\u00bb][et_pb_column type=\u00a0\u00bb1_5&Prime; _builder_version=\u00a0\u00bb4.16&Prime; _module_preset=\u00a0\u00bbdefault\u00a0\u00bb custom_padding=\u00a0\u00bb|0px||0px|false|false\u00a0\u00bb global_colors_info=\u00a0\u00bb{}\u00a0\u00bb][et_pb_blurb title=\u00a0\u00bbBianco Moon\u00a0\u00bb image=\u00a0\u00bbhttps:\/\/www.cufmilano.com\/wp-content\/uploads\/2020\/12\/Piani-bianco-moon.jpg\u00a0\u00bb alt=\u00a0\u00bb&lt;p&gt;Weng\u00e9&lt;\/p&gt;\u00a0\u00bb admin_label=\u00a0\u00bbBianco moon\u00a0\u00bb _builder_version=\u00a0\u00bb4.16&Prime; _module_preset=\u00a0\u00bbdefault\u00a0\u00bb header_font_size=\u00a0\u00bb16px\u00a0\u00bb header_line_height=\u00a0\u00bb1.5em\u00a0\u00bb custom_padding=\u00a0\u00bb0px|||||\u00a0\u00bb animation_direction=\u00a0\u00bbtop\u00a0\u00bb saved_tabs=\u00a0\u00bball\u00a0\u00bb global_colors_info=\u00a0\u00bb{}\u00a0\u00bb][\/et_pb_blurb][\/et_pb_column][et_pb_column type=\u00a0\u00bb1_5&Prime; _builder_version=\u00a0\u00bb4.16&Prime; _module_preset=\u00a0\u00bbdefault\u00a0\u00bb global_colors_info=\u00a0\u00bb{}\u00a0\u00bb][et_pb_blurb title=\u00a0\u00bbGrigio\u00a0\u00bb image=\u00a0\u00bbhttps:\/\/www.cufmilano.com\/wp-content\/uploads\/2021\/07\/ennepi-grigio.jpg\u00a0\u00bb alt=\u00a0\u00bb&lt;p&gt;Weng\u00e9&lt;\/p&gt;\u00a0\u00bb admin_label=\u00a0\u00bbGrigio\u00a0\u00bb _builder_version=\u00a0\u00bb4.16&Prime; _module_preset=\u00a0\u00bbdefault\u00a0\u00bb header_font_size=\u00a0\u00bb16px\u00a0\u00bb header_line_height=\u00a0\u00bb1.5em\u00a0\u00bb custom_padding=\u00a0\u00bb0px|||||\u00a0\u00bb animation_direction=\u00a0\u00bbtop\u00a0\u00bb saved_tabs=\u00a0\u00bball\u00a0\u00bb global_colors_info=\u00a0\u00bb{}\u00a0\u00bb][\/et_pb_blurb][\/et_pb_column][et_pb_column type=\u00a0\u00bb1_5&Prime; _builder_version=\u00a0\u00bb4.16&Prime; _module_preset=\u00a0\u00bbdefault\u00a0\u00bb global_colors_info=\u00a0\u00bb{}\u00a0\u00bb][et_pb_blurb title=\u00a0\u00bbRovere\u00a0\u00bb image=\u00a0\u00bbhttps:\/\/www.cufmilano.com\/wp-content\/uploads\/2021\/07\/ennepi-rovere.jpg\u00a0\u00bb alt=\u00a0\u00bb&lt;p&gt;Weng\u00e9&lt;\/p&gt;\u00a0\u00bb admin_label=\u00a0\u00bbRovere\u00a0\u00bb _builder_version=\u00a0\u00bb4.16&Prime; _module_preset=\u00a0\u00bbdefault\u00a0\u00bb header_font_size=\u00a0\u00bb16px\u00a0\u00bb header_line_height=\u00a0\u00bb1.5em\u00a0\u00bb custom_padding=\u00a0\u00bb0px|||||\u00a0\u00bb animation_direction=\u00a0\u00bbtop\u00a0\u00bb saved_tabs=\u00a0\u00bball\u00a0\u00bb global_colors_info=\u00a0\u00bb{}\u00a0\u00bb][\/et_pb_blurb][\/et_pb_column][et_pb_column type=\u00a0\u00bb1_5&Prime; _builder_version=\u00a0\u00bb4.16&Prime; _module_preset=\u00a0\u00bbdefault\u00a0\u00bb global_colors_info=\u00a0\u00bb{}\u00a0\u00bb][\/et_pb_column][et_pb_column type=\u00a0\u00bb1_5&Prime; _builder_version=\u00a0\u00bb4.16&Prime; _module_preset=\u00a0\u00bbdefault\u00a0\u00bb global_colors_info=\u00a0\u00bb{}\u00a0\u00bb][\/et_pb_column][\/et_pb_row][et_pb_row _builder_version=\u00a0\u00bb4.16&Prime; _module_preset=\u00a0\u00bbdefault\u00a0\u00bb custom_padding=\u00a0\u00bb||0px||false|false\u00a0\u00bb global_colors_info=\u00a0\u00bb{}\u00a0\u00bb][et_pb_column type=\u00a0\u00bb4_4&Prime; _builder_version=\u00a0\u00bb4.16&Prime; _module_preset=\u00a0\u00bbdefault\u00a0\u00bb global_colors_info=\u00a0\u00bb{}\u00a0\u00bb][et_pb_text admin_label=\u00a0\u00bbsottotitolo consegne finiture\u00a0\u00bb _builder_version=\u00a0\u00bb4.16&Prime; _module_preset=\u00a0\u00bbdefault\u00a0\u00bb text_font=\u00a0\u00bb|600|||||||\u00a0\u00bb text_text_color=\u00a0\u00bb#666666&Prime; text_font_size=\u00a0\u00bb18px\u00a0\u00bb text_line_height=\u00a0\u00bb1em\u00a0\u00bb global_colors_info=\u00a0\u00bb{}\u00a0\u00bb]Finitions plateaux \u2013 sur demande[\/et_pb_text][\/et_pb_column][\/et_pb_row][et_pb_row column_structure=\u00a0\u00bb1_5,1_5,1_5,1_5,1_5&Prime; use_custom_gutter=\u00a0\u00bbon\u00a0\u00bb gutter_width=\u00a0\u00bb2&Prime; admin_label=\u00a0\u00bbmateriali delta &#8211; doria &#8211; ring\u00a0\u00bb _builder_version=\u00a0\u00bb4.16&Prime; _module_preset=\u00a0\u00bbdefault\u00a0\u00bb background_enable_color=\u00a0\u00bboff\u00a0\u00bb module_alignment=\u00a0\u00bbcenter\u00a0\u00bb custom_margin=\u00a0\u00bb0px||||false|false\u00a0\u00bb custom_padding=\u00a0\u00bb||10px||false|false\u00a0\u00bb saved_tabs=\u00a0\u00bball\u00a0\u00bb locked=\u00a0\u00bboff\u00a0\u00bb global_colors_info=\u00a0\u00bb{}\u00a0\u00bb][et_pb_column type=\u00a0\u00bb1_5&Prime; _builder_version=\u00a0\u00bb4.16&Prime; _module_preset=\u00a0\u00bbdefault\u00a0\u00bb custom_padding=\u00a0\u00bb|0px||0px|false|false\u00a0\u00bb global_colors_info=\u00a0\u00bb{}\u00a0\u00bb][et_pb_blurb title=\u00a0\u00bbCanapa\u00a0\u00bb image=\u00a0\u00bbhttps:\/\/www.cufmilano.com\/wp-content\/uploads\/2021\/07\/ennepi-canapa.jpg\u00a0\u00bb alt=\u00a0\u00bb&lt;p&gt;Weng\u00e9&lt;\/p&gt;\u00a0\u00bb admin_label=\u00a0\u00bbCanapa\u00a0\u00bb _builder_version=\u00a0\u00bb4.16&Prime; _module_preset=\u00a0\u00bbdefault\u00a0\u00bb header_font_size=\u00a0\u00bb16px\u00a0\u00bb header_line_height=\u00a0\u00bb1.5em\u00a0\u00bb custom_padding=\u00a0\u00bb0px|||||\u00a0\u00bb animation_direction=\u00a0\u00bbtop\u00a0\u00bb saved_tabs=\u00a0\u00bball\u00a0\u00bb global_colors_info=\u00a0\u00bb{}\u00a0\u00bb][\/et_pb_blurb][\/et_pb_column][et_pb_column type=\u00a0\u00bb1_5&Prime; _builder_version=\u00a0\u00bb4.16&Prime; _module_preset=\u00a0\u00bbdefault\u00a0\u00bb global_colors_info=\u00a0\u00bb{}\u00a0\u00bb][et_pb_blurb title=\u00a0\u00bbPeltro\u00a0\u00bb image=\u00a0\u00bbhttps:\/\/www.cufmilano.com\/wp-content\/uploads\/2021\/07\/ennepi-peltro.jpg\u00a0\u00bb alt=\u00a0\u00bb&lt;p&gt;Weng\u00e9&lt;\/p&gt;\u00a0\u00bb admin_label=\u00a0\u00bbPeltro\u00a0\u00bb _builder_version=\u00a0\u00bb4.16&Prime; _module_preset=\u00a0\u00bbdefault\u00a0\u00bb header_font_size=\u00a0\u00bb16px\u00a0\u00bb header_line_height=\u00a0\u00bb1.5em\u00a0\u00bb custom_padding=\u00a0\u00bb0px|||||\u00a0\u00bb animation_direction=\u00a0\u00bbtop\u00a0\u00bb saved_tabs=\u00a0\u00bball\u00a0\u00bb global_colors_info=\u00a0\u00bb{}\u00a0\u00bb][\/et_pb_blurb][\/et_pb_column][et_pb_column type=\u00a0\u00bb1_5&Prime; _builder_version=\u00a0\u00bb4.16&Prime; _module_preset=\u00a0\u00bbdefault\u00a0\u00bb global_colors_info=\u00a0\u00bb{}\u00a0\u00bb][\/et_pb_column][et_pb_column type=\u00a0\u00bb1_5&Prime; _builder_version=\u00a0\u00bb4.16&Prime; _module_preset=\u00a0\u00bbdefault\u00a0\u00bb global_colors_info=\u00a0\u00bb{}\u00a0\u00bb][\/et_pb_column][et_pb_column type=\u00a0\u00bb1_5&Prime; _builder_version=\u00a0\u00bb4.16&Prime; _module_preset=\u00a0\u00bbdefault\u00a0\u00bb global_colors_info=\u00a0\u00bb{}\u00a0\u00bb][\/et_pb_column][\/et_pb_row][et_pb_row _builder_version=\u00a0\u00bb4.16&Prime; _module_preset=\u00a0\u00bbdefault\u00a0\u00bb custom_padding=\u00a0\u00bb||0px||false|false\u00a0\u00bb locked=\u00a0\u00bboff\u00a0\u00bb global_colors_info=\u00a0\u00bb{}\u00a0\u00bb][et_pb_column type=\u00a0\u00bb4_4&Prime; _builder_version=\u00a0\u00bb4.16&Prime; _module_preset=\u00a0\u00bbdefault\u00a0\u00bb global_colors_info=\u00a0\u00bb{}\u00a0\u00bb][et_pb_text admin_label=\u00a0\u00bbgambe e accessori metallici finiture\u00a0\u00bb _builder_version=\u00a0\u00bb4.16&Prime; _module_preset=\u00a0\u00bbdefault\u00a0\u00bb text_font=\u00a0\u00bb|600|||||||\u00a0\u00bb text_text_color=\u00a0\u00bb#666666&Prime; text_font_size=\u00a0\u00bb18px\u00a0\u00bb text_line_height=\u00a0\u00bb1em\u00a0\u00bb global_colors_info=\u00a0\u00bb{}\u00a0\u00bb]Finitions des pieds et accessoires m\u00e9talliques[\/et_pb_text][\/et_pb_column][\/et_pb_row][et_pb_row column_structure=\u00a0\u00bb1_5,1_5,1_5,1_5,1_5&Prime; use_custom_gutter=\u00a0\u00bbon\u00a0\u00bb gutter_width=\u00a0\u00bb2&Prime; admin_label=\u00a0\u00bbcolori metallici\u00a0\u00bb _builder_version=\u00a0\u00bb4.16&Prime; _module_preset=\u00a0\u00bbdefault\u00a0\u00bb background_enable_color=\u00a0\u00bboff\u00a0\u00bb module_alignment=\u00a0\u00bbcenter\u00a0\u00bb custom_margin=\u00a0\u00bb0px||||false|false\u00a0\u00bb custom_padding=\u00a0\u00bb||10px||false|false\u00a0\u00bb saved_tabs=\u00a0\u00bball\u00a0\u00bb locked=\u00a0\u00bboff\u00a0\u00bb global_colors_info=\u00a0\u00bb{}\u00a0\u00bb][et_pb_column type=\u00a0\u00bb1_5&Prime; _builder_version=\u00a0\u00bb4.16&Prime; _module_preset=\u00a0\u00bbdefault\u00a0\u00bb custom_padding=\u00a0\u00bb|0px||0px|false|false\u00a0\u00bb global_colors_info=\u00a0\u00bb{}\u00a0\u00bb][et_pb_blurb title=\u00a0\u00bbAntracite RAL 7015&Prime; image=\u00a0\u00bbhttps:\/\/www.cufmilano.com\/wp-content\/uploads\/2021\/07\/antracite.jpg\u00a0\u00bb alt=\u00a0\u00bb&lt;p&gt;Weng\u00e9&lt;\/p&gt;\u00a0\u00bb admin_label=\u00a0\u00bbantracite\u00a0\u00bb _builder_version=\u00a0\u00bb4.16&Prime; _module_preset=\u00a0\u00bbdefault\u00a0\u00bb header_font_size=\u00a0\u00bb16px\u00a0\u00bb header_line_height=\u00a0\u00bb1.5em\u00a0\u00bb custom_padding=\u00a0\u00bb0px|||||\u00a0\u00bb animation_direction=\u00a0\u00bbtop\u00a0\u00bb saved_tabs=\u00a0\u00bball\u00a0\u00bb global_colors_info=\u00a0\u00bb{}\u00a0\u00bb][\/et_pb_blurb][\/et_pb_column][et_pb_column type=\u00a0\u00bb1_5&Prime; _builder_version=\u00a0\u00bb4.16&Prime; _module_preset=\u00a0\u00bbdefault\u00a0\u00bb global_colors_info=\u00a0\u00bb{}\u00a0\u00bb][et_pb_blurb title=\u00a0\u00bbBianco RAL 9003 \u00a0\u00bb image=\u00a0\u00bbhttps:\/\/www.cufmilano.com\/wp-content\/uploads\/2021\/07\/bianco.jpg\u00a0\u00bb alt=\u00a0\u00bb&lt;p&gt;Weng\u00e9&lt;\/p&gt;\u00a0\u00bb admin_label=\u00a0\u00bbbianco\u00a0\u00bb _builder_version=\u00a0\u00bb4.16&Prime; _module_preset=\u00a0\u00bbdefault\u00a0\u00bb header_font_size=\u00a0\u00bb16px\u00a0\u00bb header_line_height=\u00a0\u00bb1.5em\u00a0\u00bb custom_padding=\u00a0\u00bb0px|||||\u00a0\u00bb animation_direction=\u00a0\u00bbtop\u00a0\u00bb saved_tabs=\u00a0\u00bball\u00a0\u00bb global_colors_info=\u00a0\u00bb{}\u00a0\u00bb][\/et_pb_blurb][\/et_pb_column][et_pb_column type=\u00a0\u00bb1_5&Prime; _builder_version=\u00a0\u00bb4.16&Prime; _module_preset=\u00a0\u00bbdefault\u00a0\u00bb global_colors_info=\u00a0\u00bb{}\u00a0\u00bb][et_pb_blurb title=\u00a0\u00bbGiallo sole RAL 1037&Prime; image=\u00a0\u00bbhttps:\/\/www.cufmilano.com\/wp-content\/uploads\/2021\/07\/ennepi-giallo-sole.jpg\u00a0\u00bb alt=\u00a0\u00bb&lt;p&gt;Weng\u00e9&lt;\/p&gt;\u00a0\u00bb admin_label=\u00a0\u00bbGiallo sole\u00a0\u00bb _builder_version=\u00a0\u00bb4.16&Prime; _module_preset=\u00a0\u00bbdefault\u00a0\u00bb header_font_size=\u00a0\u00bb16px\u00a0\u00bb header_line_height=\u00a0\u00bb1.5em\u00a0\u00bb custom_padding=\u00a0\u00bb0px|||||\u00a0\u00bb animation_direction=\u00a0\u00bbtop\u00a0\u00bb saved_tabs=\u00a0\u00bball\u00a0\u00bb locked=\u00a0\u00bboff\u00a0\u00bb global_colors_info=\u00a0\u00bb{}\u00a0\u00bb][\/et_pb_blurb][\/et_pb_column][et_pb_column type=\u00a0\u00bb1_5&Prime; _builder_version=\u00a0\u00bb4.16&Prime; _module_preset=\u00a0\u00bbdefault\u00a0\u00bb global_colors_info=\u00a0\u00bb{}\u00a0\u00bb][et_pb_blurb title=\u00a0\u00bbTurchese RAL 6034&Prime; image=\u00a0\u00bbhttps:\/\/www.cufmilano.com\/wp-content\/uploads\/2021\/07\/ennepi-turchese.jpg\u00a0\u00bb alt=\u00a0\u00bb&lt;p&gt;Weng\u00e9&lt;\/p&gt;\u00a0\u00bb admin_label=\u00a0\u00bbTurchese\u00a0\u00bb _builder_version=\u00a0\u00bb4.16&Prime; _module_preset=\u00a0\u00bbdefault\u00a0\u00bb header_font_size=\u00a0\u00bb16px\u00a0\u00bb header_line_height=\u00a0\u00bb1.5em\u00a0\u00bb custom_padding=\u00a0\u00bb0px|||||\u00a0\u00bb animation_direction=\u00a0\u00bbtop\u00a0\u00bb saved_tabs=\u00a0\u00bball\u00a0\u00bb locked=\u00a0\u00bboff\u00a0\u00bb global_colors_info=\u00a0\u00bb{}\u00a0\u00bb][\/et_pb_blurb][\/et_pb_column][et_pb_column type=\u00a0\u00bb1_5&Prime; _builder_version=\u00a0\u00bb4.16&Prime; _module_preset=\u00a0\u00bbdefault\u00a0\u00bb global_colors_info=\u00a0\u00bb{}\u00a0\u00bb][\/et_pb_column][\/et_pb_row][et_pb_row _builder_version=\u00a0\u00bb4.16&Prime; _module_preset=\u00a0\u00bbdefault\u00a0\u00bb global_colors_info=\u00a0\u00bb{}\u00a0\u00bb][et_pb_column type=\u00a0\u00bb4_4&Prime; _builder_version=\u00a0\u00bb4.16&Prime; _module_preset=\u00a0\u00bbdefault\u00a0\u00bb global_colors_info=\u00a0\u00bb{}\u00a0\u00bb][\/et_pb_column][\/et_pb_row][\/et_pb_section][et_pb_section fb_built=\u00a0\u00bb1&Prime; admin_label=\u00a0\u00bbDownload\u00a0\u00bb _builder_version=\u00a0\u00bb4.16&Prime; _module_preset=\u00a0\u00bbdefault\u00a0\u00bb background_color=\u00a0\u00bb#f7f7f9&Prime; custom_margin=\u00a0\u00bb20px||||false|false\u00a0\u00bb custom_padding=\u00a0\u00bb40px||110px||false|false\u00a0\u00bb animation_style=\u00a0\u00bbslide\u00a0\u00bb animation_direction=\u00a0\u00bbbottom\u00a0\u00bb saved_tabs=\u00a0\u00bball\u00a0\u00bb locked=\u00a0\u00bboff\u00a0\u00bb collapsed=\u00a0\u00bboff\u00a0\u00bb global_colors_info=\u00a0\u00bb{}\u00a0\u00bb][et_pb_row use_custom_gutter=\u00a0\u00bbon\u00a0\u00bb gutter_width=\u00a0\u00bb2&Prime; admin_label=\u00a0\u00bb&lt;p&gt;Riga titolo Download&lt;\/p&gt;\u00a0\u00bb _builder_version=\u00a0\u00bb4.6.2&Prime; _module_preset=\u00a0\u00bbdefault\u00a0\u00bb background_enable_color=\u00a0\u00bboff\u00a0\u00bb module_alignment=\u00a0\u00bbcenter\u00a0\u00bb custom_margin=\u00a0\u00bb0px||||false|false\u00a0\u00bb custom_padding=\u00a0\u00bb||10px||false|false\u00a0\u00bb border_color_bottom=\u00a0\u00bb#999999&Prime; global_module=\u00a0\u00bb232553&Prime; saved_tabs=\u00a0\u00bball\u00a0\u00bb locked=\u00a0\u00bboff\u00a0\u00bb global_colors_info=\u00a0\u00bb{}\u00a0\u00bb][et_pb_column type=\u00a0\u00bb4_4&Prime; _builder_version=\u00a0\u00bb4.16&Prime; _module_preset=\u00a0\u00bbdefault\u00a0\u00bb global_colors_info=\u00a0\u00bb{}\u00a0\u00bb][et_pb_text admin_label=\u00a0\u00bbTitolo\u00a0\u00bb _builder_version=\u00a0\u00bb4.16&Prime; _module_preset=\u00a0\u00bbdefault\u00a0\u00bb text_font=\u00a0\u00bb||||||||\u00a0\u00bb text_font_size=\u00a0\u00bb42px\u00a0\u00bb custom_margin=\u00a0\u00bb5px||||false|false\u00a0\u00bb global_colors_info=\u00a0\u00bb{}\u00a0\u00bb]<\/p>\n<p>Download<\/p>\n<p>[\/et_pb_text][\/et_pb_column][\/et_pb_row][et_pb_row column_structure=\u00a0\u00bb1_4,1_4,1_4,1_4&Prime; use_custom_gutter=\u00a0\u00bbon\u00a0\u00bb gutter_width=\u00a0\u00bb2&Prime; admin_label=\u00a0\u00bb&lt;p&gt;blocchi download&lt;\/p&gt;\u00a0\u00bb _builder_version=\u00a0\u00bb4.16&Prime; _module_preset=\u00a0\u00bbdefault\u00a0\u00bb background_enable_color=\u00a0\u00bboff\u00a0\u00bb module_alignment=\u00a0\u00bbcenter\u00a0\u00bb custom_margin=\u00a0\u00bb0px||||false|false\u00a0\u00bb custom_padding=\u00a0\u00bb||10px||false|false\u00a0\u00bb saved_tabs=\u00a0\u00bball\u00a0\u00bb locked=\u00a0\u00bboff\u00a0\u00bb global_colors_info=\u00a0\u00bb{}\u00a0\u00bb][et_pb_column type=\u00a0\u00bb1_4&Prime; _builder_version=\u00a0\u00bb4.16&Prime; _module_preset=\u00a0\u00bbdefault\u00a0\u00bb custom_padding=\u00a0\u00bb|0px||0px|false|false\u00a0\u00bb global_colors_info=\u00a0\u00bb{}\u00a0\u00bb][et_pb_image src=\u00a0\u00bbhttps:\/\/www.cufmilano.com\/wp-content\/uploads\/2020\/10\/ico-certificazione-1.png\u00a0\u00bb alt=\u00a0\u00bb&lt;p&gt;icona certificazioni&lt;\/p&gt;\u00a0\u00bb title_text=\u00a0\u00bb&lt;p&gt;ico-certificazione&lt;\/p&gt;\u00a0\u00bb admin_label=\u00a0\u00bbico Certificazioni\u00a0\u00bb _builder_version=\u00a0\u00bb4.6.2&Prime; _module_preset=\u00a0\u00bbdefault\u00a0\u00bb custom_margin=\u00a0\u00bb|10px|0px||false|false\u00a0\u00bb custom_padding=\u00a0\u00bb|0px|0px||false|false\u00a0\u00bb global_module=\u00a0\u00bb232556&Prime; saved_tabs=\u00a0\u00bball\u00a0\u00bb locked=\u00a0\u00bboff\u00a0\u00bb global_colors_info=\u00a0\u00bb{}\u00a0\u00bb][\/et_pb_image][et_pb_toggle title=\u00a0\u00bbCertificats\u00a0\u00bb open_toggle_text_color=\u00a0\u00bb#666666&Prime; open_toggle_background_color=\u00a0\u00bbrgba(0,0,0,0)\u00a0\u00bb closed_toggle_text_color=\u00a0\u00bb#666666&Prime; closed_toggle_background_color=\u00a0\u00bbrgba(0,0,0,0)\u00a0\u00bb icon_color=\u00a0\u00bb#666666&Prime; open_icon_color=\u00a0\u00bb#666666&Prime; admin_label=\u00a0\u00bbCertificazioni\u00a0\u00bb _builder_version=\u00a0\u00bb4.16&Prime; _module_preset=\u00a0\u00bbdefault\u00a0\u00bb title_text_color=\u00a0\u00bb#666666&Prime; title_font_size=\u00a0\u00bb18px\u00a0\u00bb closed_title_font_size=\u00a0\u00bb18px\u00a0\u00bb body_text_color=\u00a0\u00bb#666666&Prime; body_line_height=\u00a0\u00bb1.5em\u00a0\u00bb body_link_text_color=\u00a0\u00bb#666666&Prime; background_color=\u00a0\u00bbrgba(0,0,0,0)\u00a0\u00bb custom_margin=\u00a0\u00bb||0px|0px|false|false\u00a0\u00bb custom_padding=\u00a0\u00bb|0px||0px|false|false\u00a0\u00bb border_width_top=\u00a0\u00bb0px\u00a0\u00bb border_width_right=\u00a0\u00bb0px\u00a0\u00bb border_color_bottom=\u00a0\u00bb#999999&Prime; border_width_left=\u00a0\u00bb0px\u00a0\u00bb locked=\u00a0\u00bboff\u00a0\u00bb global_colors_info=\u00a0\u00bb{}\u00a0\u00bb]<\/p>\n<ul>\n<li><a href=\"https:\/\/www.cufmilano.com\/wp-content\/uploads\/2021\/07\/Ennepi_attestazione-di-conformita_D.lgs-81-08_ita.pdf\" target=\"_blank\" rel=\"attachment noopener wp-att-240520\">Ennepi_attestazione-di-conformita\u0300_D.lgs-81-08_ita<\/a><\/li>\n<li><a href=\"https:\/\/www.cufmilano.com\/wp-content\/uploads\/2021\/07\/Ennepi_rapporto-prova-315266_ita_compressed.pdf\" target=\"_blank\" rel=\"noopener\">Ennepi_EN 527-EN 1730_ita<\/a><\/li>\n<\/ul>\n<p>[\/et_pb_toggle][\/et_pb_column][et_pb_column type=\u00a0\u00bb1_4&Prime; _builder_version=\u00a0\u00bb4.16&Prime; _module_preset=\u00a0\u00bbdefault\u00a0\u00bb global_colors_info=\u00a0\u00bb{}\u00a0\u00bb][et_pb_image src=\u00a0\u00bbhttps:\/\/www.cufmilano.com\/wp-content\/uploads\/2020\/10\/ico-3D.png\u00a0\u00bb alt=\u00a0\u00bb&lt;p&gt;icona CAD&lt;\/p&gt;\u00a0\u00bb title_text=\u00a0\u00bb&lt;p&gt;ico-3D&lt;\/p&gt;\u00a0\u00bb admin_label=\u00a0\u00bbico CAD\u00a0\u00bb _builder_version=\u00a0\u00bb4.6.2&Prime; _module_preset=\u00a0\u00bbdefault\u00a0\u00bb custom_margin=\u00a0\u00bb|10px|0px||false|false\u00a0\u00bb custom_padding=\u00a0\u00bb|0px|0px||false|false\u00a0\u00bb global_module=\u00a0\u00bb232558&Prime; saved_tabs=\u00a0\u00bball\u00a0\u00bb global_colors_info=\u00a0\u00bb{}\u00a0\u00bb][\/et_pb_image][et_pb_toggle title=\u00a0\u00bb&lt;p&gt;Cad \/ Bim&lt;\/p&gt;\u00a0\u00bb open_toggle_text_color=\u00a0\u00bb#666666&Prime; open_toggle_background_color=\u00a0\u00bbrgba(0,0,0,0)\u00a0\u00bb closed_toggle_text_color=\u00a0\u00bb#666666&Prime; closed_toggle_background_color=\u00a0\u00bbrgba(0,0,0,0)\u00a0\u00bb icon_color=\u00a0\u00bb#666666&Prime; open_icon_color=\u00a0\u00bb#666666&Prime; admin_label=\u00a0\u00bbCAD\/Bim\u00a0\u00bb _builder_version=\u00a0\u00bb4.14.9&Prime; _module_preset=\u00a0\u00bbdefault\u00a0\u00bb title_text_color=\u00a0\u00bb#666666&Prime; title_font_size=\u00a0\u00bb18px\u00a0\u00bb closed_title_font_size=\u00a0\u00bb18px\u00a0\u00bb body_text_color=\u00a0\u00bb#666666&Prime; body_link_text_color=\u00a0\u00bb#666666&Prime; background_color=\u00a0\u00bbrgba(0,0,0,0)\u00a0\u00bb custom_margin=\u00a0\u00bb||0px|0px|false|false\u00a0\u00bb custom_padding=\u00a0\u00bb|0px||0px|false|false\u00a0\u00bb border_width_top=\u00a0\u00bb0px\u00a0\u00bb border_width_right=\u00a0\u00bb0px\u00a0\u00bb border_color_bottom=\u00a0\u00bb#999999&Prime; border_width_left=\u00a0\u00bb0px\u00a0\u00bb global_module=\u00a0\u00bb232563&Prime; saved_tabs=\u00a0\u00bball\u00a0\u00bb locked=\u00a0\u00bboff\u00a0\u00bb global_colors_info=\u00a0\u00bb{}\u00a0\u00bb]<\/p>\n<ul>\n<li><a href=\"https:\/\/client-cufmilano.com\/\" target=\"_blank\" rel=\"noopener noreferrer\">Per il download registrati nella nostra area riservata<\/a><\/li>\n<\/ul>\n<p>[\/et_pb_toggle][\/et_pb_column][et_pb_column type=\u00a0\u00bb1_4&Prime; _builder_version=\u00a0\u00bb4.16&Prime; _module_preset=\u00a0\u00bbdefault\u00a0\u00bb global_colors_info=\u00a0\u00bb{}\u00a0\u00bb][\/et_pb_column][et_pb_column type=\u00a0\u00bb1_4&Prime; _builder_version=\u00a0\u00bb4.16&Prime; _module_preset=\u00a0\u00bbdefault\u00a0\u00bb global_colors_info=\u00a0\u00bb{}\u00a0\u00bb][\/et_pb_column][\/et_pb_row][\/et_pb_section][et_pb_section fb_built=\u00a0\u00bb1&Prime; admin_label=\u00a0\u00bbinteresse simile + associati\u00a0\u00bb _builder_version=\u00a0\u00bb4.6.6&Prime; _module_preset=\u00a0\u00bbdefault\u00a0\u00bb custom_margin=\u00a0\u00bb30px||||false|false\u00a0\u00bb custom_padding=\u00a0\u00bb0px||||false|false\u00a0\u00bb global_module=\u00a0\u00bb232561&Prime; saved_tabs=\u00a0\u00bball\u00a0\u00bb locked=\u00a0\u00bboff\u00a0\u00bb collapsed=\u00a0\u00bboff\u00a0\u00bb global_colors_info=\u00a0\u00bb{}\u00a0\u00bb][et_pb_row _builder_version=\u00a0\u00bb4.16&Prime; custom_margin=\u00a0\u00bb25px||0px||false|false\u00a0\u00bb custom_padding=\u00a0\u00bb0px||0px||false|false\u00a0\u00bb global_colors_info=\u00a0\u00bb{}\u00a0\u00bb][et_pb_column type=\u00a0\u00bb4_4&Prime; _builder_version=\u00a0\u00bb4.16&Prime; global_colors_info=\u00a0\u00bb{}\u00a0\u00bb][et_pb_wc_related_products posts_number=\u00a0\u00bb5&Prime; columns_number=\u00a0\u00bb5&Prime; sale_badge_color=\u00a0\u00bb#ff8439&Prime; icon_hover_color=\u00a0\u00bb#000000&Prime; _builder_version=\u00a0\u00bb4.16&Prime; title_font=\u00a0\u00bb||||||||\u00a0\u00bb title_text_color=\u00a0\u00bb#666666&Prime; title_font_size=\u00a0\u00bb42px\u00a0\u00bb title_line_height=\u00a0\u00bb2.1em\u00a0\u00bb product_title_font=\u00a0\u00bb||||||||\u00a0\u00bb product_title_font_size=\u00a0\u00bb18px\u00a0\u00bb product_title_line_height=\u00a0\u00bb1.4em\u00a0\u00bb price_font=\u00a0\u00bbJosefin Sans|700|||||||\u00a0\u00bb price_text_color=\u00a0\u00bb#ff8439&Prime; price_font_size=\u00a0\u00bb18px\u00a0\u00bb sale_badge_font=\u00a0\u00bbJosefin Sans|700|||||||\u00a0\u00bb global_colors_info=\u00a0\u00bb{}\u00a0\u00bb][\/et_pb_wc_related_products][et_pb_wc_upsells posts_number=\u00a0\u00bb5&Prime; columns_number=\u00a0\u00bb5&Prime; sale_badge_color=\u00a0\u00bb#ff8439&Prime; icon_hover_color=\u00a0\u00bb#000000&Prime; admin_label=\u00a0\u00bbWoo Articoli Collegati\u00a0\u00bb _builder_version=\u00a0\u00bb4.16&Prime; _module_preset=\u00a0\u00bbdefault\u00a0\u00bb title_font=\u00a0\u00bb||||||||\u00a0\u00bb title_text_color=\u00a0\u00bb#666666&Prime; title_font_size=\u00a0\u00bb42px\u00a0\u00bb title_line_height=\u00a0\u00bb2.1em\u00a0\u00bb product_title_font=\u00a0\u00bb||||||||\u00a0\u00bb product_title_font_size=\u00a0\u00bb18px\u00a0\u00bb product_title_line_height=\u00a0\u00bb1.4em\u00a0\u00bb price_font=\u00a0\u00bbJosefin Sans|700|||||||\u00a0\u00bb price_text_color=\u00a0\u00bb#ff8439&Prime; price_font_size=\u00a0\u00bb18px\u00a0\u00bb sale_badge_font=\u00a0\u00bbJosefin Sans|700|||||||\u00a0\u00bb global_colors_info=\u00a0\u00bb{}\u00a0\u00bb][\/et_pb_wc_upsells][\/et_pb_column][\/et_pb_row][\/et_pb_section]<\/p>\n","protected":false},"excerpt":{"rendered":"<p><em><strong>Design Luigi Glorini &#8211; CUF MILANO LAB<\/strong><br \/>\nEnnepi est le nouveau syst\u00e8me de bureaux op\u00e9rationnels produit par Centrufficio spa.<\/em><\/p>\n","protected":false},"featured_media":255610,"comment_status":"closed","ping_status":"closed","template":"","meta":{"_et_pb_use_builder":"on","_et_pb_old_content":"<strong>Plans de travail<\/strong>\r\nTous les \u00e9l\u00e9ments qui composent la s\u00e9rie, les plateaux, les panneaux lat\u00e9raux et les poutres sont en conglom\u00e9rat de bois m\u00e9lamin\u00e9 de 30 mm d'\u00e9paisseur. Tous les bords ont un chant en ABS de 2 mm, \r\nbords arrondis et de la m\u00eame couleur que les surfaces.\r\nGr\u00e2ce \u00e0 un syst\u00e8me pratique de supports multifonctions, en t\u00f4le pli\u00e9e \u00e0 la presse et perfor\u00e9e pour obtenir les fentes de fixation, les \u00e9tag\u00e8res sont sur\u00e9lev\u00e9es des \u00e9l\u00e9ments structurels en m\u00e9lamine sous-jacents, d'un espace de 16 mm.\r\nPour compl\u00e9ter le syst\u00e8me de bureaux avec plateaux P. 80 cm, consoles et extensions lat\u00e9rales avec \u00e9tag\u00e8res P. 60 cm, une vaste gamme d'\u00e9l\u00e9ments pratiques est disponible, comme les plateaux de connexion, propos\u00e9s dans les versions 80\/80, 80. \/ 60 et 60\/60 cm.\r\nLes plateaux d\u2019extr\u00e9mit\u00e9, avec pieds en m\u00e9tal, sont disponibles respectivement avec des profondeurs P.80 et P.60 pour bureaux et consoles, et propos\u00e9s aussi en double profondeur pour les bureaux et consoles dispos\u00e9s en bench, dont la profondeur totale est respectivement de 165 cm et 125 cm .\r\nLes plateaux d'extr\u00e9mit\u00e9 d'une profondeur de 80 cm peuvent aussi \u00eatre utilis\u00e9s comme bureaux op\u00e9rationnels principaux sur des configurations bench.\r\nDe plus, les configurations bench avec une profondeur finie de 165 cm, peuvent disposer d\u2019un conteneur lat\u00e9ral suspendu avec portes battantes, dont la hauteur a \u00e9t\u00e9 con\u00e7ue pour accueillir facilement des classeurs de bureau, dos standard.\r\nLes portes de ce conteneur sont \u00e0 ouverture push and pull et peuvent \u00eatre \u00e9quip\u00e9es, si n\u00e9cessaire, d'une serrure \u00e0 levier avec cl\u00e9 pliable.\r\n\r\n\r\n\r\n<strong>\u00c9lectrification<\/strong>\r\n\r\nLa collection dispose \u00e0 la fois de bureaux \u00e9quip\u00e9s de passe-c\u00e2ble pour l'\u00e9lectrification, produits de mani\u00e8re artisanale et, sur demande du client, avec sortie top access, ou multiprises Versafalp, ou bien de bureaux sans passe-c\u00e2ble.\r\nLe c\u00e2blage horizontal est r\u00e9alis\u00e9 au moyen de passe-c\u00e2bles sp\u00e9cifiques en t\u00f4le pli\u00e9e \u00e0 la presse qui s'accrochent aux supports structurels multifonctionnels, sous le plateau.\r\nSous les \u00e9l\u00e9ments qui ne pr\u00e9voient aucune utilisation de passe-c\u00e2bles m\u00e9tallique suspendus, comme par exemple les raccords et les plateaux d\u2019extr\u00e9mit\u00e9, le c\u00e2blage horizontal peut \u00eatre r\u00e9alis\u00e9 gr\u00e2ce aux Cable Grip, disponibles en 3, 4, 5 et 6 compartiments, qui peuvent \u00eatre viss\u00e9s sous le plateau dans toute position, \u00e0 l'aide de vis autotaraudeuses sp\u00e9cifiques pour le bois.\r\nEn revanche, le c\u00e2blage vertical est r\u00e9alis\u00e9 de diff\u00e9rentes mani\u00e8res. Selon les exigences du client ou selon la configuration du projet, cela peut en effet \u00eatre r\u00e9alis\u00e9 simplement \u00e0 l\u2019aide de dispositifs Vertical Cable Management (voir liste de prix d'\u00e9lectrification), de Cable Grip viss\u00e9s sur les panneaux lat\u00e9raux, ou m\u00eame avec des carters magn\u00e9tiques plac\u00e9s sur le c\u00f4t\u00e9 des pieds m\u00e9talliques, d\u2019extr\u00e9mit\u00e9 ou partag\u00e9s.\r\n\r\n<strong>Panneau frontal<\/strong>\r\n\r\nLa collection pr\u00e9sente \u00e9galement une s\u00e9rie de panneaux frontaux en m\u00e9lamine de 18 mm d'\u00e9paisseur qui, gr\u00e2ce \u00e0 un syst\u00e8me de serrage appropri\u00e9, peuvent \u00eatre int\u00e9gr\u00e9s aux bureaux simples et aux consoles, mais aussi aux bureaux et consoles bench.\r\nLes supports de serrage sont autoportants et ne pr\u00e9voient pas de positions de fixation obligatoire, ils peuvent donc \u00eatre assembl\u00e9s aux plans de travail du panneau frontal de diff\u00e9rentes tailles, sans que la longueur du plateau soit identique. Ils peuvent s\u2019unir de mani\u00e8re variable selon les n\u00e9cessit\u00e9s.\r\n\r\n<strong>Accessoires de service<\/strong>\r\n\r\n\u00c9l\u00e9ments m\u00e9talliques avec fonction de service : comme par exemple le totem de rangement classeurs lat\u00e9ral, plac\u00e9 sur le c\u00f4t\u00e9 court du bureau, simple ou en bench, ou le support de rangement classeurs horizontal situ\u00e9 frontalement sur les plateaux bench.\r\nLe syst\u00e8me de rangement classeurs horizontal est aussi un tableau magn\u00e9tique pratique pour l'op\u00e9rateur.\r\nAvec la m\u00eame philosophie de conception, les accessoires m\u00e9talliques ont \u00e9t\u00e9 cr\u00e9\u00e9s pour accrocher et suspendre les panneaux frontaux en conglom\u00e9rat de bois.\r\nPorte-stylos, porte-post-it, 3 types de bacs de rangement diff\u00e9rents, porte-documents A4 horizontal et vertical, r\u00e9alis\u00e9s en t\u00f4le pli\u00e9e \u00e0 la presse, ont \u00e9t\u00e9 con\u00e7us pour \u00eatre dispos\u00e9s et assembl\u00e9s en s\u00e9rie sur les deux c\u00f4t\u00e9s du panneau frontal, gr\u00e2ce \u00e0 leur forme profil\u00e9e particuli\u00e8re qui permet l\u2019interp\u00e9n\u00e9tration compl\u00e8te. \r\nDes pinces \u00e0 serrage appropri\u00e9es permettent d\u2019int\u00e9grer parfaitement les panneaux frontaux acoustiques aux plans de travail.\r\nLa possibilit\u00e9 de fixation autoportante est \u00e9galement permise par ce deuxi\u00e8me type de pince \u00e0 serrage qui permet d'assembler un panneau frontal acoustique, de la m\u00eame longueur ou plus petit que le plateau, au plan de travail, comme pour les \u00e9crans en m\u00e9lamin\u00e9.\r\nUne fois assembl\u00e9 au bureau, le panneau frontal, acoustique ou en m\u00e9lamin\u00e9, pr\u00e9sente une hauteur conforme au syst\u00e8me de rangement lat\u00e9ral avec \u00e9tag\u00e8re coulissante, qui peut \u00eatre approch\u00e9 des plans de travail de profondeur 80 cm.\r\n","_et_gb_content_width":""},"product_brand":[],"product_cat":[151],"product_tag":[241],"class_list":{"0":"post-257693","1":"product","2":"type-product","3":"status-publish","4":"has-post-thumbnail","6":"product_cat-bureaux-operationnels","7":"product_tag-livraison-rapide","9":"first","10":"instock","11":"shipping-taxable","12":"purchasable","13":"product-type-simple"},"yoast_head":"<!-- This site is optimized with the Yoast SEO plugin v27.4 - https:\/\/yoast.com\/product\/yoast-seo-wordpress\/ -->\n<title>Ennepi | CUF Milano<\/title>\n<meta name=\"description\" content=\"Scopri Ennepi di CUF Milano. Mobili e arredamento di design. Contattaci per maggiori informazioni.\" \/>\n<meta name=\"robots\" content=\"index, follow, max-snippet:-1, max-image-preview:large, max-video-preview:-1\" \/>\n<link rel=\"canonical\" href=\"https:\/\/www.cufmilano.com\/fr\/produit\/ennepi\/\" \/>\n<meta property=\"og:locale\" content=\"fr_FR\" \/>\n<meta property=\"og:type\" content=\"article\" \/>\n<meta property=\"og:title\" content=\"Ennepi | CUF Milano\" \/>\n<meta property=\"og:description\" content=\"Scopri Ennepi di CUF Milano. Mobili e arredamento di design. Contattaci per maggiori informazioni.\" \/>\n<meta property=\"og:url\" content=\"https:\/\/www.cufmilano.com\/fr\/produit\/ennepi\/\" \/>\n<meta property=\"og:site_name\" content=\"CUF Milano | Furnishing and Design Office Furniture\" \/>\n<meta property=\"article:modified_time\" content=\"2024-01-30T09:49:55+00:00\" \/>\n<meta property=\"og:image\" content=\"https:\/\/www.cufmilano.com\/wp-content\/uploads\/2021\/07\/ennepi-banner-prodotto-new.jpg\" \/>\n\t<meta property=\"og:image:width\" content=\"1920\" \/>\n\t<meta property=\"og:image:height\" content=\"640\" \/>\n\t<meta property=\"og:image:type\" content=\"image\/jpeg\" \/>\n<meta name=\"twitter:card\" content=\"summary_large_image\" \/>\n<meta name=\"twitter:label1\" content=\"Dur\u00e9e de lecture estim\u00e9e\" \/>\n\t<meta name=\"twitter:data1\" content=\"19 minutes\" \/>\n<script type=\"application\/ld+json\" class=\"yoast-schema-graph\">{\"@context\":\"https:\\\/\\\/schema.org\",\"@graph\":[{\"@type\":\"WebPage\",\"@id\":\"https:\\\/\\\/www.cufmilano.com\\\/fr\\\/produit\\\/ennepi\\\/\",\"url\":\"https:\\\/\\\/www.cufmilano.com\\\/fr\\\/produit\\\/ennepi\\\/\",\"name\":\"Ennepi | CUF Milano\",\"isPartOf\":{\"@id\":\"https:\\\/\\\/www.cufmilano.com\\\/fr\\\/#website\"},\"primaryImageOfPage\":{\"@id\":\"https:\\\/\\\/www.cufmilano.com\\\/fr\\\/produit\\\/ennepi\\\/#primaryimage\"},\"image\":{\"@id\":\"https:\\\/\\\/www.cufmilano.com\\\/fr\\\/produit\\\/ennepi\\\/#primaryimage\"},\"thumbnailUrl\":\"https:\\\/\\\/www.cufmilano.com\\\/wp-content\\\/uploads\\\/2021\\\/07\\\/ennepi-banner-prodotto-new.jpg\",\"datePublished\":\"2021-07-10T21:20:07+00:00\",\"dateModified\":\"2024-01-30T09:49:55+00:00\",\"description\":\"Scopri Ennepi di CUF Milano. Mobili e arredamento di design. Contattaci per maggiori informazioni.\",\"breadcrumb\":{\"@id\":\"https:\\\/\\\/www.cufmilano.com\\\/fr\\\/produit\\\/ennepi\\\/#breadcrumb\"},\"inLanguage\":\"fr-FR\",\"potentialAction\":[{\"@type\":\"ReadAction\",\"target\":[\"https:\\\/\\\/www.cufmilano.com\\\/fr\\\/produit\\\/ennepi\\\/\"]}]},{\"@type\":\"ImageObject\",\"inLanguage\":\"fr-FR\",\"@id\":\"https:\\\/\\\/www.cufmilano.com\\\/fr\\\/produit\\\/ennepi\\\/#primaryimage\",\"url\":\"https:\\\/\\\/www.cufmilano.com\\\/wp-content\\\/uploads\\\/2021\\\/07\\\/ennepi-banner-prodotto-new.jpg\",\"contentUrl\":\"https:\\\/\\\/www.cufmilano.com\\\/wp-content\\\/uploads\\\/2021\\\/07\\\/ennepi-banner-prodotto-new.jpg\",\"width\":1920,\"height\":640},{\"@type\":\"BreadcrumbList\",\"@id\":\"https:\\\/\\\/www.cufmilano.com\\\/fr\\\/produit\\\/ennepi\\\/#breadcrumb\",\"itemListElement\":[{\"@type\":\"ListItem\",\"position\":1,\"name\":\"Home\",\"item\":\"https:\\\/\\\/www.cufmilano.com\\\/fr\\\/\"},{\"@type\":\"ListItem\",\"position\":2,\"name\":\"Produits\",\"item\":\"https:\\\/\\\/www.cufmilano.com\\\/fr\\\/shop\\\/\"},{\"@type\":\"ListItem\",\"position\":3,\"name\":\"Ennepi\"}]},{\"@type\":\"WebSite\",\"@id\":\"https:\\\/\\\/www.cufmilano.com\\\/fr\\\/#website\",\"url\":\"https:\\\/\\\/www.cufmilano.com\\\/fr\\\/\",\"name\":\"CUF Milano | Furnishing and Design Office Furniture\",\"description\":\"CUF Milano is specialized in the sale and production of design office furniture, chairs, armchairs, cabinets and partitions.\",\"potentialAction\":[{\"@type\":\"SearchAction\",\"target\":{\"@type\":\"EntryPoint\",\"urlTemplate\":\"https:\\\/\\\/www.cufmilano.com\\\/fr\\\/?s={search_term_string}\"},\"query-input\":{\"@type\":\"PropertyValueSpecification\",\"valueRequired\":true,\"valueName\":\"search_term_string\"}}],\"inLanguage\":\"fr-FR\"}]}<\/script>\n<!-- \/ Yoast SEO plugin. -->","yoast_head_json":{"title":"Ennepi | CUF Milano","description":"Scopri Ennepi di CUF Milano. Mobili e arredamento di design. Contattaci per maggiori informazioni.","robots":{"index":"index","follow":"follow","max-snippet":"max-snippet:-1","max-image-preview":"max-image-preview:large","max-video-preview":"max-video-preview:-1"},"canonical":"https:\/\/www.cufmilano.com\/fr\/produit\/ennepi\/","og_locale":"fr_FR","og_type":"article","og_title":"Ennepi | CUF Milano","og_description":"Scopri Ennepi di CUF Milano. Mobili e arredamento di design. Contattaci per maggiori informazioni.","og_url":"https:\/\/www.cufmilano.com\/fr\/produit\/ennepi\/","og_site_name":"CUF Milano | Furnishing and Design Office Furniture","article_modified_time":"2024-01-30T09:49:55+00:00","og_image":[{"width":1920,"height":640,"url":"https:\/\/www.cufmilano.com\/wp-content\/uploads\/2021\/07\/ennepi-banner-prodotto-new.jpg","type":"image\/jpeg"}],"twitter_card":"summary_large_image","twitter_misc":{"Dur\u00e9e de lecture estim\u00e9e":"19 minutes"},"schema":{"@context":"https:\/\/schema.org","@graph":[{"@type":"WebPage","@id":"https:\/\/www.cufmilano.com\/fr\/produit\/ennepi\/","url":"https:\/\/www.cufmilano.com\/fr\/produit\/ennepi\/","name":"Ennepi | CUF Milano","isPartOf":{"@id":"https:\/\/www.cufmilano.com\/fr\/#website"},"primaryImageOfPage":{"@id":"https:\/\/www.cufmilano.com\/fr\/produit\/ennepi\/#primaryimage"},"image":{"@id":"https:\/\/www.cufmilano.com\/fr\/produit\/ennepi\/#primaryimage"},"thumbnailUrl":"https:\/\/www.cufmilano.com\/wp-content\/uploads\/2021\/07\/ennepi-banner-prodotto-new.jpg","datePublished":"2021-07-10T21:20:07+00:00","dateModified":"2024-01-30T09:49:55+00:00","description":"Scopri Ennepi di CUF Milano. Mobili e arredamento di design. Contattaci per maggiori informazioni.","breadcrumb":{"@id":"https:\/\/www.cufmilano.com\/fr\/produit\/ennepi\/#breadcrumb"},"inLanguage":"fr-FR","potentialAction":[{"@type":"ReadAction","target":["https:\/\/www.cufmilano.com\/fr\/produit\/ennepi\/"]}]},{"@type":"ImageObject","inLanguage":"fr-FR","@id":"https:\/\/www.cufmilano.com\/fr\/produit\/ennepi\/#primaryimage","url":"https:\/\/www.cufmilano.com\/wp-content\/uploads\/2021\/07\/ennepi-banner-prodotto-new.jpg","contentUrl":"https:\/\/www.cufmilano.com\/wp-content\/uploads\/2021\/07\/ennepi-banner-prodotto-new.jpg","width":1920,"height":640},{"@type":"BreadcrumbList","@id":"https:\/\/www.cufmilano.com\/fr\/produit\/ennepi\/#breadcrumb","itemListElement":[{"@type":"ListItem","position":1,"name":"Home","item":"https:\/\/www.cufmilano.com\/fr\/"},{"@type":"ListItem","position":2,"name":"Produits","item":"https:\/\/www.cufmilano.com\/fr\/shop\/"},{"@type":"ListItem","position":3,"name":"Ennepi"}]},{"@type":"WebSite","@id":"https:\/\/www.cufmilano.com\/fr\/#website","url":"https:\/\/www.cufmilano.com\/fr\/","name":"CUF Milano | Furnishing and Design Office Furniture","description":"CUF Milano is specialized in the sale and production of design office furniture, chairs, armchairs, cabinets and partitions.","potentialAction":[{"@type":"SearchAction","target":{"@type":"EntryPoint","urlTemplate":"https:\/\/www.cufmilano.com\/fr\/?s={search_term_string}"},"query-input":{"@type":"PropertyValueSpecification","valueRequired":true,"valueName":"search_term_string"}}],"inLanguage":"fr-FR"}]}},"_links":{"self":[{"href":"https:\/\/www.cufmilano.com\/fr\/wp-json\/wp\/v2\/product\/257693","targetHints":{"allow":["GET"]}}],"collection":[{"href":"https:\/\/www.cufmilano.com\/fr\/wp-json\/wp\/v2\/product"}],"about":[{"href":"https:\/\/www.cufmilano.com\/fr\/wp-json\/wp\/v2\/types\/product"}],"replies":[{"embeddable":true,"href":"https:\/\/www.cufmilano.com\/fr\/wp-json\/wp\/v2\/comments?post=257693"}],"wp:featuredmedia":[{"embeddable":true,"href":"https:\/\/www.cufmilano.com\/fr\/wp-json\/wp\/v2\/media\/255610"}],"wp:attachment":[{"href":"https:\/\/www.cufmilano.com\/fr\/wp-json\/wp\/v2\/media?parent=257693"}],"wp:term":[{"taxonomy":"product_brand","embeddable":true,"href":"https:\/\/www.cufmilano.com\/fr\/wp-json\/wp\/v2\/product_brand?post=257693"},{"taxonomy":"product_cat","embeddable":true,"href":"https:\/\/www.cufmilano.com\/fr\/wp-json\/wp\/v2\/product_cat?post=257693"},{"taxonomy":"product_tag","embeddable":true,"href":"https:\/\/www.cufmilano.com\/fr\/wp-json\/wp\/v2\/product_tag?post=257693"}],"curies":[{"name":"wp","href":"https:\/\/api.w.org\/{rel}","templated":true}]}}