{"id":276357,"date":"2024-10-15T08:34:10","date_gmt":"2024-10-15T06:34:10","guid":{"rendered":"https:\/\/www.cufmilano.com\/?post_type=product&#038;p=276357"},"modified":"2025-11-05T22:58:35","modified_gmt":"2025-11-05T21:58:35","slug":"bold-elevabile","status":"publish","type":"product","link":"https:\/\/www.cufmilano.com\/fr\/produit\/bold-elevabile\/","title":{"rendered":"Bold elevabile"},"content":{"rendered":"<p>[et_pb_section fb_built=\u00a0\u00bb1&Prime; admin_label=\u00a0\u00bbSezione briciole di pane\u00a0\u00bb _builder_version=\u00a0\u00bb4.16&Prime; use_background_color_gradient=\u00a0\u00bbon\u00a0\u00bb background_color_gradient_direction=\u00a0\u00bb90deg\u00a0\u00bb background_color_gradient_stops=\u00a0\u00bb#ffffff 77%|#a4a4a4 77%\u00a0\u00bb background_color_gradient_start=\u00a0\u00bb#ffffff\u00a0\u00bb background_color_gradient_start_position=\u00a0\u00bb77%\u00a0\u00bb background_color_gradient_end=\u00a0\u00bb#a4a4a4&Prime; background_color_gradient_end_position=\u00a0\u00bb77%\u00a0\u00bb max_height=\u00a0\u00bb201px\u00a0\u00bb custom_padding=\u00a0\u00bb0px||0px|||\u00a0\u00bb global_module=\u00a0\u00bb230691&Prime; saved_tabs=\u00a0\u00bball\u00a0\u00bb locked=\u00a0\u00bboff\u00a0\u00bb global_colors_info=\u00a0\u00bb{}\u00a0\u00bb][et_pb_row column_structure=\u00a0\u00bb3_5,2_5&Prime; _builder_version=\u00a0\u00bb4.16&Prime; background_color=\u00a0\u00bb#a4a4a4&Prime; width_tablet=\u00a0\u00bb90%\u00a0\u00bb width_phone=\u00a0\u00bb\u00a0\u00bb width_last_edited=\u00a0\u00bbon|tablet\u00a0\u00bb module_alignment=\u00a0\u00bbcenter\u00a0\u00bb max_height=\u00a0\u00bb40px\u00a0\u00bb max_height_tablet=\u00a0\u00bb\u00a0\u00bb max_height_phone=\u00a0\u00bb\u00a0\u00bb max_height_last_edited=\u00a0\u00bbon|desktop\u00a0\u00bb custom_padding=\u00a0\u00bb0px||0px|16px|true|false\u00a0\u00bb animation_style=\u00a0\u00bbslide\u00a0\u00bb animation_direction=\u00a0\u00bbright\u00a0\u00bb animation_duration=\u00a0\u00bb700ms\u00a0\u00bb animation_starting_opacity=\u00a0\u00bb100%\u00a0\u00bb global_colors_info=\u00a0\u00bb{}\u00a0\u00bb][et_pb_column type=\u00a0\u00bb3_5&Prime; _builder_version=\u00a0\u00bb4.16&Prime; custom_css_main_element=\u00a0\u00bbmargin-bottom: 0;\u00a0\u00bb global_colors_info=\u00a0\u00bb{}\u00a0\u00bb][et_pb_wc_breadcrumb admin_label=\u00a0\u00bbWoo Briciole di Pane\u00a0\u00bb _builder_version=\u00a0\u00bb4.18.0&Prime; body_font=\u00a0\u00bbJosefin Sans||||||||\u00a0\u00bb body_text_color=\u00a0\u00bb#ffffff\u00a0\u00bb body_font_size=\u00a0\u00bb14px\u00a0\u00bb body_line_height=\u00a0\u00bb40px\u00a0\u00bb height=\u00a0\u00bb40px\u00a0\u00bb custom_margin=\u00a0\u00bb0em|0em|0px||false|false\u00a0\u00bb locked=\u00a0\u00bboff\u00a0\u00bb global_colors_info=\u00a0\u00bb{}\u00a0\u00bb][\/et_pb_wc_breadcrumb][\/et_pb_column][et_pb_column type=\u00a0\u00bb2_5&Prime; _builder_version=\u00a0\u00bb4.16&Prime; global_colors_info=\u00a0\u00bb{}\u00a0\u00bb][\/et_pb_column][\/et_pb_row][\/et_pb_section][et_pb_section fb_built=\u00a0\u00bb1&Prime; admin_label=\u00a0\u00bbImmagine principale tutta pagina\u00a0\u00bb _builder_version=\u00a0\u00bb4.27.2&Prime; use_background_color_gradient=\u00a0\u00bbon\u00a0\u00bb background_color_gradient_direction=\u00a0\u00bb90deg\u00a0\u00bb background_color_gradient_stops=\u00a0\u00bbrgba(0,0,0,0.41) 0%|rgba(197,192,188,0) 100%\u00a0\u00bb background_color_gradient_overlays_image=\u00a0\u00bbon\u00a0\u00bb background_color_gradient_start=\u00a0\u00bbrgba(0,0,0,0.41)\u00a0\u00bb background_color_gradient_end=\u00a0\u00bbrgba(197,192,188,0)\u00a0\u00bb background_image=\u00a0\u00bbhttps:\/\/www.cufmilano.com\/wp-content\/uploads\/2024\/09\/bold-elevabile-banner.jpg\u00a0\u00bb custom_padding=\u00a0\u00bb8vw||0px||false|false\u00a0\u00bb background_last_edited=\u00a0\u00bbon|desktop\u00a0\u00bb use_background_color_gradient_tablet=\u00a0\u00bbon\u00a0\u00bb background_color_gradient_stops_tablet=\u00a0\u00bbrgba(0,0,0,0.41) 0%|rgba(197,192,188,0) 100%\u00a0\u00bb background_color_gradient_stops_phone=\u00a0\u00bbrgba(0,0,0,0.41) 0%|rgba(197,192,188,0) 100%\u00a0\u00bb background_color_gradient_overlays_image_tablet=\u00a0\u00bbon\u00a0\u00bb background_color_gradient_start_tablet=\u00a0\u00bbrgba(0,0,0,0.41)\u00a0\u00bb background_color_gradient_end_tablet=\u00a0\u00bbrgba(197,192,188,0)\u00a0\u00bb parallax_tablet=\u00a0\u00bboff\u00a0\u00bb saved_tabs=\u00a0\u00bball\u00a0\u00bb locked=\u00a0\u00bboff\u00a0\u00bb global_colors_info=\u00a0\u00bb{}\u00a0\u00bb background_color_gradient_start_tablet_preview_tablet=\u00a0\u00bb#c5c0bc\u00a0\u00bb background_color_gradient_end_tablet_preview_tablet=\u00a0\u00bb#c5c0bc\u00a0\u00bb][et_pb_row column_structure=\u00a0\u00bb3_5,2_5&Prime; _builder_version=\u00a0\u00bb4.16&Prime; custom_padding=\u00a0\u00bb||9vw||false|false\u00a0\u00bb global_colors_info=\u00a0\u00bb{}\u00a0\u00bb][et_pb_column type=\u00a0\u00bb3_5&Prime; _builder_version=\u00a0\u00bb4.16&Prime; global_colors_info=\u00a0\u00bb{}\u00a0\u00bb][et_pb_wc_title admin_label=\u00a0\u00bbWoo Titolo\u00a0\u00bb _builder_version=\u00a0\u00bb4.16&Prime; header_font=\u00a0\u00bb|600|||||||\u00a0\u00bb header_font_size=\u00a0\u00bb4.7vw\u00a0\u00bb header_line_height=\u00a0\u00bb0.9em\u00a0\u00bb background_layout=\u00a0\u00bbdark\u00a0\u00bb custom_margin=\u00a0\u00bb||15px|0px|false|false\u00a0\u00bb custom_padding=\u00a0\u00bb|||0px|false|false\u00a0\u00bb animation_style=\u00a0\u00bbfade\u00a0\u00bb header_text_color_tablet=\u00a0\u00bb\u00a0\u00bb header_text_color_phone=\u00a0\u00bb\u00a0\u00bb header_text_color_last_edited=\u00a0\u00bbon|desktop\u00a0\u00bb header_font_size_tablet=\u00a0\u00bb8vw\u00a0\u00bb header_font_size_phone=\u00a0\u00bb10vw\u00a0\u00bb header_font_size_last_edited=\u00a0\u00bbon|desktop\u00a0\u00bb locked=\u00a0\u00bboff\u00a0\u00bb global_colors_info=\u00a0\u00bb{}\u00a0\u00bb][\/et_pb_wc_title][et_pb_image src=\u00a0\u00bbhttps:\/\/www.cufmilano.com\/wp-content\/uploads\/2024\/10\/badge-coming-soon-cufmilano.jpg\u00a0\u00bb title_text=\u00a0\u00bbbadge-coming-soon-cufmilano\u00a0\u00bb _builder_version=\u00a0\u00bb4.27.4&Prime; _module_preset=\u00a0\u00bbdefault\u00a0\u00bb global_colors_info=\u00a0\u00bb{}\u00a0\u00bb locked=\u00a0\u00bboff\u00a0\u00bb][\/et_pb_image][et_pb_wc_description admin_label=\u00a0\u00bbWoo Descrizione breve tutta pagina\u00a0\u00bb _builder_version=\u00a0\u00bb4.16&Prime; body_font=\u00a0\u00bbJosefin Sans||||||||\u00a0\u00bb body_text_color=\u00a0\u00bb#ffffff\u00a0\u00bb body_font_size=\u00a0\u00bb15px\u00a0\u00bb body_line_height=\u00a0\u00bb2em\u00a0\u00bb background_layout=\u00a0\u00bbdark\u00a0\u00bb max_width=\u00a0\u00bb500px\u00a0\u00bb custom_margin=\u00a0\u00bb||||false|false\u00a0\u00bb custom_margin_tablet=\u00a0\u00bb0px||0px||false|false\u00a0\u00bb custom_margin_phone=\u00a0\u00bb\u00a0\u00bb custom_margin_last_edited=\u00a0\u00bbon|tablet\u00a0\u00bb custom_padding=\u00a0\u00bb0px||0px||false|false\u00a0\u00bb animation_style=\u00a0\u00bbfade\u00a0\u00bb animation_delay=\u00a0\u00bb100ms\u00a0\u00bb custom_css_main_element=\u00a0\u00bbfont-weight: 400;\u00a0\u00bb global_colors_info=\u00a0\u00bb{}\u00a0\u00bb][\/et_pb_wc_description][et_pb_button button_url=\u00a0\u00bb#footer\u00a0\u00bb button_text=\u00a0\u00bbDemander d&rsquo;information\u00a0\u00bb admin_label=\u00a0\u00bbPulsante Richiesta Informazioni tutta pagina\u00a0\u00bb _builder_version=\u00a0\u00bb4.27.2&Prime; custom_button=\u00a0\u00bbon\u00a0\u00bb button_text_size=\u00a0\u00bb13px\u00a0\u00bb button_text_color=\u00a0\u00bb#666666&Prime; button_bg_color=\u00a0\u00bb#ffffff\u00a0\u00bb button_border_width=\u00a0\u00bb1px\u00a0\u00bb button_border_color=\u00a0\u00bb#ffffff\u00a0\u00bb button_border_radius=\u00a0\u00bb0px\u00a0\u00bb button_letter_spacing=\u00a0\u00bb1px\u00a0\u00bb button_font=\u00a0\u00bb|700||on|||||\u00a0\u00bb button_icon=\u00a0\u00bb&#x33;||divi||400&Prime; custom_margin=\u00a0\u00bb||||false|false\u00a0\u00bb custom_padding=\u00a0\u00bb18px|40px|18px|40px|true|true\u00a0\u00bb animation_style=\u00a0\u00bbfade\u00a0\u00bb animation_delay=\u00a0\u00bb100ms\u00a0\u00bb locked=\u00a0\u00bboff\u00a0\u00bb global_colors_info=\u00a0\u00bb{}\u00a0\u00bb][\/et_pb_button][\/et_pb_column][et_pb_column type=\u00a0\u00bb2_5&Prime; _builder_version=\u00a0\u00bb4.16&Prime; global_colors_info=\u00a0\u00bb{}\u00a0\u00bb][\/et_pb_column][\/et_pb_row][\/et_pb_section][et_pb_section fb_built=\u00a0\u00bb1&Prime; specialty=\u00a0\u00bbon\u00a0\u00bb padding_right_1=\u00a0\u00bb0px\u00a0\u00bb padding_right_2=\u00a0\u00bb0px\u00a0\u00bb padding_left_1=\u00a0\u00bb0px\u00a0\u00bb padding_left_2=\u00a0\u00bb0px\u00a0\u00bb padding_top_bottom_link_1=\u00a0\u00bbfalse\u00a0\u00bb padding_top_bottom_link_2=\u00a0\u00bbfalse\u00a0\u00bb padding_left_right_link_1=\u00a0\u00bbfalse\u00a0\u00bb padding_left_right_link_2=\u00a0\u00bbfalse\u00a0\u00bb admin_label=\u00a0\u00bbFR Sezione descrizione + gallery\u00a0\u00bb _builder_version=\u00a0\u00bb4.16&Prime; _module_preset=\u00a0\u00bbdefault\u00a0\u00bb background_enable_color=\u00a0\u00bboff\u00a0\u00bb inner_width=\u00a0\u00bb80%\u00a0\u00bb inner_max_width=\u00a0\u00bb1241px\u00a0\u00bb inner_module_alignment=\u00a0\u00bbcenter\u00a0\u00bb custom_margin=\u00a0\u00bb|0px||0px|false|false\u00a0\u00bb custom_padding=\u00a0\u00bb|0px|0px|0px|false|false\u00a0\u00bb locked=\u00a0\u00bboff\u00a0\u00bb collapsed=\u00a0\u00bboff\u00a0\u00bb global_colors_info=\u00a0\u00bb{}\u00a0\u00bb][et_pb_column type=\u00a0\u00bb1_2&Prime; _builder_version=\u00a0\u00bb4.16&Prime; custom_padding=\u00a0\u00bb|||\u00a0\u00bb global_colors_info=\u00a0\u00bb{}\u00a0\u00bb custom_padding__hover=\u00a0\u00bb|||\u00a0\u00bb][et_pb_wc_description description_type=\u00a0\u00bbdescription\u00a0\u00bb _builder_version=\u00a0\u00bb4.16&Prime; body_font=\u00a0\u00bb||||||||\u00a0\u00bb body_line_height=\u00a0\u00bb1.8em\u00a0\u00bb text_orientation=\u00a0\u00bbjustified\u00a0\u00bb custom_margin=\u00a0\u00bb|0px||0px|false|false\u00a0\u00bb custom_padding=\u00a0\u00bb|0px||0px|false|false\u00a0\u00bb global_colors_info=\u00a0\u00bb{}\u00a0\u00bb][\/et_pb_wc_description][et_pb_video src=\u00a0\u00bbhttps:\/\/youtu.be\/h-49_7Srx4A\u00a0\u00bb thumbnail_overlay_color=\u00a0\u00bbrgba(0,0,0,0.6)\u00a0\u00bb _builder_version=\u00a0\u00bb4.27.2&Prime; _module_preset=\u00a0\u00bbdefault\u00a0\u00bb locked=\u00a0\u00bboff\u00a0\u00bb global_colors_info=\u00a0\u00bb{}\u00a0\u00bb][\/et_pb_video][\/et_pb_column][et_pb_column type=\u00a0\u00bb1_2&Prime; specialty_columns=\u00a0\u00bb2&Prime; _builder_version=\u00a0\u00bb4.16&Prime; custom_padding=\u00a0\u00bb|||\u00a0\u00bb global_colors_info=\u00a0\u00bb{}\u00a0\u00bb custom_padding__hover=\u00a0\u00bb|||\u00a0\u00bb][et_pb_row_inner _builder_version=\u00a0\u00bb4.16&Prime; _module_preset=\u00a0\u00bbdefault\u00a0\u00bb custom_margin=\u00a0\u00bb||0px||false|false\u00a0\u00bb custom_padding=\u00a0\u00bb||30px||false|false\u00a0\u00bb global_colors_info=\u00a0\u00bb{}\u00a0\u00bb][et_pb_column_inner saved_specialty_column_type=\u00a0\u00bb1_2&Prime; _builder_version=\u00a0\u00bb4.16&Prime; _module_preset=\u00a0\u00bbdefault\u00a0\u00bb global_colors_info=\u00a0\u00bb{}\u00a0\u00bb][et_pb_wc_gallery _builder_version=\u00a0\u00bb4.16&Prime; module_alignment=\u00a0\u00bbcenter\u00a0\u00bb custom_margin=\u00a0\u00bb0px||0px||false|false\u00a0\u00bb auto=\u00a0\u00bbon\u00a0\u00bb global_colors_info=\u00a0\u00bb{}\u00a0\u00bb][\/et_pb_wc_gallery][\/et_pb_column_inner][\/et_pb_row_inner][et_pb_row_inner _builder_version=\u00a0\u00bb4.16&Prime; _module_preset=\u00a0\u00bbdefault\u00a0\u00bb custom_margin=\u00a0\u00bb0px||||false|false\u00a0\u00bb custom_padding=\u00a0\u00bb0px||||false|false\u00a0\u00bb global_colors_info=\u00a0\u00bb{}\u00a0\u00bb][et_pb_column_inner saved_specialty_column_type=\u00a0\u00bb1_2&Prime; _builder_version=\u00a0\u00bb4.16&Prime; _module_preset=\u00a0\u00bbdefault\u00a0\u00bb custom_css_main_element=\u00a0\u00bbdisplay: flex;\u00a0\u00bb global_colors_info=\u00a0\u00bb{}\u00a0\u00bb][et_pb_button button_url=\u00a0\u00bb\/fr\/demander-un-devis\/\u00a0\u00bb button_text=\u00a0\u00bbDemander un Devis\u00a0\u00bb admin_label=\u00a0\u00bbRichiedi preventivo\u00a0\u00bb _builder_version=\u00a0\u00bb4.18.0&Prime; custom_button=\u00a0\u00bbon\u00a0\u00bb button_text_size=\u00a0\u00bb13px\u00a0\u00bb button_text_color=\u00a0\u00bb#FFFFFF\u00a0\u00bb button_bg_color=\u00a0\u00bb#666666&Prime; button_border_width=\u00a0\u00bb1px\u00a0\u00bb button_border_color=\u00a0\u00bb#666666&Prime; button_border_radius=\u00a0\u00bb0px\u00a0\u00bb button_letter_spacing=\u00a0\u00bb1px\u00a0\u00bb button_font=\u00a0\u00bb|700||on|||||\u00a0\u00bb button_icon=\u00a0\u00bb&#x35;||divi||400&Prime; button_icon_color=\u00a0\u00bb#FFFFFF\u00a0\u00bb custom_margin=\u00a0\u00bb0px|20px|||false|false\u00a0\u00bb custom_padding=\u00a0\u00bb14px|31px|14px|31px|true|true\u00a0\u00bb locked=\u00a0\u00bboff\u00a0\u00bb global_colors_info=\u00a0\u00bb{}\u00a0\u00bb][\/et_pb_button][et_pb_button button_url=\u00a0\u00bb#footer\u00a0\u00bb button_text=\u00a0\u00bbDemande d&rsquo;Informations\u00a0\u00bb admin_label=\u00a0\u00bbPulsante Richiesta Informazioni 2&Prime; _builder_version=\u00a0\u00bb4.18.0&Prime; custom_button=\u00a0\u00bbon\u00a0\u00bb button_text_size=\u00a0\u00bb13px\u00a0\u00bb button_text_color=\u00a0\u00bb#666666&Prime; button_bg_color=\u00a0\u00bb#ffffff\u00a0\u00bb button_border_width=\u00a0\u00bb1px\u00a0\u00bb button_border_color=\u00a0\u00bb#666666&Prime; button_border_radius=\u00a0\u00bb0px\u00a0\u00bb button_letter_spacing=\u00a0\u00bb1px\u00a0\u00bb button_font=\u00a0\u00bb|700||on|||||\u00a0\u00bb button_icon=\u00a0\u00bb&#x33;||divi||400&Prime; button_icon_color=\u00a0\u00bb#666666&Prime; custom_margin=\u00a0\u00bb0px||||false|false\u00a0\u00bb custom_padding=\u00a0\u00bb14px|31px|14px|31px|true|true\u00a0\u00bb locked=\u00a0\u00bboff\u00a0\u00bb global_colors_info=\u00a0\u00bb{}\u00a0\u00bb][\/et_pb_button][\/et_pb_column_inner][\/et_pb_row_inner][\/et_pb_column][\/et_pb_section][et_pb_section fb_built=\u00a0\u00bb1&Prime; admin_label=\u00a0\u00bbDesigner\u00a0\u00bb _builder_version=\u00a0\u00bb4.16&Prime; _module_preset=\u00a0\u00bbdefault\u00a0\u00bb custom_margin=\u00a0\u00bb20px||||false|false\u00a0\u00bb custom_padding=\u00a0\u00bb0px||||false|false\u00a0\u00bb animation_style=\u00a0\u00bbslide\u00a0\u00bb animation_direction=\u00a0\u00bbbottom\u00a0\u00bb saved_tabs=\u00a0\u00bball\u00a0\u00bb locked=\u00a0\u00bboff\u00a0\u00bb collapsed=\u00a0\u00bboff\u00a0\u00bb global_colors_info=\u00a0\u00bb{}\u00a0\u00bb][et_pb_row admin_label=\u00a0\u00bbFR Riga titolo Designer\u00a0\u00bb _builder_version=\u00a0\u00bb4.16&Prime; _module_preset=\u00a0\u00bbdefault\u00a0\u00bb custom_margin=\u00a0\u00bb0px||0px||false|false\u00a0\u00bb custom_padding=\u00a0\u00bb0px||0px||false|false\u00a0\u00bb border_color_bottom=\u00a0\u00bb#999999&Prime; global_module=\u00a0\u00bb232537&Prime; saved_tabs=\u00a0\u00bball\u00a0\u00bb global_colors_info=\u00a0\u00bb{}\u00a0\u00bb][et_pb_column type=\u00a0\u00bb4_4&Prime; _builder_version=\u00a0\u00bb4.16&Prime; _module_preset=\u00a0\u00bbdefault\u00a0\u00bb global_colors_info=\u00a0\u00bb{}\u00a0\u00bb][et_pb_text admin_label=\u00a0\u00bbFR Titolo\u00a0\u00bb _builder_version=\u00a0\u00bb4.16&Prime; _module_preset=\u00a0\u00bbdefault\u00a0\u00bb text_font=\u00a0\u00bb||||||||\u00a0\u00bb text_font_size=\u00a0\u00bb42px\u00a0\u00bb custom_margin=\u00a0\u00bb5px||||false|false\u00a0\u00bb global_colors_info=\u00a0\u00bb{}\u00a0\u00bb]<\/p>\n<p>Designer<\/p>\n<p>[\/et_pb_text][\/et_pb_column][\/et_pb_row][et_pb_row column_structure=\u00a0\u00bb1_4,3_4&Prime; use_custom_gutter=\u00a0\u00bbon\u00a0\u00bb gutter_width=\u00a0\u00bb2&Prime; admin_label=\u00a0\u00bbstart-up Vitesy e Wasp, coordinate dall\u2019Arch. Matteo Silverio\u00a0\u00bb _builder_version=\u00a0\u00bb4.16&Prime; _module_preset=\u00a0\u00bbdefault\u00a0\u00bb background_enable_color=\u00a0\u00bboff\u00a0\u00bb module_alignment=\u00a0\u00bbcenter\u00a0\u00bb custom_margin=\u00a0\u00bb20px||||false|false\u00a0\u00bb custom_padding=\u00a0\u00bb||10px||false|false\u00a0\u00bb saved_tabs=\u00a0\u00bball\u00a0\u00bb global_colors_info=\u00a0\u00bb{}\u00a0\u00bb][et_pb_column type=\u00a0\u00bb1_4&Prime; _builder_version=\u00a0\u00bb4.16&Prime; _module_preset=\u00a0\u00bbdefault\u00a0\u00bb global_colors_info=\u00a0\u00bb{}\u00a0\u00bb][et_pb_image src=\u00a0\u00bbhttps:\/\/www.cufmilano.com\/wp-content\/uploads\/2022\/03\/silverio-designer-cufmilano.jpg\u00a0\u00bb title_text=\u00a0\u00bbsilverio-designer-cufmilano\u00a0\u00bb _builder_version=\u00a0\u00bb4.19.4&Prime; _module_preset=\u00a0\u00bbdefault\u00a0\u00bb z_index=\u00a0\u00bb200&Prime; max_width=\u00a0\u00bb280px\u00a0\u00bb custom_margin=\u00a0\u00bb||||false|false\u00a0\u00bb global_colors_info=\u00a0\u00bb{}\u00a0\u00bb][\/et_pb_image][\/et_pb_column][et_pb_column type=\u00a0\u00bb3_4&Prime; _builder_version=\u00a0\u00bb4.16&Prime; _module_preset=\u00a0\u00bbdefault\u00a0\u00bb global_colors_info=\u00a0\u00bb{}\u00a0\u00bb][et_pb_text _builder_version=\u00a0\u00bb4.19.4&Prime; _module_preset=\u00a0\u00bbdefault\u00a0\u00bb text_font=\u00a0\u00bb||||||||\u00a0\u00bb text_font_size=\u00a0\u00bb23px\u00a0\u00bb custom_margin=\u00a0\u00bb0px||10px||false|false\u00a0\u00bb global_colors_info=\u00a0\u00bb{}\u00a0\u00bb]<\/p>\n<p>Arch. Matteo Silverio<\/p>\n<p>[\/et_pb_text][et_pb_text _builder_version=\u00a0\u00bb4.27.2&Prime; text_font=\u00a0\u00bb||||||||\u00a0\u00bb text_text_color=\u00a0\u00bbrgba(5,20,45,0.55)\u00a0\u00bb text_line_height=\u00a0\u00bb1.8em\u00a0\u00bb max_width_tablet=\u00a0\u00bb100%\u00a0\u00bb max_width_phone=\u00a0\u00bb\u00a0\u00bb max_width_last_edited=\u00a0\u00bbon|phone\u00a0\u00bb custom_margin=\u00a0\u00bb0px||||false|false\u00a0\u00bb locked=\u00a0\u00bboff\u00a0\u00bb global_colors_info=\u00a0\u00bb{}\u00a0\u00bb]<\/p>\n<p>Matteo Silverio est un architecte et chercheur v\u00e9nitien expert en design informatique et num\u00e9rique. <br \/>Au cours de sa carri\u00e8re professionnelle, il a collabor\u00e9 avec plusieurs entreprises internationales o\u00f9 il jouait le r\u00f4le de lead designer et project manager dans le d\u00e9veloppement de projets innovants, dont beaucoup ont remport\u00e9 des concours internationaux. <br \/>Depuis 2017, il dirige une \u00e9quipe pluridisciplinaire bas\u00e9e \u00e0 Murano (matteosilverio.com) avec laquelle il soutient et d\u00e9veloppe des projets \u00e0 diff\u00e9rents niveaux et secteurs, en utilisant des connaissances horizontales et en contaminant des zones \u201c\u00e9loign\u00e9es\u201d entre elles : le coding pour optimiser les formes ou minimiser les d\u00e9chets, la biologie pour peindre et produire l\u2019\u00e9nergie, la chimie pour transformer les d\u00e9chets en \u0153uvres d\u2019art dans une perspective d\u2019\u00e9conomie circulaire. Plusieurs projets lui ont \u00e9t\u00e9 publi\u00e9s dans des magazines et des livres et expos\u00e9s dans de prestigieux mus\u00e9es ou institutions comme la Mint Gallery et la Saatchi Gallery (Londres), le Design Museum de Duba\u00ef et le Corning Museum of Glass (New York). En plus de son studio professionnel, Matteo soutient des activit\u00e9s d\u2019enseignement et de recherche dans le domaine du design informatique et num\u00e9rique, avec une attention particuli\u00e8re aux questions li\u00e9es \u00e0 la durabilit\u00e9 environnementale et \u00e0 l\u2019\u00e9conomie circulaire. Il est actuellement charg\u00e9 de cours \u00e0 l\u2019Acad\u00e9mie des Beaux-Arts de Rovereto, \u00e0 l\u2019Institut Europ\u00e9en de Design (IED) de Venise et \u00e0 l\u2019Universit\u00e9 IUAV de Venise.<\/p>\n<p>[\/et_pb_text][\/et_pb_column][\/et_pb_row][\/et_pb_section][et_pb_section fb_built=\u00a0\u00bb1&Prime; admin_label=\u00a0\u00bbFiniture\u00a0\u00bb _builder_version=\u00a0\u00bb4.16&Prime; _module_preset=\u00a0\u00bbdefault\u00a0\u00bb custom_margin=\u00a0\u00bb20px||||false|false\u00a0\u00bb custom_padding=\u00a0\u00bb0px||||false|false\u00a0\u00bb animation_style=\u00a0\u00bbslide\u00a0\u00bb animation_direction=\u00a0\u00bbbottom\u00a0\u00bb saved_tabs=\u00a0\u00bball\u00a0\u00bb locked=\u00a0\u00bboff\u00a0\u00bb collapsed=\u00a0\u00bboff\u00a0\u00bb global_colors_info=\u00a0\u00bb{}\u00a0\u00bb][et_pb_row admin_label=\u00a0\u00bbFR Riga titolo Finiture\u00a0\u00bb _builder_version=\u00a0\u00bb4.16&Prime; _module_preset=\u00a0\u00bbdefault\u00a0\u00bb custom_padding=\u00a0\u00bb||20px||false|false\u00a0\u00bb global_module=\u00a0\u00bb232541&Prime; saved_tabs=\u00a0\u00bball\u00a0\u00bb locked=\u00a0\u00bboff\u00a0\u00bb global_colors_info=\u00a0\u00bb{}\u00a0\u00bb][et_pb_column type=\u00a0\u00bb4_4&Prime; _builder_version=\u00a0\u00bb4.16&Prime; _module_preset=\u00a0\u00bbdefault\u00a0\u00bb global_colors_info=\u00a0\u00bb{}\u00a0\u00bb][et_pb_text admin_label=\u00a0\u00bbFR Texte\u00a0\u00bb _builder_version=\u00a0\u00bb4.18.0&Prime; _module_preset=\u00a0\u00bbdefault\u00a0\u00bb text_font_size=\u00a0\u00bb42px\u00a0\u00bb custom_padding=\u00a0\u00bb||0px||false|false\u00a0\u00bb global_colors_info=\u00a0\u00bb{}\u00a0\u00bb]<\/p>\n<p>Finitions<\/p>\n<p>[\/et_pb_text][\/et_pb_column][\/et_pb_row][et_pb_row column_structure=\u00a0\u00bb1_4,1_4,1_4,1_4&Prime; use_custom_gutter=\u00a0\u00bbon\u00a0\u00bb gutter_width=\u00a0\u00bb2&Prime; admin_label=\u00a0\u00bbfiniture con file da scaricare\u00a0\u00bb _builder_version=\u00a0\u00bb4.16&Prime; _module_preset=\u00a0\u00bbdefault\u00a0\u00bb background_enable_color=\u00a0\u00bboff\u00a0\u00bb module_alignment=\u00a0\u00bbcenter\u00a0\u00bb custom_margin=\u00a0\u00bb0px||||false|false\u00a0\u00bb custom_padding=\u00a0\u00bb||10px||false|false\u00a0\u00bb saved_tabs=\u00a0\u00bball\u00a0\u00bb locked=\u00a0\u00bboff\u00a0\u00bb global_colors_info=\u00a0\u00bb{}\u00a0\u00bb][et_pb_column type=\u00a0\u00bb1_4&Prime; _builder_version=\u00a0\u00bb4.16&Prime; _module_preset=\u00a0\u00bbdefault\u00a0\u00bb custom_padding=\u00a0\u00bb|0px||0px|false|false\u00a0\u00bb global_colors_info=\u00a0\u00bb{}\u00a0\u00bb][et_pb_image src=\u00a0\u00bbhttps:\/\/www.cufmilano.com\/wp-content\/uploads\/2020\/09\/attributi-2.png\u00a0\u00bb alt=\u00a0\u00bbicona scheda tecnica\u00a0\u00bb title_text=\u00a0\u00bbattributi\u00a0\u00bb admin_label=\u00a0\u00bbico Finiture\u00a0\u00bb _builder_version=\u00a0\u00bb4.16&Prime; _module_preset=\u00a0\u00bbdefault\u00a0\u00bb custom_margin=\u00a0\u00bb|10px|0px||false|false\u00a0\u00bb custom_padding=\u00a0\u00bb|0px|0px||false|false\u00a0\u00bb saved_tabs=\u00a0\u00bball\u00a0\u00bb global_colors_info=\u00a0\u00bb{}\u00a0\u00bb][\/et_pb_image][et_pb_toggle title=\u00a0\u00bbRev\u00eatements\u00a0\u00bb open_toggle_text_color=\u00a0\u00bb#666666&Prime; open_toggle_background_color=\u00a0\u00bbrgba(0,0,0,0)\u00a0\u00bb closed_toggle_text_color=\u00a0\u00bb#666666&Prime; closed_toggle_background_color=\u00a0\u00bbrgba(0,0,0,0)\u00a0\u00bb icon_color=\u00a0\u00bb#666666&Prime; open_icon_color=\u00a0\u00bb#666666&Prime; admin_label=\u00a0\u00bbFinuture\u00a0\u00bb _builder_version=\u00a0\u00bb4.27.2&Prime; _module_preset=\u00a0\u00bbdefault\u00a0\u00bb title_text_color=\u00a0\u00bb#666666&Prime; title_font_size=\u00a0\u00bb18px\u00a0\u00bb closed_title_font_size=\u00a0\u00bb18px\u00a0\u00bb body_text_color=\u00a0\u00bb#666666&Prime; body_link_text_color=\u00a0\u00bb#666666&Prime; background_color=\u00a0\u00bbrgba(0,0,0,0)\u00a0\u00bb custom_margin=\u00a0\u00bb||0px|0px|false|false\u00a0\u00bb custom_padding=\u00a0\u00bb|0px||0px|false|false\u00a0\u00bb border_width_top=\u00a0\u00bb0px\u00a0\u00bb border_width_right=\u00a0\u00bb0px\u00a0\u00bb border_color_bottom=\u00a0\u00bb#999999&Prime; border_width_left=\u00a0\u00bb0px\u00a0\u00bb locked=\u00a0\u00bboff\u00a0\u00bb global_colors_info=\u00a0\u00bb{}\u00a0\u00bb]<\/p>\n<ul>\n<li><a href=\"https:\/\/www.cufmilano.com\/wp-content\/uploads\/2023\/01\/bold-piani-nobilitati-cufmilano-ita.jpg\" target=\"_blank\" rel=\"noopener\">Plateaux en m\u00e9lamine<\/a><\/li>\n<li><a href=\"https:\/\/www.cufmilano.com\/wp-content\/uploads\/2023\/01\/Bold-madie-allunghi-cufmilano-ita-ok.jpg\" target=\"_blank\" rel=\"noopener\">Extensions et buffets<\/a><\/li>\n<\/ul>\n<p>[\/et_pb_toggle][\/et_pb_column][et_pb_column type=\u00a0\u00bb1_4&Prime; _builder_version=\u00a0\u00bb4.16&Prime; _module_preset=\u00a0\u00bbdefault\u00a0\u00bb global_colors_info=\u00a0\u00bb{}\u00a0\u00bb][\/et_pb_column][et_pb_column type=\u00a0\u00bb1_4&Prime; _builder_version=\u00a0\u00bb4.16&Prime; _module_preset=\u00a0\u00bbdefault\u00a0\u00bb global_colors_info=\u00a0\u00bb{}\u00a0\u00bb][\/et_pb_column][et_pb_column type=\u00a0\u00bb1_4&Prime; _builder_version=\u00a0\u00bb4.16&Prime; _module_preset=\u00a0\u00bbdefault\u00a0\u00bb global_colors_info=\u00a0\u00bb{}\u00a0\u00bb][\/et_pb_column][\/et_pb_row][\/et_pb_section][et_pb_section fb_built=\u00a0\u00bb1&Prime; admin_label=\u00a0\u00bbDownload\u00a0\u00bb _builder_version=\u00a0\u00bb4.16&Prime; _module_preset=\u00a0\u00bbdefault\u00a0\u00bb background_color=\u00a0\u00bb#f7f7f9&Prime; custom_margin=\u00a0\u00bb20px||||false|false\u00a0\u00bb custom_padding=\u00a0\u00bb40px||110px||false|false\u00a0\u00bb animation_style=\u00a0\u00bbslide\u00a0\u00bb animation_direction=\u00a0\u00bbbottom\u00a0\u00bb saved_tabs=\u00a0\u00bball\u00a0\u00bb locked=\u00a0\u00bboff\u00a0\u00bb collapsed=\u00a0\u00bboff\u00a0\u00bb global_colors_info=\u00a0\u00bb{}\u00a0\u00bb][et_pb_row use_custom_gutter=\u00a0\u00bbon\u00a0\u00bb gutter_width=\u00a0\u00bb2&Prime; admin_label=\u00a0\u00bbFR Riga titolo Download\u00a0\u00bb _builder_version=\u00a0\u00bb4.16&Prime; _module_preset=\u00a0\u00bbdefault\u00a0\u00bb background_enable_color=\u00a0\u00bboff\u00a0\u00bb module_alignment=\u00a0\u00bbcenter\u00a0\u00bb custom_margin=\u00a0\u00bb0px||||false|false\u00a0\u00bb custom_padding=\u00a0\u00bb||10px||false|false\u00a0\u00bb border_color_bottom=\u00a0\u00bb#999999&Prime; global_module=\u00a0\u00bb232553&Prime; saved_tabs=\u00a0\u00bball\u00a0\u00bb locked=\u00a0\u00bboff\u00a0\u00bb global_colors_info=\u00a0\u00bb{}\u00a0\u00bb][et_pb_column type=\u00a0\u00bb4_4&Prime; _builder_version=\u00a0\u00bb4.16&Prime; _module_preset=\u00a0\u00bbdefault\u00a0\u00bb global_colors_info=\u00a0\u00bb{}\u00a0\u00bb][et_pb_text admin_label=\u00a0\u00bbTitolo\u00a0\u00bb _builder_version=\u00a0\u00bb4.18.0&Prime; _module_preset=\u00a0\u00bbdefault\u00a0\u00bb text_font=\u00a0\u00bb||||||||\u00a0\u00bb text_font_size=\u00a0\u00bb42px\u00a0\u00bb custom_margin=\u00a0\u00bb5px||||false|false\u00a0\u00bb global_colors_info=\u00a0\u00bb{}\u00a0\u00bb]<\/p>\n<p>T\u00e9l\u00e9chargement<\/p>\n<p>[\/et_pb_text][\/et_pb_column][\/et_pb_row][et_pb_row column_structure=\u00a0\u00bb1_4,1_4,1_4,1_4&Prime; use_custom_gutter=\u00a0\u00bbon\u00a0\u00bb gutter_width=\u00a0\u00bb2&Prime; admin_label=\u00a0\u00bbblocchi download\u00a0\u00bb _builder_version=\u00a0\u00bb4.16&Prime; _module_preset=\u00a0\u00bbdefault\u00a0\u00bb background_enable_color=\u00a0\u00bboff\u00a0\u00bb module_alignment=\u00a0\u00bbcenter\u00a0\u00bb custom_margin=\u00a0\u00bb0px||||false|false\u00a0\u00bb custom_padding=\u00a0\u00bb||10px||false|false\u00a0\u00bb saved_tabs=\u00a0\u00bball\u00a0\u00bb global_colors_info=\u00a0\u00bb{}\u00a0\u00bb][et_pb_column type=\u00a0\u00bb1_4&Prime; _builder_version=\u00a0\u00bb4.16&Prime; _module_preset=\u00a0\u00bbdefault\u00a0\u00bb custom_padding=\u00a0\u00bb|0px||0px|false|false\u00a0\u00bb global_colors_info=\u00a0\u00bb{}\u00a0\u00bb][et_pb_image src=\u00a0\u00bbhttps:\/\/www.cufmilano.com\/wp-content\/uploads\/2020\/10\/ico-scheda-tecnica.png\u00a0\u00bb alt=\u00a0\u00bbicona scheda tecnica\u00a0\u00bb title_text=\u00a0\u00bbico-scheda-tecnica\u00a0\u00bb admin_label=\u00a0\u00bbFR ico Schede\u00a0\u00bb _builder_version=\u00a0\u00bb4.16&Prime; _module_preset=\u00a0\u00bbdefault\u00a0\u00bb custom_margin=\u00a0\u00bb|10px|0px||false|false\u00a0\u00bb custom_padding=\u00a0\u00bb|0px|0px||false|false\u00a0\u00bb global_module=\u00a0\u00bb232555&Prime; saved_tabs=\u00a0\u00bball\u00a0\u00bb locked=\u00a0\u00bboff\u00a0\u00bb global_colors_info=\u00a0\u00bb{}\u00a0\u00bb][\/et_pb_image][et_pb_toggle title=\u00a0\u00bbFiches Techniques\u00a0\u00bb open_toggle_text_color=\u00a0\u00bb#666666&Prime; open_toggle_background_color=\u00a0\u00bbrgba(0,0,0,0)\u00a0\u00bb closed_toggle_text_color=\u00a0\u00bb#666666&Prime; closed_toggle_background_color=\u00a0\u00bbrgba(0,0,0,0)\u00a0\u00bb icon_color=\u00a0\u00bb#666666&Prime; open_icon_color=\u00a0\u00bb#666666&Prime; admin_label=\u00a0\u00bbSchede Tecniche\u00a0\u00bb _builder_version=\u00a0\u00bb4.27.2&Prime; _module_preset=\u00a0\u00bbdefault\u00a0\u00bb title_text_color=\u00a0\u00bb#666666&Prime; title_font_size=\u00a0\u00bb18px\u00a0\u00bb closed_title_font_size=\u00a0\u00bb18px\u00a0\u00bb body_text_color=\u00a0\u00bb#666666&Prime; body_link_text_color=\u00a0\u00bb#666666&Prime; background_color=\u00a0\u00bbrgba(0,0,0,0)\u00a0\u00bb custom_margin=\u00a0\u00bb||0px|0px|false|false\u00a0\u00bb custom_padding=\u00a0\u00bb|0px||0px|false|false\u00a0\u00bb border_width_top=\u00a0\u00bb0px\u00a0\u00bb border_width_right=\u00a0\u00bb0px\u00a0\u00bb border_color_bottom=\u00a0\u00bb#999999&Prime; border_width_left=\u00a0\u00bb0px\u00a0\u00bb locked=\u00a0\u00bboff\u00a0\u00bb global_colors_info=\u00a0\u00bb{}\u00a0\u00bb]<\/p>\n<ul>\n<li><a href=\"https:\/\/www.cufmilano.com\/wp-content\/uploads\/2024\/10\/Bold-regable-hauteurs-schemas-dimensionnels.pdf\" target=\"_blank\" rel=\"noopener noreferrer\">Fiches Techniques Bold elevabile<\/a><\/li>\n<\/ul>\n<p>[\/et_pb_toggle][\/et_pb_column][et_pb_column type=\u00a0\u00bb1_4&Prime; _builder_version=\u00a0\u00bb4.16&Prime; _module_preset=\u00a0\u00bbdefault\u00a0\u00bb global_colors_info=\u00a0\u00bb{}\u00a0\u00bb][et_pb_image src=\u00a0\u00bbhttps:\/\/www.cufmilano.com\/wp-content\/uploads\/2020\/10\/ico-3D.png\u00a0\u00bb alt=\u00a0\u00bbicona CAD\u00a0\u00bb title_text=\u00a0\u00bbico-3D\u00a0\u00bb admin_label=\u00a0\u00bbico CAD\u00a0\u00bb _builder_version=\u00a0\u00bb4.16&Prime; _module_preset=\u00a0\u00bbdefault\u00a0\u00bb custom_margin=\u00a0\u00bb|10px|0px||false|false\u00a0\u00bb custom_padding=\u00a0\u00bb|0px|0px||false|false\u00a0\u00bb global_module=\u00a0\u00bb232558&Prime; saved_tabs=\u00a0\u00bball\u00a0\u00bb global_colors_info=\u00a0\u00bb{}\u00a0\u00bb][\/et_pb_image][et_pb_toggle title=\u00a0\u00bbCad \/ Bim\u00a0\u00bb open_toggle_text_color=\u00a0\u00bb#666666&Prime; open_toggle_background_color=\u00a0\u00bbrgba(0,0,0,0)\u00a0\u00bb closed_toggle_text_color=\u00a0\u00bb#666666&Prime; closed_toggle_background_color=\u00a0\u00bbrgba(0,0,0,0)\u00a0\u00bb icon_color=\u00a0\u00bb#666666&Prime; open_icon_color=\u00a0\u00bb#666666&Prime; admin_label=\u00a0\u00bbFR CAD\/Bim\u00a0\u00bb _builder_version=\u00a0\u00bb4.27.4&Prime; _module_preset=\u00a0\u00bbdefault\u00a0\u00bb title_text_color=\u00a0\u00bb#666666&Prime; title_font_size=\u00a0\u00bb18px\u00a0\u00bb closed_title_font_size=\u00a0\u00bb18px\u00a0\u00bb body_text_color=\u00a0\u00bb#666666&Prime; body_link_text_color=\u00a0\u00bb#666666&Prime; background_color=\u00a0\u00bbrgba(0,0,0,0)\u00a0\u00bb custom_margin=\u00a0\u00bb||0px|0px|false|false\u00a0\u00bb custom_padding=\u00a0\u00bb|0px||0px|false|false\u00a0\u00bb border_width_top=\u00a0\u00bb0px\u00a0\u00bb border_width_right=\u00a0\u00bb0px\u00a0\u00bb border_color_bottom=\u00a0\u00bb#999999&Prime; border_width_left=\u00a0\u00bb0px\u00a0\u00bb global_module=\u00a0\u00bb232563&Prime; saved_tabs=\u00a0\u00bball\u00a0\u00bb locked=\u00a0\u00bboff\u00a0\u00bb global_colors_info=\u00a0\u00bb{}\u00a0\u00bb]<\/p>\n<ul>\n<li><a href=\"https:\/\/client-cufmilano.com\/\" target=\"_blank\" rel=\"noopener noreferrer\">Pour t\u00e9l\u00e9charger, inscrivez-vous \u00e0 notre espace r\u00e9serv\u00e9<\/a><\/li>\n<\/ul>\n<p>[\/et_pb_toggle][\/et_pb_column][et_pb_column type=\u00a0\u00bb1_4&Prime; _builder_version=\u00a0\u00bb4.16&Prime; _module_preset=\u00a0\u00bbdefault\u00a0\u00bb global_colors_info=\u00a0\u00bb{}\u00a0\u00bb][\/et_pb_column][et_pb_column type=\u00a0\u00bb1_4&Prime; _builder_version=\u00a0\u00bb4.16&Prime; _module_preset=\u00a0\u00bbdefault\u00a0\u00bb global_colors_info=\u00a0\u00bb{}\u00a0\u00bb][\/et_pb_column][\/et_pb_row][\/et_pb_section][et_pb_section fb_built=\u00a0\u00bb1&Prime; admin_label=\u00a0\u00bbFR interesse simile + associati\u00a0\u00bb _builder_version=\u00a0\u00bb4.16&Prime; _module_preset=\u00a0\u00bbdefault\u00a0\u00bb custom_margin=\u00a0\u00bb30px||||false|false\u00a0\u00bb custom_padding=\u00a0\u00bb0px||||false|false\u00a0\u00bb global_module=\u00a0\u00bb232561&Prime; saved_tabs=\u00a0\u00bball\u00a0\u00bb locked=\u00a0\u00bboff\u00a0\u00bb collapsed=\u00a0\u00bboff\u00a0\u00bb global_colors_info=\u00a0\u00bb{}\u00a0\u00bb][et_pb_row admin_label=\u00a0\u00bbFR Ligne\u00a0\u00bb _builder_version=\u00a0\u00bb4.16&Prime; custom_margin=\u00a0\u00bb25px||0px||false|false\u00a0\u00bb custom_padding=\u00a0\u00bb0px||0px||false|false\u00a0\u00bb global_colors_info=\u00a0\u00bb{}\u00a0\u00bb][et_pb_column type=\u00a0\u00bb4_4&Prime; _builder_version=\u00a0\u00bb4.16&Prime; global_colors_info=\u00a0\u00bb{}\u00a0\u00bb][et_pb_wc_related_products posts_number=\u00a0\u00bb5&Prime; columns_number=\u00a0\u00bb5&Prime; sale_badge_color=\u00a0\u00bb#ff8439&Prime; icon_hover_color=\u00a0\u00bb#000000&Prime; admin_label=\u00a0\u00bbFR Woo Produits connexes\u00a0\u00bb _builder_version=\u00a0\u00bb4.16&Prime; title_font=\u00a0\u00bb||||||||\u00a0\u00bb title_text_color=\u00a0\u00bb#666666&Prime; title_font_size=\u00a0\u00bb42px\u00a0\u00bb title_line_height=\u00a0\u00bb2.1em\u00a0\u00bb product_title_font=\u00a0\u00bb||||||||\u00a0\u00bb product_title_font_size=\u00a0\u00bb18px\u00a0\u00bb product_title_line_height=\u00a0\u00bb1.4em\u00a0\u00bb price_font=\u00a0\u00bbJosefin Sans|700|||||||\u00a0\u00bb price_text_color=\u00a0\u00bb#ff8439&Prime; price_font_size=\u00a0\u00bb18px\u00a0\u00bb sale_badge_font=\u00a0\u00bbJosefin Sans|700|||||||\u00a0\u00bb global_colors_info=\u00a0\u00bb{}\u00a0\u00bb][\/et_pb_wc_related_products][et_pb_wc_upsells posts_number=\u00a0\u00bb5&Prime; columns_number=\u00a0\u00bb5&Prime; sale_badge_color=\u00a0\u00bb#ff8439&Prime; icon_hover_color=\u00a0\u00bb#000000&Prime; admin_label=\u00a0\u00bbFR Woo Articoli Collegati\u00a0\u00bb _builder_version=\u00a0\u00bb4.16&Prime; _module_preset=\u00a0\u00bbdefault\u00a0\u00bb title_font=\u00a0\u00bb||||||||\u00a0\u00bb title_text_color=\u00a0\u00bb#666666&Prime; title_font_size=\u00a0\u00bb42px\u00a0\u00bb title_line_height=\u00a0\u00bb2.1em\u00a0\u00bb product_title_font=\u00a0\u00bb||||||||\u00a0\u00bb product_title_font_size=\u00a0\u00bb18px\u00a0\u00bb product_title_line_height=\u00a0\u00bb1.4em\u00a0\u00bb price_font=\u00a0\u00bbJosefin Sans|700|||||||\u00a0\u00bb price_text_color=\u00a0\u00bb#ff8439&Prime; price_font_size=\u00a0\u00bb18px\u00a0\u00bb sale_badge_font=\u00a0\u00bbJosefin Sans|700|||||||\u00a0\u00bb global_colors_info=\u00a0\u00bb{}\u00a0\u00bb][\/et_pb_wc_upsells][\/et_pb_column][\/et_pb_row][\/et_pb_section]<\/p>\n","protected":false},"excerpt":{"rendered":"<p>Design Matteo Silverio<br \/>\n<em>\u00c9volution du bureau statique de la collection \u2013 con\u00e7u dans une optique de d\u00e9construction et de recomposition des \u00e9l\u00e9ments primaires du bureau classique \u2013 la version avec plateau r\u00e9glable \u00e9lectriquement est \u00e9galement n\u00e9e de la volont\u00e9 de cr\u00e9er un produit avec une forte identit\u00e9 formelle et sculpturale.<\/em><\/p>\n","protected":false},"featured_media":282341,"comment_status":"closed","ping_status":"closed","template":"","meta":{"_et_pb_use_builder":"on","_et_pb_old_content":"<strong>Less \u00a0is\u2026Bold!\r\n<\/strong>\r\nD'un point de vue formel, un jeu de volumes et de \"poids\" d\u00e9finit le bureau. Le plateau l\u00e9ger et effil\u00e9 repr\u00e9sente une \"fine plaque horizontale\" libre de s'\u00e9lever vers le haut, servant de contrepoids aux \"solides plaques verticales\" de soutien situ\u00e9es en dessous, constitu\u00e9es par le panneau frontal et le c\u00f4t\u00e9.\r\nLe prolongement lat\u00e9ral de service agit comme un \"monolithe\" destin\u00e9 \u00e0 stabiliser les mouvements du plateau.\r\nUn objet apparemment simple, constitu\u00e9 de quelques \u00e9l\u00e9ments juxtapos\u00e9s, renferme en r\u00e9alit\u00e9 un haut niveau de complexit\u00e9 technique: le ch\u00e2ssis structurel, les m\u00e9canismes de levage et le c\u00e2blage vertical sont regroup\u00e9s \u00e0 l'int\u00e9rieur du panneau frontal sous le plateau, tandis que les c\u00e2blages horizontaux, l'unit\u00e9 \u00e9lectronique et le bo\u00eetier de commande sont regroup\u00e9s \u00e0 l'int\u00e9rieur du ch\u00e2ssis horizontal sous le plateau et d'un volume m\u00e9tallique sp\u00e9cifique, uni au plateau et donc en mouvement avec celui-ci. Ce volume a une hauteur correspondante \u00e0 la diff\u00e9rence d'altitude entre le plateau \u00e0 sa position minimale et le prolongement lat\u00e9ral situ\u00e9 en dessous.\r\nLe panneau frontal, compos\u00e9 de panneaux ext\u00e9rieurs et d'une extr\u00e9mit\u00e9 moul\u00e9e en MDF verni anthracite, renferme \u00e0 l'int\u00e9rieur un cadre m\u00e9tallique vertical dans lequel sont log\u00e9es les colonnes t\u00e9lescopiques \u00e0\r\nmouvement \u00e9lectrique. L'ensemble de la composition du panneau frontal a une \u00e9paisseur de seulement 118 mm. Le syst\u00e8me structurel et de mouvement, avec pieds de nivellement au sol et trous pour le c\u00e2blage vertical, est constitu\u00e9 d'un cadre en m\u00e9tal de section 80x30 mm auquel sont fix\u00e9es les colonnes t\u00e9lescopiques \u00e0 mouvement \u00e9lectrique, ainsi qu'un carter t\u00e9lescopique pr\u00e9vu pour le c\u00e2blage vertical.\r\nSur l e sommet des colonnes r\u00e9glables en hauteur sont viss\u00e9es des \u00e9querres en porte-\u00e0-faux appropri\u00e9es, auxquelles il est possible d'assembler le cadre horizontal sous le plateau ainsi que le plateau en contreplaqu\u00e9 d' h\u00eatre.\r\nLe panneau lat\u00e9ral moul\u00e9, en MDF verni anthracite, est fix\u00e9 au cadre porteur pr\u00e9sent dans le panneau frontal et a une \u00e9paisseur de 50 mm.\r\nL'extension lat\u00e9rale est r\u00e9alis\u00e9e en panneau de particules m\u00e9lamin\u00e9 de couleur anthracite avec deux portes et deux tiroirs \u00e9quip\u00e9s d'ouverture push and pull. Les portes et les fa\u00e7ades des tiroirs sont en contreplaqu\u00e9 de h\u00eatre. Les tiroirs sont en m\u00e9tal avec des glissi\u00e8res t\u00e9lescopiques \u00e0 extraction totale et un m\u00e9canisme d'ouverture\/fermeture push and pull.\r\nLe plateau de travail est \u00e9quip\u00e9 d'un top access unidirectionnel qui permet d'acc\u00e9der au compartiment situ\u00e9 en dessous. L'ouverture du top access est r\u00e9alis\u00e9e dans le m\u00eame mat\u00e9riau et avec la m\u00eame finition que le plateau, et est \u00e9quip\u00e9e d'une brosse anti-poussi\u00e8re. Les parties plaqu\u00e9es en bois reconstitu\u00e9 sont disponibles en teck, noyer am\u00e9ricain et weng\u00e9 fonc\u00e9, et sont vernies avec finition transparente mate \u00e0 pores ouverts.\r\nLa version avec extension lat\u00e9rale est disponible \u00e0 droite ou \u00e0 gauche, et pour les deux versions, l'encombrement au sol est de 240x220 cm.\r\nLe plateau de travail mesure 240x90 cm. La hauteur peut varier de 73,5 cm jusqu'\u00e0 un maximum de 120 cm.","_et_gb_content_width":""},"product_brand":[],"product_cat":[150],"product_tag":[],"class_list":{"0":"post-276357","1":"product","2":"type-product","3":"status-publish","4":"has-post-thumbnail","6":"product_cat-bureaux-de-direction","8":"first","9":"instock","10":"shipping-taxable","11":"purchasable","12":"product-type-simple"},"yoast_head":"<!-- This site is optimized with the Yoast SEO plugin v27.4 - https:\/\/yoast.com\/product\/yoast-seo-wordpress\/ -->\n<title>Bold elevabile | CUF Milano<\/title>\n<meta name=\"description\" content=\"Scopri Bold elevabile di CUF Milano. Mobili e arredamento di design. Contattaci per maggiori informazioni.\" \/>\n<meta name=\"robots\" content=\"index, follow, max-snippet:-1, max-image-preview:large, max-video-preview:-1\" \/>\n<link rel=\"canonical\" href=\"https:\/\/www.cufmilano.com\/fr\/produit\/bold-elevabile\/\" \/>\n<meta property=\"og:locale\" content=\"fr_FR\" \/>\n<meta property=\"og:type\" content=\"article\" \/>\n<meta property=\"og:title\" content=\"Bold elevabile | CUF Milano\" \/>\n<meta property=\"og:description\" content=\"Scopri Bold elevabile di CUF Milano. Mobili e arredamento di design. Contattaci per maggiori informazioni.\" \/>\n<meta property=\"og:url\" content=\"https:\/\/www.cufmilano.com\/fr\/produit\/bold-elevabile\/\" \/>\n<meta property=\"og:site_name\" content=\"CUF Milano | Furnishing and Design Office Furniture\" \/>\n<meta property=\"article:modified_time\" content=\"2025-11-05T21:58:35+00:00\" \/>\n<meta property=\"og:image\" content=\"https:\/\/www.cufmilano.com\/wp-content\/uploads\/2024\/10\/bold-elevabile-anteprima_coming-soon.jpg\" \/>\n\t<meta property=\"og:image:width\" content=\"700\" \/>\n\t<meta property=\"og:image:height\" content=\"700\" \/>\n\t<meta property=\"og:image:type\" content=\"image\/jpeg\" \/>\n<meta name=\"twitter:card\" content=\"summary_large_image\" \/>\n<meta name=\"twitter:label1\" content=\"Dur\u00e9e de lecture estim\u00e9e\" \/>\n\t<meta name=\"twitter:data1\" content=\"6 minutes\" \/>\n<script type=\"application\/ld+json\" class=\"yoast-schema-graph\">{\"@context\":\"https:\\\/\\\/schema.org\",\"@graph\":[{\"@type\":\"WebPage\",\"@id\":\"https:\\\/\\\/www.cufmilano.com\\\/fr\\\/produit\\\/bold-elevabile\\\/\",\"url\":\"https:\\\/\\\/www.cufmilano.com\\\/fr\\\/produit\\\/bold-elevabile\\\/\",\"name\":\"Bold elevabile | CUF Milano\",\"isPartOf\":{\"@id\":\"https:\\\/\\\/www.cufmilano.com\\\/fr\\\/#website\"},\"primaryImageOfPage\":{\"@id\":\"https:\\\/\\\/www.cufmilano.com\\\/fr\\\/produit\\\/bold-elevabile\\\/#primaryimage\"},\"image\":{\"@id\":\"https:\\\/\\\/www.cufmilano.com\\\/fr\\\/produit\\\/bold-elevabile\\\/#primaryimage\"},\"thumbnailUrl\":\"https:\\\/\\\/www.cufmilano.com\\\/wp-content\\\/uploads\\\/2024\\\/10\\\/bold-elevabile-anteprima_coming-soon.jpg\",\"datePublished\":\"2024-10-15T06:34:10+00:00\",\"dateModified\":\"2025-11-05T21:58:35+00:00\",\"description\":\"Scopri Bold elevabile di CUF Milano. Mobili e arredamento di design. Contattaci per maggiori informazioni.\",\"breadcrumb\":{\"@id\":\"https:\\\/\\\/www.cufmilano.com\\\/fr\\\/produit\\\/bold-elevabile\\\/#breadcrumb\"},\"inLanguage\":\"fr-FR\",\"potentialAction\":[{\"@type\":\"ReadAction\",\"target\":[\"https:\\\/\\\/www.cufmilano.com\\\/fr\\\/produit\\\/bold-elevabile\\\/\"]}]},{\"@type\":\"ImageObject\",\"inLanguage\":\"fr-FR\",\"@id\":\"https:\\\/\\\/www.cufmilano.com\\\/fr\\\/produit\\\/bold-elevabile\\\/#primaryimage\",\"url\":\"https:\\\/\\\/www.cufmilano.com\\\/wp-content\\\/uploads\\\/2024\\\/10\\\/bold-elevabile-anteprima_coming-soon.jpg\",\"contentUrl\":\"https:\\\/\\\/www.cufmilano.com\\\/wp-content\\\/uploads\\\/2024\\\/10\\\/bold-elevabile-anteprima_coming-soon.jpg\",\"width\":700,\"height\":700},{\"@type\":\"BreadcrumbList\",\"@id\":\"https:\\\/\\\/www.cufmilano.com\\\/fr\\\/produit\\\/bold-elevabile\\\/#breadcrumb\",\"itemListElement\":[{\"@type\":\"ListItem\",\"position\":1,\"name\":\"Home\",\"item\":\"https:\\\/\\\/www.cufmilano.com\\\/fr\\\/\"},{\"@type\":\"ListItem\",\"position\":2,\"name\":\"Produits\",\"item\":\"https:\\\/\\\/www.cufmilano.com\\\/fr\\\/shop\\\/\"},{\"@type\":\"ListItem\",\"position\":3,\"name\":\"Bold elevabile\"}]},{\"@type\":\"WebSite\",\"@id\":\"https:\\\/\\\/www.cufmilano.com\\\/fr\\\/#website\",\"url\":\"https:\\\/\\\/www.cufmilano.com\\\/fr\\\/\",\"name\":\"CUF Milano | Furnishing and Design Office Furniture\",\"description\":\"CUF Milano is specialized in the sale and production of design office furniture, chairs, armchairs, cabinets and partitions.\",\"potentialAction\":[{\"@type\":\"SearchAction\",\"target\":{\"@type\":\"EntryPoint\",\"urlTemplate\":\"https:\\\/\\\/www.cufmilano.com\\\/fr\\\/?s={search_term_string}\"},\"query-input\":{\"@type\":\"PropertyValueSpecification\",\"valueRequired\":true,\"valueName\":\"search_term_string\"}}],\"inLanguage\":\"fr-FR\"}]}<\/script>\n<!-- \/ Yoast SEO plugin. -->","yoast_head_json":{"title":"Bold elevabile | CUF Milano","description":"Scopri Bold elevabile di CUF Milano. Mobili e arredamento di design. Contattaci per maggiori informazioni.","robots":{"index":"index","follow":"follow","max-snippet":"max-snippet:-1","max-image-preview":"max-image-preview:large","max-video-preview":"max-video-preview:-1"},"canonical":"https:\/\/www.cufmilano.com\/fr\/produit\/bold-elevabile\/","og_locale":"fr_FR","og_type":"article","og_title":"Bold elevabile | CUF Milano","og_description":"Scopri Bold elevabile di CUF Milano. Mobili e arredamento di design. Contattaci per maggiori informazioni.","og_url":"https:\/\/www.cufmilano.com\/fr\/produit\/bold-elevabile\/","og_site_name":"CUF Milano | Furnishing and Design Office Furniture","article_modified_time":"2025-11-05T21:58:35+00:00","og_image":[{"width":700,"height":700,"url":"https:\/\/www.cufmilano.com\/wp-content\/uploads\/2024\/10\/bold-elevabile-anteprima_coming-soon.jpg","type":"image\/jpeg"}],"twitter_card":"summary_large_image","twitter_misc":{"Dur\u00e9e de lecture estim\u00e9e":"6 minutes"},"schema":{"@context":"https:\/\/schema.org","@graph":[{"@type":"WebPage","@id":"https:\/\/www.cufmilano.com\/fr\/produit\/bold-elevabile\/","url":"https:\/\/www.cufmilano.com\/fr\/produit\/bold-elevabile\/","name":"Bold elevabile | CUF Milano","isPartOf":{"@id":"https:\/\/www.cufmilano.com\/fr\/#website"},"primaryImageOfPage":{"@id":"https:\/\/www.cufmilano.com\/fr\/produit\/bold-elevabile\/#primaryimage"},"image":{"@id":"https:\/\/www.cufmilano.com\/fr\/produit\/bold-elevabile\/#primaryimage"},"thumbnailUrl":"https:\/\/www.cufmilano.com\/wp-content\/uploads\/2024\/10\/bold-elevabile-anteprima_coming-soon.jpg","datePublished":"2024-10-15T06:34:10+00:00","dateModified":"2025-11-05T21:58:35+00:00","description":"Scopri Bold elevabile di CUF Milano. Mobili e arredamento di design. Contattaci per maggiori informazioni.","breadcrumb":{"@id":"https:\/\/www.cufmilano.com\/fr\/produit\/bold-elevabile\/#breadcrumb"},"inLanguage":"fr-FR","potentialAction":[{"@type":"ReadAction","target":["https:\/\/www.cufmilano.com\/fr\/produit\/bold-elevabile\/"]}]},{"@type":"ImageObject","inLanguage":"fr-FR","@id":"https:\/\/www.cufmilano.com\/fr\/produit\/bold-elevabile\/#primaryimage","url":"https:\/\/www.cufmilano.com\/wp-content\/uploads\/2024\/10\/bold-elevabile-anteprima_coming-soon.jpg","contentUrl":"https:\/\/www.cufmilano.com\/wp-content\/uploads\/2024\/10\/bold-elevabile-anteprima_coming-soon.jpg","width":700,"height":700},{"@type":"BreadcrumbList","@id":"https:\/\/www.cufmilano.com\/fr\/produit\/bold-elevabile\/#breadcrumb","itemListElement":[{"@type":"ListItem","position":1,"name":"Home","item":"https:\/\/www.cufmilano.com\/fr\/"},{"@type":"ListItem","position":2,"name":"Produits","item":"https:\/\/www.cufmilano.com\/fr\/shop\/"},{"@type":"ListItem","position":3,"name":"Bold elevabile"}]},{"@type":"WebSite","@id":"https:\/\/www.cufmilano.com\/fr\/#website","url":"https:\/\/www.cufmilano.com\/fr\/","name":"CUF Milano | Furnishing and Design Office Furniture","description":"CUF Milano is specialized in the sale and production of design office furniture, chairs, armchairs, cabinets and partitions.","potentialAction":[{"@type":"SearchAction","target":{"@type":"EntryPoint","urlTemplate":"https:\/\/www.cufmilano.com\/fr\/?s={search_term_string}"},"query-input":{"@type":"PropertyValueSpecification","valueRequired":true,"valueName":"search_term_string"}}],"inLanguage":"fr-FR"}]}},"_links":{"self":[{"href":"https:\/\/www.cufmilano.com\/fr\/wp-json\/wp\/v2\/product\/276357","targetHints":{"allow":["GET"]}}],"collection":[{"href":"https:\/\/www.cufmilano.com\/fr\/wp-json\/wp\/v2\/product"}],"about":[{"href":"https:\/\/www.cufmilano.com\/fr\/wp-json\/wp\/v2\/types\/product"}],"replies":[{"embeddable":true,"href":"https:\/\/www.cufmilano.com\/fr\/wp-json\/wp\/v2\/comments?post=276357"}],"wp:featuredmedia":[{"embeddable":true,"href":"https:\/\/www.cufmilano.com\/fr\/wp-json\/wp\/v2\/media\/282341"}],"wp:attachment":[{"href":"https:\/\/www.cufmilano.com\/fr\/wp-json\/wp\/v2\/media?parent=276357"}],"wp:term":[{"taxonomy":"product_brand","embeddable":true,"href":"https:\/\/www.cufmilano.com\/fr\/wp-json\/wp\/v2\/product_brand?post=276357"},{"taxonomy":"product_cat","embeddable":true,"href":"https:\/\/www.cufmilano.com\/fr\/wp-json\/wp\/v2\/product_cat?post=276357"},{"taxonomy":"product_tag","embeddable":true,"href":"https:\/\/www.cufmilano.com\/fr\/wp-json\/wp\/v2\/product_tag?post=276357"}],"curies":[{"name":"wp","href":"https:\/\/api.w.org\/{rel}","templated":true}]}}