{"id":238070,"date":"2020-12-03T12:16:15","date_gmt":"2020-12-03T11:16:15","guid":{"rendered":"https:\/\/www.cufmilano.com\/?page_id=238070"},"modified":"2024-06-21T17:28:55","modified_gmt":"2024-06-21T15:28:55","slug":"made-in-italy","status":"publish","type":"page","link":"https:\/\/www.cufmilano.com\/it\/made-in-italy\/","title":{"rendered":"Made in Italy"},"content":{"rendered":"<p>[et_pb_section fb_built=&#8221;1&#8243; admin_label=&#8221;Hero&#8221; _builder_version=&#8221;4.16&#8243; use_background_color_gradient=&#8221;on&#8221; background_color_gradient_direction=&#8221;360deg&#8221; background_color_gradient_stops=&#8221;rgba(0,0,0,0) 0%|rgba(0,0,0,0) 100%&#8221; background_color_gradient_overlays_image=&#8221;on&#8221; background_color_gradient_start=&#8221;rgba(0,0,0,0)&#8221; background_color_gradient_end=&#8221;rgba(0,0,0,0)&#8221; background_image=&#8221;https:\/\/www.cufmilano.com\/wp-content\/uploads\/2020\/12\/made-in-italy.jpg&#8221; height=&#8221;75vh&#8221; custom_margin=&#8221;0px||||false|false&#8221; custom_padding=&#8221;15vh|||10vw|false|false&#8221; global_colors_info=&#8221;{}&#8221;][et_pb_row use_custom_gutter=&#8221;on&#8221; gutter_width=&#8221;1&#8243; module_class=&#8221; et_pb_row_fullwidth&#8221; _builder_version=&#8221;4.16&#8243; width=&#8221;100%&#8221; width_tablet=&#8221;100%&#8221; width_phone=&#8221;&#8221; width_last_edited=&#8221;on|desktop&#8221; max_width=&#8221;100%&#8221; max_width_tablet=&#8221;100%&#8221; max_width_phone=&#8221;&#8221; max_width_last_edited=&#8221;on|desktop&#8221; custom_margin=&#8221;|||&#8221; custom_padding=&#8221;|||&#8221; make_fullwidth=&#8221;on&#8221; global_colors_info=&#8221;{}&#8221;][et_pb_column type=&#8221;4_4&#8243; _builder_version=&#8221;4.16&#8243; background_position=&#8221;top_left&#8221; custom_padding=&#8221;|||&#8221; global_colors_info=&#8221;{}&#8221; custom_padding__hover=&#8221;|||&#8221;][et_pb_text admin_label=&#8221;Hero Title&#8221; _builder_version=&#8221;4.16&#8243; text_font=&#8221;||||&#8221; text_text_color=&#8221;#1a1a1a&#8221; header_font=&#8221;Oswald|on||on|&#8221; header_text_align=&#8221;left&#8221; header_font_size=&#8221;60px&#8221; header_line_height=&#8221;1.3em&#8221; header_2_font=&#8221;Limelight||||||||&#8221; header_2_font_size=&#8221;80px&#8221; header_2_letter_spacing=&#8221;-4px&#8221; header_3_font_size=&#8221;30px&#8221; background_layout=&#8221;dark&#8221; custom_margin=&#8221;0px||0px||false|false&#8221; custom_padding=&#8221;0px|0px|0px|0px|false|false&#8221; animation_style=&#8221;slide&#8221; animation_direction=&#8221;top&#8221; animation_intensity_slide=&#8221;10%&#8221; locked=&#8221;off&#8221; global_colors_info=&#8221;{}&#8221;]<\/p>\n<h2>Made in Italy<\/h2>\n<h3>una scelta di storia e qualit\u00e0<\/h3>\n<p>[\/et_pb_text][\/et_pb_column][\/et_pb_row][\/et_pb_section][et_pb_section fb_built=&#8221;1&#8243; _builder_version=&#8221;4.16&#8243; module_alignment=&#8221;center&#8221; custom_padding=&#8221;4vw||2vw||false|false&#8221; global_colors_info=&#8221;{}&#8221;][et_pb_row _builder_version=&#8221;4.16&#8243; custom_margin=&#8221;||0px||false|false&#8221; custom_padding=&#8221;||0px||false|false&#8221; locked=&#8221;off&#8221; global_colors_info=&#8221;{}&#8221;][et_pb_column type=&#8221;4_4&#8243; _builder_version=&#8221;4.16&#8243; custom_padding=&#8221;|||&#8221; global_colors_info=&#8221;{}&#8221; custom_padding__hover=&#8221;|||&#8221;][et_pb_text admin_label=&#8221;Title&#8221; _builder_version=&#8221;4.16&#8243; text_font=&#8221;||||&#8221; text_text_color=&#8221;#1a1a1a&#8221; header_font=&#8221;|700|||||||&#8221; header_text_align=&#8221;left&#8221; header_font_size=&#8221;50px&#8221; header_line_height=&#8221;1.3em&#8221; header_2_font=&#8221;|700|||||||&#8221; header_2_text_align=&#8221;center&#8221; header_2_font_size=&#8221;50px&#8221; header_2_line_height=&#8221;1.3em&#8221; custom_margin=&#8221;0px||0px||false|false&#8221; custom_padding=&#8221;0px||0px||false|false&#8221; animation_style=&#8221;slide&#8221; animation_direction=&#8221;top&#8221; animation_intensity_slide=&#8221;10%&#8221; locked=&#8221;off&#8221; global_colors_info=&#8221;{}&#8221;]<\/p>\n<h2>Perch\u00e9 scegliere un prodotto made in Italy?<\/h2>\n<p>[\/et_pb_text][et_pb_divider color=&#8221;#ed4441&#8243; divider_position=&#8221;center&#8221; divider_weight=&#8221;1px&#8221; disabled_on=&#8221;on|on|off%22&#8243; _builder_version=&#8221;4.16&#8243; max_width=&#8221;150px&#8221; module_alignment=&#8221;center&#8221; height=&#8221;false&#8221; custom_margin=&#8221;0px||0px||false|false&#8221; custom_padding=&#8221;0px||0px||false|false&#8221; animation_style=&#8221;slide&#8221; animation_direction=&#8221;top&#8221; animation_delay=&#8221;100ms&#8221; animation_intensity_slide=&#8221;10%&#8221; locked=&#8221;off&#8221; global_colors_info=&#8221;{}&#8221;][\/et_pb_divider][\/et_pb_column][\/et_pb_row][\/et_pb_section][et_pb_section fb_built=&#8221;1&#8243; _builder_version=&#8221;4.16&#8243; parallax=&#8221;on&#8221; custom_margin=&#8221;||0px||false|false&#8221; custom_padding=&#8221;0px||0px||false|false&#8221; global_colors_info=&#8221;{}&#8221;][et_pb_row custom_padding_last_edited=&#8221;on|desktop&#8221; _builder_version=&#8221;4.16&#8243; background_enable_color=&#8221;off&#8221; custom_padding=&#8221;0px|60px|7vw|60px|false|true&#8221; custom_padding_tablet=&#8221;|40px||40px|true|true&#8221; custom_padding_phone=&#8221;40px|20px|40px|20px|true|true&#8221; locked=&#8221;off&#8221; global_colors_info=&#8221;{}&#8221;][et_pb_column type=&#8221;4_4&#8243; _builder_version=&#8221;4.16&#8243; global_colors_info=&#8221;{}&#8221;][et_pb_text admin_label=&#8221;Look Inside Sub Title&#8221; _builder_version=&#8221;4.25.1&#8243; text_font=&#8221;||||||||&#8221; text_text_color=&#8221;#666666&#8243; text_line_height=&#8221;2em&#8221; header_3_font=&#8221;|600|||||||&#8221; header_3_font_size=&#8221;20px&#8221; header_3_line_height=&#8221;1.5em&#8221; background_size=&#8221;initial&#8221; background_position=&#8221;top_left&#8221; background_repeat=&#8221;repeat&#8221; module_alignment=&#8221;right&#8221; custom_margin=&#8221;||5px||false|false&#8221; custom_padding=&#8221;20px||0px||false|false&#8221; animation_style=&#8221;slide&#8221; animation_direction=&#8221;top&#8221; animation_delay=&#8221;200ms&#8221; animation_intensity_slide=&#8221;10%&#8221; hover_enabled=&#8221;0&#8243; locked=&#8221;off&#8221; global_colors_info=&#8221;{}&#8221; sticky_enabled=&#8221;0&#8243;]<\/p>\n<h3><img loading=\"lazy\" decoding=\"async\" src=\"https:\/\/www.cufmilano.com\/wp-content\/uploads\/2024\/06\/certificazioni-80.jpg\" width=\"74\" height=\"80\" alt=\"\" class=\"wp-image-275019 alignnone size-full\" \/><br \/>Le certificazioni strutturali.<\/h3>\n<p>La maggior parte dei nostri arredi sono certificati al CATAS secondo le ultime normative UNI in materia di sicurezza, stabilit\u00e0 e solidit\u00e0. \u00c8 possibile eseguire il download delle certificazioni dall&#8217;apposita area.<\/p>\n<p>[\/et_pb_text][et_pb_text admin_label=&#8221;Look Inside Sub Title&#8221; _builder_version=&#8221;4.25.1&#8243; text_font=&#8221;||||||||&#8221; text_text_color=&#8221;#666666&#8243; text_line_height=&#8221;2em&#8221; header_3_font=&#8221;|600|||||||&#8221; header_3_font_size=&#8221;20px&#8221; header_3_line_height=&#8221;1.5em&#8221; background_size=&#8221;initial&#8221; background_position=&#8221;top_left&#8221; background_repeat=&#8221;repeat&#8221; module_alignment=&#8221;right&#8221; custom_margin=&#8221;||5px||false|false&#8221; custom_padding=&#8221;30px||0px||false|false&#8221; animation_style=&#8221;slide&#8221; animation_direction=&#8221;top&#8221; animation_delay=&#8221;200ms&#8221; animation_intensity_slide=&#8221;10%&#8221; hover_enabled=&#8221;0&#8243; locked=&#8221;off&#8221; global_colors_info=&#8221;{}&#8221; sticky_enabled=&#8221;0&#8243;]<\/p>\n<h3><img loading=\"lazy\" decoding=\"async\" src=\"https:\/\/www.cufmilano.com\/wp-content\/uploads\/2024\/06\/certificazioni-ambientali-80.jpg\" width=\"79\" height=\"80\" alt=\"\" class=\"wp-image-275022 alignnone size-full\" srcset=\"https:\/\/www.cufmilano.com\/wp-content\/uploads\/2024\/06\/certificazioni-ambientali-80.jpg 79w, https:\/\/www.cufmilano.com\/wp-content\/uploads\/2024\/06\/certificazioni-ambientali-80-32x32.jpg 32w\" sizes=\"(max-width: 79px) 100vw, 79px\" \/><br \/>Le certificazioni ambientali.<\/h3>\n<p>I pannelli che utilizziamo per la realizzazione dei nostri arredi hanno le certificazioni ambientali FSC, PEFC, nonch\u00e9 la certificazione E1 per la bassa emissione di formaldeide.<br \/>Le sedute possono essere realizzate con tessuti ignifugi, con certificazione di reazione al fuoco in classe 1. Inoltre, molte sedute possiedono l\u2019omologazione in classe 1IM rilasciata dal Ministero dell\u2019Interno.<\/p>\n<p>[\/et_pb_text][et_pb_text admin_label=&#8221;Look Inside Sub Title&#8221; _builder_version=&#8221;4.25.1&#8243; text_font=&#8221;||||||||&#8221; text_text_color=&#8221;#666666&#8243; text_line_height=&#8221;2em&#8221; header_3_font=&#8221;|600|||||||&#8221; header_3_font_size=&#8221;20px&#8221; header_3_line_height=&#8221;1.5em&#8221; background_size=&#8221;initial&#8221; background_position=&#8221;top_left&#8221; background_repeat=&#8221;repeat&#8221; module_alignment=&#8221;right&#8221; custom_margin=&#8221;||5px||false|false&#8221; custom_padding=&#8221;30px||0px||false|false&#8221; animation_style=&#8221;slide&#8221; animation_direction=&#8221;top&#8221; animation_delay=&#8221;200ms&#8221; animation_intensity_slide=&#8221;10%&#8221; hover_enabled=&#8221;0&#8243; locked=&#8221;off&#8221; global_colors_info=&#8221;{}&#8221; sticky_enabled=&#8221;0&#8243;]<\/p>\n<h3><img loading=\"lazy\" decoding=\"async\" src=\"https:\/\/www.cufmilano.com\/wp-content\/uploads\/2024\/06\/design.jpg\" width=\"79\" height=\"80\" alt=\"\" class=\"wp-image-275025 alignnone size-full\" srcset=\"https:\/\/www.cufmilano.com\/wp-content\/uploads\/2024\/06\/design.jpg 79w, https:\/\/www.cufmilano.com\/wp-content\/uploads\/2024\/06\/design-32x32.jpg 32w\" sizes=\"(max-width: 79px) 100vw, 79px\" \/><br \/>\nIl design.<\/h3>\n<p>I nostri prodotti sono disegnati e progettati da un Ufficio Progettazione e da un Ufficio Ricerca&amp;Sviluppo interni, composti da 3 progettisti dedicati per la realizzazione di nuove linee e un progettista dedicato al disegno degli arredi su misura.<br \/>\nIl design nell\u2019arredo ufficio \u00e8 un\u2019eccellenza tutta italiana, e non comprende solo l\u2019aspetto estetico dei prodotti e dei progetti, ma anche la composizione tecnica degli elementi strutturali, di altissima qualit\u00e0 e tecnologia.[\/et_pb_text][et_pb_text admin_label=&#8221;Look Inside Sub Title&#8221; _builder_version=&#8221;4.25.1&#8243; text_font=&#8221;||||||||&#8221; text_text_color=&#8221;#666666&#8243; text_line_height=&#8221;2em&#8221; header_3_font=&#8221;|600|||||||&#8221; header_3_font_size=&#8221;20px&#8221; header_3_line_height=&#8221;1.5em&#8221; background_size=&#8221;initial&#8221; background_position=&#8221;top_left&#8221; background_repeat=&#8221;repeat&#8221; module_alignment=&#8221;right&#8221; custom_margin=&#8221;||5px||false|false&#8221; custom_padding=&#8221;30px||0px||false|false&#8221; animation_style=&#8221;slide&#8221; animation_direction=&#8221;top&#8221; animation_delay=&#8221;200ms&#8221; animation_intensity_slide=&#8221;10%&#8221; hover_enabled=&#8221;0&#8243; locked=&#8221;off&#8221; global_colors_info=&#8221;{}&#8221; sticky_enabled=&#8221;0&#8243;]<\/p>\n<h3><img loading=\"lazy\" decoding=\"async\" src=\"https:\/\/www.cufmilano.com\/wp-content\/uploads\/2024\/06\/prezzo-80.jpg\" width=\"71\" height=\"80\" alt=\"\" class=\"wp-image-275028 alignnone size-full\" \/><br \/>Il prezzo.<\/h3>\n<p>Si pensa che un prodotto Made in Italy costi di pi\u00f9 rispetto ad un prodotto di importazione.<br \/>Non \u00e8 vero: a parit\u00e0 di caratteristiche tecniche, il prodotto italiano ha pari o addirittura inferiore prezzo rispetto a quello importato.<br \/>Questo perch\u00e9, negli ultimi anni, il dollaro ha sempre pi\u00f9 acquisito punti rispetto all\u2019euro, vanificando pian piano il vantaggio economico che garantiva agli acquisti effettuati in dollari.<\/p>\n<p>[\/et_pb_text][et_pb_text admin_label=&#8221;Look Inside Sub Title&#8221; _builder_version=&#8221;4.25.1&#8243; text_font=&#8221;||||||||&#8221; text_text_color=&#8221;#666666&#8243; text_line_height=&#8221;2em&#8221; header_3_font=&#8221;|600|||||||&#8221; header_3_font_size=&#8221;20px&#8221; header_3_line_height=&#8221;1.5em&#8221; background_size=&#8221;initial&#8221; background_position=&#8221;top_left&#8221; background_repeat=&#8221;repeat&#8221; module_alignment=&#8221;right&#8221; custom_margin=&#8221;||5px||false|false&#8221; custom_padding=&#8221;30px||0px||false|false&#8221; animation_style=&#8221;slide&#8221; animation_direction=&#8221;top&#8221; animation_delay=&#8221;200ms&#8221; animation_intensity_slide=&#8221;10%&#8221; hover_enabled=&#8221;0&#8243; locked=&#8221;off&#8221; global_colors_info=&#8221;{}&#8221; sticky_enabled=&#8221;0&#8243;]<\/p>\n<h3><img loading=\"lazy\" decoding=\"async\" src=\"https:\/\/www.cufmilano.com\/wp-content\/uploads\/2024\/06\/garanzia-80.jpg\" width=\"71\" height=\"80\" alt=\"\" class=\"wp-image-275031 alignnone size-full\" \/><br \/>La garanzia di continuit\u00e0 di produzione e di reperibilit\u00e0 dei componenti.<\/h3>\n<p>Centrufficio S.p.A. offre per moltissimi arredi la garanzia di continuit\u00e0: pertanto, tra 10 anni, avrai la possibilit\u00e0 di integrare i tuoi uffici con i medesimi arredi acquistati oggi.<br \/>Inoltre, in caso di necessit\u00e0 di sostituzione di un componente, la stessa pu\u00f2 essere effettuata in brevissimo tempo, contrariamente agli arredi di importazione, i cui componenti \u2013 se reperibili \u2013 impiegano mesi ad arrivare a destinazione.<\/p>\n<p>[\/et_pb_text][\/et_pb_column][\/et_pb_row][\/et_pb_section]<\/p>\n","protected":false},"excerpt":{"rendered":"<p>Made in Italy una scelta di storia e qualit\u00e0Perch\u00e9 scegliere un prodotto made in Italy?Le certificazioni strutturali. La maggior parte dei nostri arredi sono certificati al CATAS secondo le ultime normative UNI in materia di sicurezza, stabilit\u00e0 e solidit\u00e0. \u00c8 possibile eseguire il download delle certificazioni dall&#8217;apposita area.Le certificazioni ambientali. I pannelli che utilizziamo per [&hellip;]<\/p>\n","protected":false},"author":1,"featured_media":0,"parent":0,"menu_order":0,"comment_status":"closed","ping_status":"closed","template":"","meta":{"_et_pb_use_builder":"on","_et_pb_old_content":"","_et_gb_content_width":"","footnotes":""},"class_list":["post-238070","page","type-page","status-publish","hentry"],"yoast_head":"<!-- This site is optimized with the Yoast SEO plugin v27.4 - https:\/\/yoast.com\/product\/yoast-seo-wordpress\/ -->\n<title>Produzione Made in Italy | CUF Milano<\/title>\n<meta name=\"description\" content=\"Perch\u00e9 scegliere un prodotto made in Italy? Certificazioni, design, ergonomia, garanzia e prezzo sono gli elementi che caratterizzano i prodotti di CUF Milano.\" \/>\n<meta name=\"robots\" content=\"index, follow, max-snippet:-1, max-image-preview:large, max-video-preview:-1\" \/>\n<link rel=\"canonical\" href=\"https:\/\/www.cufmilano.com\/it\/made-in-italy\/\" \/>\n<meta property=\"og:locale\" content=\"it_IT\" \/>\n<meta property=\"og:type\" content=\"article\" \/>\n<meta property=\"og:title\" content=\"Produzione Made in Italy | CUF Milano\" \/>\n<meta property=\"og:description\" content=\"Perch\u00e9 scegliere un prodotto made in Italy? Certificazioni, design, ergonomia, garanzia e prezzo sono gli elementi che caratterizzano i prodotti di CUF Milano.\" \/>\n<meta property=\"og:url\" content=\"https:\/\/www.cufmilano.com\/it\/made-in-italy\/\" \/>\n<meta property=\"og:site_name\" content=\"CUF Milano | Furnishing and Design Office Furniture\" \/>\n<meta property=\"article:modified_time\" content=\"2024-06-21T15:28:55+00:00\" \/>\n<meta property=\"og:image\" content=\"https:\/\/www.cufmilano.com\/wp-content\/uploads\/2024\/06\/certificazioni-80.jpg\" \/>\n<meta name=\"twitter:card\" content=\"summary_large_image\" \/>\n<meta name=\"twitter:label1\" content=\"Tempo di lettura stimato\" \/>\n\t<meta name=\"twitter:data1\" content=\"2 minuti\" \/>\n<script type=\"application\/ld+json\" class=\"yoast-schema-graph\">{\"@context\":\"https:\\\/\\\/schema.org\",\"@graph\":[{\"@type\":\"WebPage\",\"@id\":\"https:\\\/\\\/www.cufmilano.com\\\/it\\\/made-in-italy\\\/\",\"url\":\"https:\\\/\\\/www.cufmilano.com\\\/it\\\/made-in-italy\\\/\",\"name\":\"Produzione Made in Italy | CUF Milano\",\"isPartOf\":{\"@id\":\"https:\\\/\\\/www.cufmilano.com\\\/it\\\/#website\"},\"primaryImageOfPage\":{\"@id\":\"https:\\\/\\\/www.cufmilano.com\\\/it\\\/made-in-italy\\\/#primaryimage\"},\"image\":{\"@id\":\"https:\\\/\\\/www.cufmilano.com\\\/it\\\/made-in-italy\\\/#primaryimage\"},\"thumbnailUrl\":\"https:\\\/\\\/www.cufmilano.com\\\/wp-content\\\/uploads\\\/2024\\\/06\\\/certificazioni-80.jpg\",\"datePublished\":\"2020-12-03T11:16:15+00:00\",\"dateModified\":\"2024-06-21T15:28:55+00:00\",\"description\":\"Perch\u00e9 scegliere un prodotto made in Italy? Certificazioni, design, ergonomia, garanzia e prezzo sono gli elementi che caratterizzano i prodotti di CUF Milano.\",\"breadcrumb\":{\"@id\":\"https:\\\/\\\/www.cufmilano.com\\\/it\\\/made-in-italy\\\/#breadcrumb\"},\"inLanguage\":\"it-IT\",\"potentialAction\":[{\"@type\":\"ReadAction\",\"target\":[\"https:\\\/\\\/www.cufmilano.com\\\/it\\\/made-in-italy\\\/\"]}]},{\"@type\":\"ImageObject\",\"inLanguage\":\"it-IT\",\"@id\":\"https:\\\/\\\/www.cufmilano.com\\\/it\\\/made-in-italy\\\/#primaryimage\",\"url\":\"https:\\\/\\\/www.cufmilano.com\\\/wp-content\\\/uploads\\\/2024\\\/06\\\/certificazioni-80.jpg\",\"contentUrl\":\"https:\\\/\\\/www.cufmilano.com\\\/wp-content\\\/uploads\\\/2024\\\/06\\\/certificazioni-80.jpg\"},{\"@type\":\"BreadcrumbList\",\"@id\":\"https:\\\/\\\/www.cufmilano.com\\\/it\\\/made-in-italy\\\/#breadcrumb\",\"itemListElement\":[{\"@type\":\"ListItem\",\"position\":1,\"name\":\"Home\",\"item\":\"https:\\\/\\\/www.cufmilano.com\\\/it\\\/\"},{\"@type\":\"ListItem\",\"position\":2,\"name\":\"Made in Italy\"}]},{\"@type\":\"WebSite\",\"@id\":\"https:\\\/\\\/www.cufmilano.com\\\/it\\\/#website\",\"url\":\"https:\\\/\\\/www.cufmilano.com\\\/it\\\/\",\"name\":\"CUF Milano | Furnishing and Design Office Furniture\",\"description\":\"CUF Milano is specialized in the sale and production of design office furniture, chairs, armchairs, cabinets and partitions.\",\"potentialAction\":[{\"@type\":\"SearchAction\",\"target\":{\"@type\":\"EntryPoint\",\"urlTemplate\":\"https:\\\/\\\/www.cufmilano.com\\\/it\\\/?s={search_term_string}\"},\"query-input\":{\"@type\":\"PropertyValueSpecification\",\"valueRequired\":true,\"valueName\":\"search_term_string\"}}],\"inLanguage\":\"it-IT\"}]}<\/script>\n<!-- \/ Yoast SEO plugin. -->","yoast_head_json":{"title":"Produzione Made in Italy | CUF Milano","description":"Perch\u00e9 scegliere un prodotto made in Italy? Certificazioni, design, ergonomia, garanzia e prezzo sono gli elementi che caratterizzano i prodotti di CUF Milano.","robots":{"index":"index","follow":"follow","max-snippet":"max-snippet:-1","max-image-preview":"max-image-preview:large","max-video-preview":"max-video-preview:-1"},"canonical":"https:\/\/www.cufmilano.com\/it\/made-in-italy\/","og_locale":"it_IT","og_type":"article","og_title":"Produzione Made in Italy | CUF Milano","og_description":"Perch\u00e9 scegliere un prodotto made in Italy? Certificazioni, design, ergonomia, garanzia e prezzo sono gli elementi che caratterizzano i prodotti di CUF Milano.","og_url":"https:\/\/www.cufmilano.com\/it\/made-in-italy\/","og_site_name":"CUF Milano | Furnishing and Design Office Furniture","article_modified_time":"2024-06-21T15:28:55+00:00","og_image":[{"url":"https:\/\/www.cufmilano.com\/wp-content\/uploads\/2024\/06\/certificazioni-80.jpg","type":"","width":"","height":""}],"twitter_card":"summary_large_image","twitter_misc":{"Tempo di lettura stimato":"2 minuti"},"schema":{"@context":"https:\/\/schema.org","@graph":[{"@type":"WebPage","@id":"https:\/\/www.cufmilano.com\/it\/made-in-italy\/","url":"https:\/\/www.cufmilano.com\/it\/made-in-italy\/","name":"Produzione Made in Italy | CUF Milano","isPartOf":{"@id":"https:\/\/www.cufmilano.com\/it\/#website"},"primaryImageOfPage":{"@id":"https:\/\/www.cufmilano.com\/it\/made-in-italy\/#primaryimage"},"image":{"@id":"https:\/\/www.cufmilano.com\/it\/made-in-italy\/#primaryimage"},"thumbnailUrl":"https:\/\/www.cufmilano.com\/wp-content\/uploads\/2024\/06\/certificazioni-80.jpg","datePublished":"2020-12-03T11:16:15+00:00","dateModified":"2024-06-21T15:28:55+00:00","description":"Perch\u00e9 scegliere un prodotto made in Italy? Certificazioni, design, ergonomia, garanzia e prezzo sono gli elementi che caratterizzano i prodotti di CUF Milano.","breadcrumb":{"@id":"https:\/\/www.cufmilano.com\/it\/made-in-italy\/#breadcrumb"},"inLanguage":"it-IT","potentialAction":[{"@type":"ReadAction","target":["https:\/\/www.cufmilano.com\/it\/made-in-italy\/"]}]},{"@type":"ImageObject","inLanguage":"it-IT","@id":"https:\/\/www.cufmilano.com\/it\/made-in-italy\/#primaryimage","url":"https:\/\/www.cufmilano.com\/wp-content\/uploads\/2024\/06\/certificazioni-80.jpg","contentUrl":"https:\/\/www.cufmilano.com\/wp-content\/uploads\/2024\/06\/certificazioni-80.jpg"},{"@type":"BreadcrumbList","@id":"https:\/\/www.cufmilano.com\/it\/made-in-italy\/#breadcrumb","itemListElement":[{"@type":"ListItem","position":1,"name":"Home","item":"https:\/\/www.cufmilano.com\/it\/"},{"@type":"ListItem","position":2,"name":"Made in Italy"}]},{"@type":"WebSite","@id":"https:\/\/www.cufmilano.com\/it\/#website","url":"https:\/\/www.cufmilano.com\/it\/","name":"CUF Milano | Furnishing and Design Office Furniture","description":"CUF Milano is specialized in the sale and production of design office furniture, chairs, armchairs, cabinets and partitions.","potentialAction":[{"@type":"SearchAction","target":{"@type":"EntryPoint","urlTemplate":"https:\/\/www.cufmilano.com\/it\/?s={search_term_string}"},"query-input":{"@type":"PropertyValueSpecification","valueRequired":true,"valueName":"search_term_string"}}],"inLanguage":"it-IT"}]}},"_links":{"self":[{"href":"https:\/\/www.cufmilano.com\/it\/wp-json\/wp\/v2\/pages\/238070","targetHints":{"allow":["GET"]}}],"collection":[{"href":"https:\/\/www.cufmilano.com\/it\/wp-json\/wp\/v2\/pages"}],"about":[{"href":"https:\/\/www.cufmilano.com\/it\/wp-json\/wp\/v2\/types\/page"}],"author":[{"embeddable":true,"href":"https:\/\/www.cufmilano.com\/it\/wp-json\/wp\/v2\/users\/1"}],"replies":[{"embeddable":true,"href":"https:\/\/www.cufmilano.com\/it\/wp-json\/wp\/v2\/comments?post=238070"}],"version-history":[{"count":0,"href":"https:\/\/www.cufmilano.com\/it\/wp-json\/wp\/v2\/pages\/238070\/revisions"}],"wp:attachment":[{"href":"https:\/\/www.cufmilano.com\/it\/wp-json\/wp\/v2\/media?parent=238070"}],"curies":[{"name":"wp","href":"https:\/\/api.w.org\/{rel}","templated":true}]}}