{"id":267530,"date":"2023-12-11T00:10:39","date_gmt":"2023-12-10T23:10:39","guid":{"rendered":"https:\/\/www.cufmilano.com\/?post_type=product&#038;p=267530"},"modified":"2024-03-13T16:32:19","modified_gmt":"2024-03-13T15:32:19","slug":"office","status":"publish","type":"product","link":"https:\/\/www.cufmilano.com\/it\/prodotto\/office\/","title":{"rendered":"Office"},"content":{"rendered":"<p>[et_pb_section fb_built=&#8221;1&#8243; admin_label=&#8221;Sezione briciole di pane&#8221; _builder_version=&#8221;4.16&#8243; use_background_color_gradient=&#8221;on&#8221; background_color_gradient_direction=&#8221;90deg&#8221; background_color_gradient_stops=&#8221;#ffffff 77%|#a4a4a4 77%&#8221; background_color_gradient_start=&#8221;#ffffff&#8221; background_color_gradient_start_position=&#8221;77%&#8221; background_color_gradient_end=&#8221;#a4a4a4&#8243; background_color_gradient_end_position=&#8221;77%&#8221; max_height=&#8221;201px&#8221; custom_padding=&#8221;0px||0px|||&#8221; global_module=&#8221;230691&#8243; saved_tabs=&#8221;all&#8221; locked=&#8221;off&#8221; global_colors_info=&#8221;{}&#8221;][et_pb_row column_structure=&#8221;3_5,2_5&#8243; _builder_version=&#8221;4.16&#8243; background_color=&#8221;#a4a4a4&#8243; width_tablet=&#8221;90%&#8221; width_phone=&#8221;&#8221; width_last_edited=&#8221;on|tablet&#8221; module_alignment=&#8221;center&#8221; max_height=&#8221;40px&#8221; max_height_tablet=&#8221;&#8221; max_height_phone=&#8221;&#8221; max_height_last_edited=&#8221;on|desktop&#8221; custom_padding=&#8221;0px||0px|16px|true|false&#8221; animation_style=&#8221;slide&#8221; animation_direction=&#8221;right&#8221; animation_duration=&#8221;700ms&#8221; animation_starting_opacity=&#8221;100%&#8221; global_colors_info=&#8221;{}&#8221;][et_pb_column type=&#8221;3_5&#8243; _builder_version=&#8221;4.16&#8243; custom_css_main_element=&#8221;margin-bottom: 0;&#8221; global_colors_info=&#8221;{}&#8221;][et_pb_wc_breadcrumb admin_label=&#8221;Woo Briciole di Pane&#8221; _builder_version=&#8221;4.16&#8243; body_font=&#8221;Josefin Sans||||||||&#8221; body_text_color=&#8221;#ffffff&#8221; body_font_size=&#8221;14px&#8221; body_line_height=&#8221;40px&#8221; height=&#8221;40px&#8221; custom_margin=&#8221;0em|0em|0px||false|false&#8221; locked=&#8221;off&#8221; global_colors_info=&#8221;{}&#8221;][\/et_pb_wc_breadcrumb][\/et_pb_column][et_pb_column type=&#8221;2_5&#8243; _builder_version=&#8221;4.16&#8243; global_colors_info=&#8221;{}&#8221;][\/et_pb_column][\/et_pb_row][\/et_pb_section][et_pb_section fb_built=&#8221;1&#8243; admin_label=&#8221;Immagine principale tutta pagina&#8221; _builder_version=&#8221;4.23.1&#8243; use_background_color_gradient=&#8221;on&#8221; background_color_gradient_direction=&#8221;90deg&#8221; background_color_gradient_stops=&#8221;rgba(0,0,0,0.41) 0%|rgba(197,192,188,0) 100%&#8221; background_color_gradient_overlays_image=&#8221;on&#8221; background_color_gradient_start=&#8221;rgba(0,0,0,0.41)&#8221; background_color_gradient_end=&#8221;rgba(197,192,188,0)&#8221; background_image=&#8221;https:\/\/www.cufmilano.com\/wp-content\/uploads\/2023\/12\/office-cufmilano-banner.jpg&#8221; custom_padding=&#8221;8vw||0px||false|false&#8221; background_last_edited=&#8221;on|desktop&#8221; use_background_color_gradient_tablet=&#8221;on&#8221; background_color_gradient_stops_tablet=&#8221;rgba(0,0,0,0.41) 0%|rgba(197,192,188,0) 100%&#8221; background_color_gradient_stops_phone=&#8221;rgba(0,0,0,0.41) 0%|rgba(197,192,188,0) 100%&#8221; background_color_gradient_overlays_image_tablet=&#8221;on&#8221; background_color_gradient_start_tablet=&#8221;rgba(0,0,0,0.41)&#8221; background_color_gradient_end_tablet=&#8221;rgba(197,192,188,0)&#8221; parallax_tablet=&#8221;off&#8221; saved_tabs=&#8221;all&#8221; locked=&#8221;off&#8221; global_colors_info=&#8221;{}&#8221; background_color_gradient_start_tablet_preview_tablet=&#8221;#c5c0bc&#8221; background_color_gradient_end_tablet_preview_tablet=&#8221;#c5c0bc&#8221;][et_pb_row column_structure=&#8221;3_5,2_5&#8243; _builder_version=&#8221;4.16&#8243; custom_padding=&#8221;||9vw||false|false&#8221; global_colors_info=&#8221;{}&#8221;][et_pb_column type=&#8221;3_5&#8243; _builder_version=&#8221;4.16&#8243; global_colors_info=&#8221;{}&#8221;][et_pb_wc_title admin_label=&#8221;Woo Titolo&#8221; _builder_version=&#8221;4.16&#8243; header_font=&#8221;|600|||||||&#8221; header_font_size=&#8221;4.7vw&#8221; header_line_height=&#8221;0.9em&#8221; background_layout=&#8221;dark&#8221; custom_margin=&#8221;||15px|0px|false|false&#8221; custom_padding=&#8221;|||0px|false|false&#8221; animation_style=&#8221;fade&#8221; header_text_color_tablet=&#8221;&#8221; header_text_color_phone=&#8221;&#8221; header_text_color_last_edited=&#8221;on|desktop&#8221; header_font_size_tablet=&#8221;8vw&#8221; header_font_size_phone=&#8221;10vw&#8221; header_font_size_last_edited=&#8221;on|desktop&#8221; locked=&#8221;off&#8221; global_colors_info=&#8221;{}&#8221;][\/et_pb_wc_title][et_pb_wc_description admin_label=&#8221;Woo Descrizione breve tutta pagina&#8221; _builder_version=&#8221;4.16&#8243; body_font=&#8221;Josefin Sans||||||||&#8221; body_text_color=&#8221;#ffffff&#8221; body_font_size=&#8221;15px&#8221; body_line_height=&#8221;2em&#8221; background_layout=&#8221;dark&#8221; max_width=&#8221;500px&#8221; custom_margin=&#8221;||||false|false&#8221; custom_margin_tablet=&#8221;0px||0px||false|false&#8221; custom_margin_phone=&#8221;&#8221; custom_margin_last_edited=&#8221;on|tablet&#8221; custom_padding=&#8221;0px||0px||false|false&#8221; animation_style=&#8221;fade&#8221; animation_delay=&#8221;100ms&#8221; custom_css_main_element=&#8221;font-weight: 400;&#8221; global_colors_info=&#8221;{}&#8221;][\/et_pb_wc_description][et_pb_button button_url=&#8221;#footer&#8221; button_text=&#8221;Richiesta Informazioni&#8221; admin_label=&#8221;Pulsante Richiesta Informazioni tutta pagina&#8221; _builder_version=&#8221;4.16&#8243; custom_button=&#8221;on&#8221; button_text_size=&#8221;13px&#8221; button_text_color=&#8221;#666666&#8243; button_bg_color=&#8221;#ffffff&#8221; button_border_width=&#8221;1px&#8221; button_border_color=&#8221;#ffffff&#8221; button_border_radius=&#8221;0px&#8221; button_letter_spacing=&#8221;1px&#8221; button_font=&#8221;|700||on|||||&#8221; button_icon=&#8221;&#x33;||divi||400&#8243; custom_margin=&#8221;||||false|false&#8221; custom_padding=&#8221;18px|40px|18px|40px|true|true&#8221; animation_style=&#8221;fade&#8221; animation_delay=&#8221;100ms&#8221; locked=&#8221;off&#8221; global_colors_info=&#8221;{}&#8221;][\/et_pb_button][\/et_pb_column][et_pb_column type=&#8221;2_5&#8243; _builder_version=&#8221;4.16&#8243; global_colors_info=&#8221;{}&#8221;][\/et_pb_column][\/et_pb_row][\/et_pb_section][et_pb_section fb_built=&#8221;1&#8243; specialty=&#8221;on&#8221; padding_right_1=&#8221;0px&#8221; padding_right_2=&#8221;0px&#8221; padding_left_1=&#8221;0px&#8221; padding_left_2=&#8221;0px&#8221; padding_top_bottom_link_1=&#8221;false&#8221; padding_top_bottom_link_2=&#8221;false&#8221; padding_left_right_link_1=&#8221;false&#8221; padding_left_right_link_2=&#8221;false&#8221; admin_label=&#8221;IT Sezione descrizione + gallery&#8221; _builder_version=&#8221;4.16&#8243; _module_preset=&#8221;default&#8221; background_enable_color=&#8221;off&#8221; inner_width=&#8221;80%&#8221; inner_max_width=&#8221;1241px&#8221; inner_module_alignment=&#8221;center&#8221; custom_margin=&#8221;|0px||0px|false|false&#8221; custom_padding=&#8221;|0px|0px|0px|false|false&#8221; global_module=&#8221;232535&#8243; locked=&#8221;off&#8221; collapsed=&#8221;off&#8221; global_colors_info=&#8221;{}&#8221;][et_pb_column type=&#8221;1_2&#8243; _builder_version=&#8221;4.16&#8243; custom_padding=&#8221;|||&#8221; global_colors_info=&#8221;{}&#8221; custom_padding__hover=&#8221;|||&#8221;][et_pb_wc_description description_type=&#8221;description&#8221; _builder_version=&#8221;4.16&#8243; body_font=&#8221;||||||||&#8221; body_line_height=&#8221;1.8em&#8221; text_orientation=&#8221;justified&#8221; custom_margin=&#8221;|0px||0px|false|false&#8221; custom_padding=&#8221;|0px||0px|false|false&#8221; global_colors_info=&#8221;{}&#8221;][\/et_pb_wc_description][\/et_pb_column][et_pb_column type=&#8221;1_2&#8243; specialty_columns=&#8221;2&#8243; _builder_version=&#8221;4.16&#8243; custom_padding=&#8221;|||&#8221; global_colors_info=&#8221;{}&#8221; custom_padding__hover=&#8221;|||&#8221;][et_pb_row_inner _builder_version=&#8221;4.16&#8243; _module_preset=&#8221;default&#8221; custom_margin=&#8221;||0px||false|false&#8221; custom_padding=&#8221;||30px||false|false&#8221; global_colors_info=&#8221;{}&#8221;][et_pb_column_inner saved_specialty_column_type=&#8221;1_2&#8243; _builder_version=&#8221;4.16&#8243; _module_preset=&#8221;default&#8221; global_colors_info=&#8221;{}&#8221;][et_pb_wc_gallery _builder_version=&#8221;4.16&#8243; module_alignment=&#8221;center&#8221; custom_margin=&#8221;0px||0px||false|false&#8221; auto=&#8221;on&#8221; global_colors_info=&#8221;{}&#8221;][\/et_pb_wc_gallery][\/et_pb_column_inner][\/et_pb_row_inner][et_pb_row_inner _builder_version=&#8221;4.16&#8243; _module_preset=&#8221;default&#8221; custom_margin=&#8221;0px||||false|false&#8221; custom_padding=&#8221;0px||||false|false&#8221; global_colors_info=&#8221;{}&#8221;][et_pb_column_inner saved_specialty_column_type=&#8221;1_2&#8243; _builder_version=&#8221;4.16&#8243; _module_preset=&#8221;default&#8221; custom_css_main_element=&#8221;display: flex;&#8221; global_colors_info=&#8221;{}&#8221;][et_pb_button button_url=&#8221;\/it\/richiesta-preventivo\/&#8221; button_text=&#8221;Richiesta preventivo&#8221; admin_label=&#8221;Richiedi preventivo&#8221; _builder_version=&#8221;4.23.3&#8243; custom_button=&#8221;on&#8221; button_text_size=&#8221;13px&#8221; button_text_color=&#8221;#FFFFFF&#8221; button_bg_color=&#8221;#666666&#8243; button_border_width=&#8221;1px&#8221; button_border_color=&#8221;#666666&#8243; button_border_radius=&#8221;0px&#8221; button_letter_spacing=&#8221;1px&#8221; button_font=&#8221;|700||on|||||&#8221; button_icon=&#8221;&#x35;||divi||400&#8243; button_icon_color=&#8221;#FFFFFF&#8221; custom_margin=&#8221;0px|20px|||false|false&#8221; custom_padding=&#8221;14px|31px|14px|31px|true|true&#8221; locked=&#8221;off&#8221; global_colors_info=&#8221;{}&#8221;][\/et_pb_button][et_pb_button button_url=&#8221;#footer&#8221; button_text=&#8221;Richiesta Informazioni&#8221; admin_label=&#8221;Pulsante Richiesta Informazioni 2&#8243; _builder_version=&#8221;4.23.3&#8243; custom_button=&#8221;on&#8221; button_text_size=&#8221;13px&#8221; button_text_color=&#8221;#666666&#8243; button_bg_color=&#8221;#ffffff&#8221; button_border_width=&#8221;1px&#8221; button_border_color=&#8221;#666666&#8243; button_border_radius=&#8221;0px&#8221; button_letter_spacing=&#8221;1px&#8221; button_font=&#8221;|700||on|||||&#8221; button_icon=&#8221;&#x33;||divi||400&#8243; button_icon_color=&#8221;#666666&#8243; custom_margin=&#8221;0px||||false|false&#8221; custom_padding=&#8221;14px|31px|14px|31px|true|true&#8221; locked=&#8221;off&#8221; global_colors_info=&#8221;{}&#8221;][\/et_pb_button][\/et_pb_column_inner][\/et_pb_row_inner][\/et_pb_column][\/et_pb_section][et_pb_section fb_built=&#8221;1&#8243; admin_label=&#8221;Download&#8221; _builder_version=&#8221;4.16&#8243; _module_preset=&#8221;default&#8221; background_color=&#8221;#f7f7f9&#8243; custom_margin=&#8221;20px||||false|false&#8221; custom_padding=&#8221;40px||110px||false|false&#8221; animation_style=&#8221;slide&#8221; animation_direction=&#8221;bottom&#8221; saved_tabs=&#8221;all&#8221; locked=&#8221;off&#8221; collapsed=&#8221;off&#8221; global_colors_info=&#8221;{}&#8221;][et_pb_row use_custom_gutter=&#8221;on&#8221; gutter_width=&#8221;2&#8243; admin_label=&#8221;Riga titolo Download&#8221; _builder_version=&#8221;4.16&#8243; _module_preset=&#8221;default&#8221; background_enable_color=&#8221;off&#8221; module_alignment=&#8221;center&#8221; custom_margin=&#8221;0px||||false|false&#8221; custom_padding=&#8221;||10px||false|false&#8221; border_color_bottom=&#8221;#999999&#8243; global_module=&#8221;232553&#8243; saved_tabs=&#8221;all&#8221; locked=&#8221;off&#8221; global_colors_info=&#8221;{}&#8221;][et_pb_column type=&#8221;4_4&#8243; _builder_version=&#8221;4.16&#8243; _module_preset=&#8221;default&#8221; global_colors_info=&#8221;{}&#8221;][et_pb_text admin_label=&#8221;Titolo&#8221; _builder_version=&#8221;4.24.0&#8243; _module_preset=&#8221;default&#8221; text_font=&#8221;||||||||&#8221; text_font_size=&#8221;42px&#8221; custom_margin=&#8221;5px||||false|false&#8221; global_colors_info=&#8221;{}&#8221;]<\/p>\n<p>Download<\/p>\n<p>[\/et_pb_text][\/et_pb_column][\/et_pb_row][et_pb_row column_structure=&#8221;1_4,1_4,1_4,1_4&#8243; use_custom_gutter=&#8221;on&#8221; admin_label=&#8221;blocchi download&#8221; _builder_version=&#8221;4.16&#8243; _module_preset=&#8221;default&#8221; background_enable_color=&#8221;off&#8221; module_alignment=&#8221;center&#8221; custom_margin=&#8221;0px||||false|false&#8221; custom_padding=&#8221;||10px||false|false&#8221; saved_tabs=&#8221;all&#8221; global_colors_info=&#8221;{}&#8221;][et_pb_column type=&#8221;1_4&#8243; _builder_version=&#8221;4.16&#8243; _module_preset=&#8221;default&#8221; custom_padding=&#8221;|0px||0px|false|false&#8221; global_colors_info=&#8221;{}&#8221;][et_pb_image src=&#8221;https:\/\/www.cufmilano.com\/wp-content\/uploads\/2020\/10\/ico-scheda-tecnica.png&#8221; alt=&#8221;icona scheda tecnica&#8221; title_text=&#8221;ico-scheda-tecnica&#8221; admin_label=&#8221;ico Schede&#8221; _builder_version=&#8221;4.21.0&#8243; _module_preset=&#8221;default&#8221; custom_margin=&#8221;|10px|0px||false|false&#8221; custom_padding=&#8221;|0px|0px||false|false&#8221; global_module=&#8221;232555&#8243; saved_tabs=&#8221;all&#8221; locked=&#8221;off&#8221; global_colors_info=&#8221;{}&#8221;][\/et_pb_image][et_pb_toggle title=&#8221;Schede tecniche&#8221; open_toggle_text_color=&#8221;#666666&#8243; open_toggle_background_color=&#8221;rgba(0,0,0,0)&#8221; closed_toggle_text_color=&#8221;#666666&#8243; closed_toggle_background_color=&#8221;rgba(0,0,0,0)&#8221; icon_color=&#8221;#666666&#8243; open_icon_color=&#8221;#666666&#8243; admin_label=&#8221;Schede Tecniche&#8221; _builder_version=&#8221;4.23.1&#8243; _module_preset=&#8221;default&#8221; title_text_color=&#8221;#666666&#8243; title_font_size=&#8221;18px&#8221; closed_title_font_size=&#8221;18px&#8221; body_text_color=&#8221;#666666&#8243; background_color=&#8221;rgba(0,0,0,0)&#8221; custom_margin=&#8221;||0px|0px|false|false&#8221; custom_padding=&#8221;|0px||0px|false|false&#8221; border_width_top=&#8221;0px&#8221; border_width_right=&#8221;0px&#8221; border_color_bottom=&#8221;#999999&#8243; border_width_left=&#8221;0px&#8221; locked=&#8221;off&#8221; global_colors_info=&#8221;{}&#8221; body_text_color__hover_enabled=&#8221;on|hover&#8221; body_text_color__hover=&#8221;#666666&#8243;]<\/p>\n<p><a href=\"https:\/\/www.cufmilano.com\/wp-content\/uploads\/2023\/12\/Office-scheda-tecnica.pdf\" target=\"_blank\" rel=\"attachment noopener wp-att-267452\">Office-scheda-tecnica<\/a><\/p>\n<p>[\/et_pb_toggle][\/et_pb_column][et_pb_column type=&#8221;1_4&#8243; _builder_version=&#8221;4.16&#8243; _module_preset=&#8221;default&#8221; global_colors_info=&#8221;{}&#8221;][et_pb_image src=&#8221;https:\/\/www.cufmilano.com\/wp-content\/uploads\/2020\/10\/ico-3D.png&#8221; alt=&#8221;icona CAD&#8221; title_text=&#8221;ico-3D&#8221; admin_label=&#8221;FR ico CAD&#8221; _builder_version=&#8221;4.16&#8243; _module_preset=&#8221;default&#8221; custom_margin=&#8221;|10px|0px||false|false&#8221; custom_padding=&#8221;|0px|0px||false|false&#8221; global_module=&#8221;232558&#8243; saved_tabs=&#8221;all&#8221; global_colors_info=&#8221;{}&#8221;][\/et_pb_image][et_pb_toggle title=&#8221;Cad \/ Bim&#8221; open_toggle_text_color=&#8221;#666666&#8243; open_toggle_background_color=&#8221;rgba(0,0,0,0)&#8221; closed_toggle_text_color=&#8221;#666666&#8243; closed_toggle_background_color=&#8221;rgba(0,0,0,0)&#8221; icon_color=&#8221;#666666&#8243; open_icon_color=&#8221;#666666&#8243; admin_label=&#8221;FR CAD\/Bim&#8221; _builder_version=&#8221;4.18.0&#8243; _module_preset=&#8221;default&#8221; title_text_color=&#8221;#666666&#8243; title_font_size=&#8221;18px&#8221; closed_title_font_size=&#8221;18px&#8221; body_text_color=&#8221;#666666&#8243; body_link_text_color=&#8221;#666666&#8243; background_color=&#8221;rgba(0,0,0,0)&#8221; custom_margin=&#8221;||0px|0px|false|false&#8221; custom_padding=&#8221;|0px||0px|false|false&#8221; border_width_top=&#8221;0px&#8221; border_width_right=&#8221;0px&#8221; border_color_bottom=&#8221;#999999&#8243; border_width_left=&#8221;0px&#8221; global_module=&#8221;232563&#8243; saved_tabs=&#8221;all&#8221; locked=&#8221;off&#8221; global_colors_info=&#8221;{}&#8221;]<\/p>\n<ul>\n<li><a href=\"https:\/\/client-cufmilano.com\/\" target=\"_blank\" rel=\"noopener noreferrer\">Pour t\u00e9l\u00e9charger, inscrivez-vous \u00e0 notre espace r\u00e9serv\u00e9<\/a><\/li>\n<\/ul>\n<p>[\/et_pb_toggle][\/et_pb_column][et_pb_column type=&#8221;1_4&#8243; _builder_version=&#8221;4.16&#8243; _module_preset=&#8221;default&#8221; global_colors_info=&#8221;{}&#8221;][\/et_pb_column][et_pb_column type=&#8221;1_4&#8243; _builder_version=&#8221;4.16&#8243; _module_preset=&#8221;default&#8221; global_colors_info=&#8221;{}&#8221;][\/et_pb_column][\/et_pb_row][\/et_pb_section][et_pb_section fb_built=&#8221;1&#8243; admin_label=&#8221;interesse simile + associati&#8221; _builder_version=&#8221;4.16&#8243; _module_preset=&#8221;default&#8221; custom_margin=&#8221;30px||||false|false&#8221; custom_padding=&#8221;0px||||false|false&#8221; global_module=&#8221;232561&#8243; saved_tabs=&#8221;all&#8221; locked=&#8221;off&#8221; collapsed=&#8221;off&#8221; global_colors_info=&#8221;{}&#8221;][et_pb_row _builder_version=&#8221;4.16&#8243; custom_margin=&#8221;25px||0px||false|false&#8221; custom_padding=&#8221;0px||0px||false|false&#8221; global_colors_info=&#8221;{}&#8221;][et_pb_column type=&#8221;4_4&#8243; _builder_version=&#8221;4.16&#8243; global_colors_info=&#8221;{}&#8221;][et_pb_wc_related_products posts_number=&#8221;5&#8243; columns_number=&#8221;5&#8243; sale_badge_color=&#8221;#ff8439&#8243; icon_hover_color=&#8221;#000000&#8243; _builder_version=&#8221;4.16&#8243; title_font=&#8221;||||||||&#8221; title_text_color=&#8221;#666666&#8243; title_font_size=&#8221;42px&#8221; title_line_height=&#8221;2.1em&#8221; product_title_font=&#8221;||||||||&#8221; product_title_font_size=&#8221;18px&#8221; product_title_line_height=&#8221;1.4em&#8221; price_font=&#8221;Josefin Sans|700|||||||&#8221; price_text_color=&#8221;#ff8439&#8243; price_font_size=&#8221;18px&#8221; sale_badge_font=&#8221;Josefin Sans|700|||||||&#8221; global_colors_info=&#8221;{}&#8221;][\/et_pb_wc_related_products][et_pb_wc_upsells posts_number=&#8221;5&#8243; columns_number=&#8221;5&#8243; sale_badge_color=&#8221;#ff8439&#8243; icon_hover_color=&#8221;#000000&#8243; admin_label=&#8221;Woo Articoli Collegati&#8221; _builder_version=&#8221;4.16&#8243; _module_preset=&#8221;default&#8221; title_font=&#8221;||||||||&#8221; title_text_color=&#8221;#666666&#8243; title_font_size=&#8221;42px&#8221; title_line_height=&#8221;2.1em&#8221; product_title_font=&#8221;||||||||&#8221; product_title_font_size=&#8221;18px&#8221; product_title_line_height=&#8221;1.4em&#8221; price_font=&#8221;Josefin Sans|700|||||||&#8221; price_text_color=&#8221;#ff8439&#8243; price_font_size=&#8221;18px&#8221; sale_badge_font=&#8221;Josefin Sans|700|||||||&#8221; global_colors_info=&#8221;{}&#8221;][\/et_pb_wc_upsells][\/et_pb_column][\/et_pb_row][\/et_pb_section]<\/p>\n","protected":false},"excerpt":{"rendered":"<p><em>La lampada \u00e8 progettata per illuminare un posto di lavoro ed al<\/em><br \/>\n<em>contempo fornire luce ambiente<\/em>.<\/p>\n","protected":false},"featured_media":267540,"comment_status":"closed","ping_status":"closed","template":"","meta":{"_et_pb_use_builder":"on","_et_pb_old_content":"Il flusso luminoso diretto verso il basso utilizza un\u2019ottica asimmetrica orizzontale che direziona il flusso sul piano sottostante.\r\nQuesta soluzione garantisce un comfort visivo ottimale con alta uniformit\u00e0 della luce.\r\n\r\nLa limitazione dell'abbagliamento \u00e8 conforme alla norma DIN EN 12464-1.\r\nEmissione: diretta 30 % - indiretta 70 %. Due le versioni disponibili: Il modello \u201cSmart\u201d ha un dimmer manuale 0\/100 inserito nella struttura e permette accensioni indipendenti della luce diretta ed ambiente.\r\n\r\nIl modello \u201cSensor\u201d associa al dimmer manuale un sensore di presenza e controllo dell\u2019illuminazione in funzione della luce ambiente.\r\nQuesta versione massimizza l\u2019efficienza energetica secondo gli standard pi\u00f9 elevati.\r\n\r\nL\u2019apparecchio \u00e8 disponibile in versione monocromatica (2700K - 3000K - 4000K) con schede Led ad alta efficienza (MacAdam) \u2264 3 SDCM.\r\n\r\n\u00c8 fornita completa di cavo alimentazione cm 300 e spina Schuko.","_et_gb_content_width":""},"product_brand":[],"product_cat":[23],"product_tag":[],"class_list":{"0":"post-267530","1":"product","2":"type-product","3":"status-publish","4":"has-post-thumbnail","6":"product_cat-illuminazione","8":"first","9":"instock","10":"shipping-taxable","11":"purchasable","12":"product-type-simple"},"yoast_head":"<!-- This site is optimized with the Yoast SEO plugin v27.4 - https:\/\/yoast.com\/product\/yoast-seo-wordpress\/ -->\n<title>Office | CUF Milano<\/title>\n<meta name=\"description\" content=\"Scopri Office di CUF Milano. Mobili e arredamento di design. Contattaci per maggiori informazioni.\" \/>\n<meta name=\"robots\" content=\"index, follow, max-snippet:-1, max-image-preview:large, max-video-preview:-1\" \/>\n<link rel=\"canonical\" href=\"https:\/\/www.cufmilano.com\/it\/prodotto\/office\/\" \/>\n<meta property=\"og:locale\" content=\"it_IT\" \/>\n<meta property=\"og:type\" content=\"article\" \/>\n<meta property=\"og:title\" content=\"Office | CUF Milano\" \/>\n<meta property=\"og:description\" content=\"Scopri Office di CUF Milano. Mobili e arredamento di design. Contattaci per maggiori informazioni.\" \/>\n<meta property=\"og:url\" content=\"https:\/\/www.cufmilano.com\/it\/prodotto\/office\/\" \/>\n<meta property=\"og:site_name\" content=\"CUF Milano | Furnishing and Design Office Furniture\" \/>\n<meta property=\"article:modified_time\" content=\"2024-03-13T15:32:19+00:00\" \/>\n<meta property=\"og:image\" content=\"https:\/\/www.cufmilano.com\/wp-content\/uploads\/2023\/12\/office-cufmilano-anteprima.jpg\" \/>\n\t<meta property=\"og:image:width\" content=\"700\" \/>\n\t<meta property=\"og:image:height\" content=\"700\" \/>\n\t<meta property=\"og:image:type\" content=\"image\/jpeg\" \/>\n<meta name=\"twitter:card\" content=\"summary_large_image\" \/>\n<meta name=\"twitter:label1\" content=\"Tempo di lettura stimato\" \/>\n\t<meta name=\"twitter:data1\" content=\"4 minuti\" \/>\n<script type=\"application\/ld+json\" class=\"yoast-schema-graph\">{\"@context\":\"https:\\\/\\\/schema.org\",\"@graph\":[{\"@type\":\"WebPage\",\"@id\":\"https:\\\/\\\/www.cufmilano.com\\\/it\\\/prodotto\\\/office\\\/\",\"url\":\"https:\\\/\\\/www.cufmilano.com\\\/it\\\/prodotto\\\/office\\\/\",\"name\":\"Office | CUF Milano\",\"isPartOf\":{\"@id\":\"https:\\\/\\\/www.cufmilano.com\\\/it\\\/#website\"},\"primaryImageOfPage\":{\"@id\":\"https:\\\/\\\/www.cufmilano.com\\\/it\\\/prodotto\\\/office\\\/#primaryimage\"},\"image\":{\"@id\":\"https:\\\/\\\/www.cufmilano.com\\\/it\\\/prodotto\\\/office\\\/#primaryimage\"},\"thumbnailUrl\":\"https:\\\/\\\/www.cufmilano.com\\\/wp-content\\\/uploads\\\/2023\\\/12\\\/office-cufmilano-anteprima.jpg\",\"datePublished\":\"2023-12-10T23:10:39+00:00\",\"dateModified\":\"2024-03-13T15:32:19+00:00\",\"description\":\"Scopri Office di CUF Milano. Mobili e arredamento di design. Contattaci per maggiori informazioni.\",\"breadcrumb\":{\"@id\":\"https:\\\/\\\/www.cufmilano.com\\\/it\\\/prodotto\\\/office\\\/#breadcrumb\"},\"inLanguage\":\"it-IT\",\"potentialAction\":[{\"@type\":\"ReadAction\",\"target\":[\"https:\\\/\\\/www.cufmilano.com\\\/it\\\/prodotto\\\/office\\\/\"]}]},{\"@type\":\"ImageObject\",\"inLanguage\":\"it-IT\",\"@id\":\"https:\\\/\\\/www.cufmilano.com\\\/it\\\/prodotto\\\/office\\\/#primaryimage\",\"url\":\"https:\\\/\\\/www.cufmilano.com\\\/wp-content\\\/uploads\\\/2023\\\/12\\\/office-cufmilano-anteprima.jpg\",\"contentUrl\":\"https:\\\/\\\/www.cufmilano.com\\\/wp-content\\\/uploads\\\/2023\\\/12\\\/office-cufmilano-anteprima.jpg\",\"width\":700,\"height\":700},{\"@type\":\"BreadcrumbList\",\"@id\":\"https:\\\/\\\/www.cufmilano.com\\\/it\\\/prodotto\\\/office\\\/#breadcrumb\",\"itemListElement\":[{\"@type\":\"ListItem\",\"position\":1,\"name\":\"Home\",\"item\":\"https:\\\/\\\/www.cufmilano.com\\\/it\\\/\"},{\"@type\":\"ListItem\",\"position\":2,\"name\":\"Prodotti\",\"item\":\"https:\\\/\\\/www.cufmilano.com\\\/it\\\/shop\\\/\"},{\"@type\":\"ListItem\",\"position\":3,\"name\":\"Office\"}]},{\"@type\":\"WebSite\",\"@id\":\"https:\\\/\\\/www.cufmilano.com\\\/it\\\/#website\",\"url\":\"https:\\\/\\\/www.cufmilano.com\\\/it\\\/\",\"name\":\"CUF Milano | Furnishing and Design Office Furniture\",\"description\":\"CUF Milano is specialized in the sale and production of design office furniture, chairs, armchairs, cabinets and partitions.\",\"potentialAction\":[{\"@type\":\"SearchAction\",\"target\":{\"@type\":\"EntryPoint\",\"urlTemplate\":\"https:\\\/\\\/www.cufmilano.com\\\/it\\\/?s={search_term_string}\"},\"query-input\":{\"@type\":\"PropertyValueSpecification\",\"valueRequired\":true,\"valueName\":\"search_term_string\"}}],\"inLanguage\":\"it-IT\"}]}<\/script>\n<!-- \/ Yoast SEO plugin. -->","yoast_head_json":{"title":"Office | CUF Milano","description":"Scopri Office di CUF Milano. Mobili e arredamento di design. Contattaci per maggiori informazioni.","robots":{"index":"index","follow":"follow","max-snippet":"max-snippet:-1","max-image-preview":"max-image-preview:large","max-video-preview":"max-video-preview:-1"},"canonical":"https:\/\/www.cufmilano.com\/it\/prodotto\/office\/","og_locale":"it_IT","og_type":"article","og_title":"Office | CUF Milano","og_description":"Scopri Office di CUF Milano. Mobili e arredamento di design. Contattaci per maggiori informazioni.","og_url":"https:\/\/www.cufmilano.com\/it\/prodotto\/office\/","og_site_name":"CUF Milano | Furnishing and Design Office Furniture","article_modified_time":"2024-03-13T15:32:19+00:00","og_image":[{"width":700,"height":700,"url":"https:\/\/www.cufmilano.com\/wp-content\/uploads\/2023\/12\/office-cufmilano-anteprima.jpg","type":"image\/jpeg"}],"twitter_card":"summary_large_image","twitter_misc":{"Tempo di lettura stimato":"4 minuti"},"schema":{"@context":"https:\/\/schema.org","@graph":[{"@type":"WebPage","@id":"https:\/\/www.cufmilano.com\/it\/prodotto\/office\/","url":"https:\/\/www.cufmilano.com\/it\/prodotto\/office\/","name":"Office | CUF Milano","isPartOf":{"@id":"https:\/\/www.cufmilano.com\/it\/#website"},"primaryImageOfPage":{"@id":"https:\/\/www.cufmilano.com\/it\/prodotto\/office\/#primaryimage"},"image":{"@id":"https:\/\/www.cufmilano.com\/it\/prodotto\/office\/#primaryimage"},"thumbnailUrl":"https:\/\/www.cufmilano.com\/wp-content\/uploads\/2023\/12\/office-cufmilano-anteprima.jpg","datePublished":"2023-12-10T23:10:39+00:00","dateModified":"2024-03-13T15:32:19+00:00","description":"Scopri Office di CUF Milano. Mobili e arredamento di design. Contattaci per maggiori informazioni.","breadcrumb":{"@id":"https:\/\/www.cufmilano.com\/it\/prodotto\/office\/#breadcrumb"},"inLanguage":"it-IT","potentialAction":[{"@type":"ReadAction","target":["https:\/\/www.cufmilano.com\/it\/prodotto\/office\/"]}]},{"@type":"ImageObject","inLanguage":"it-IT","@id":"https:\/\/www.cufmilano.com\/it\/prodotto\/office\/#primaryimage","url":"https:\/\/www.cufmilano.com\/wp-content\/uploads\/2023\/12\/office-cufmilano-anteprima.jpg","contentUrl":"https:\/\/www.cufmilano.com\/wp-content\/uploads\/2023\/12\/office-cufmilano-anteprima.jpg","width":700,"height":700},{"@type":"BreadcrumbList","@id":"https:\/\/www.cufmilano.com\/it\/prodotto\/office\/#breadcrumb","itemListElement":[{"@type":"ListItem","position":1,"name":"Home","item":"https:\/\/www.cufmilano.com\/it\/"},{"@type":"ListItem","position":2,"name":"Prodotti","item":"https:\/\/www.cufmilano.com\/it\/shop\/"},{"@type":"ListItem","position":3,"name":"Office"}]},{"@type":"WebSite","@id":"https:\/\/www.cufmilano.com\/it\/#website","url":"https:\/\/www.cufmilano.com\/it\/","name":"CUF Milano | Furnishing and Design Office Furniture","description":"CUF Milano is specialized in the sale and production of design office furniture, chairs, armchairs, cabinets and partitions.","potentialAction":[{"@type":"SearchAction","target":{"@type":"EntryPoint","urlTemplate":"https:\/\/www.cufmilano.com\/it\/?s={search_term_string}"},"query-input":{"@type":"PropertyValueSpecification","valueRequired":true,"valueName":"search_term_string"}}],"inLanguage":"it-IT"}]}},"_links":{"self":[{"href":"https:\/\/www.cufmilano.com\/it\/wp-json\/wp\/v2\/product\/267530","targetHints":{"allow":["GET"]}}],"collection":[{"href":"https:\/\/www.cufmilano.com\/it\/wp-json\/wp\/v2\/product"}],"about":[{"href":"https:\/\/www.cufmilano.com\/it\/wp-json\/wp\/v2\/types\/product"}],"replies":[{"embeddable":true,"href":"https:\/\/www.cufmilano.com\/it\/wp-json\/wp\/v2\/comments?post=267530"}],"wp:featuredmedia":[{"embeddable":true,"href":"https:\/\/www.cufmilano.com\/it\/wp-json\/wp\/v2\/media\/267540"}],"wp:attachment":[{"href":"https:\/\/www.cufmilano.com\/it\/wp-json\/wp\/v2\/media?parent=267530"}],"wp:term":[{"taxonomy":"product_brand","embeddable":true,"href":"https:\/\/www.cufmilano.com\/it\/wp-json\/wp\/v2\/product_brand?post=267530"},{"taxonomy":"product_cat","embeddable":true,"href":"https:\/\/www.cufmilano.com\/it\/wp-json\/wp\/v2\/product_cat?post=267530"},{"taxonomy":"product_tag","embeddable":true,"href":"https:\/\/www.cufmilano.com\/it\/wp-json\/wp\/v2\/product_tag?post=267530"}],"curies":[{"name":"wp","href":"https:\/\/api.w.org\/{rel}","templated":true}]}}